{"id":19533,"date":"2022-08-26T19:34:06","date_gmt":"2022-08-26T17:34:06","guid":{"rendered":"https:\/\/horus.immo\/?post_type=property&#038;p=19533"},"modified":"2024-11-27T16:09:45","modified_gmt":"2024-11-27T15:09:45","slug":"appartement-2-chambres-a-roeser","status":"publish","type":"property","link":"https:\/\/horus.immo\/en\/biens\/appartement-2-chambres-a-roeser\/","title":{"rendered":"Appartement 2 chambres \u00e0 Roeser #0006"},"content":{"rendered":"<p>HORUS Immobilier, vous propose \u00e0 la vente ce magnifique appartement enti\u00e8rement r\u00e9nov\u00e9 en 2018 avec beaucoup de go\u00fbt faisant +\/- 96m\u00b2 au 1er \u00e9tage avec ascenseur d&#8217;une copropri\u00e9t\u00e9 de 16 unit\u00e9s, situ\u00e9 dans la tr\u00e8s calme commune de Roeser.<\/p>\n\n\n\n<p>L&#8217;appartement se compose comme suit:<\/p>\n\n\n\n<p>&#8211; un spacieux, fonctionnel et lumineux open-space +\/-50m\u00b2 (une cuisine \u00e9quip\u00e9e tr\u00e8s design ouverte sur une salle \u00e0 manger et un salon avec acc\u00e8s sur le balcon.<br>&#8211; deux chambres \u00e0 coucher (+\/-21m\u00b2 et +\/-14 m\u00b2)<br>&#8211; une salle de douche avec douche italienne (+\/-6 m\u00b2)<br>&#8211; un WC s\u00e9par\u00e9 (+\/-2m\u00b2)<\/p>\n\n\n\n<p>A l&#8217;appartement vient s&#8217;ajouter : un emplacement int\u00e9rieur, un balcon (+\/-8m\u00b2), une cave (+\/-5m\u00b2) et un emplacement dans la buanderie commune.<\/p>\n\n\n\n<p>Pour toutes informations compl\u00e9mentaires, veuillez contacter Monsieur CAIANO Fabio au num\u00e9ro de t\u00e9l\u00e9phone +352 691 68 68 32 ou bien par e-mail fabio.caiano@horus-immo.lu<\/p>","protected":false},"excerpt":{"rendered":"<p>HORUS Immobilier, vous propose \u00e0 la vente ce magnifique appartement enti\u00e8rement r\u00e9nov\u00e9 en 2018 avec beaucoup de go\u00fbt faisant +\/- 96m\u00b2 au 1er \u00e9tage avec ascenseur d&#8217;une copropri\u00e9t\u00e9 de 16 unit\u00e9s, situ\u00e9 dans la tr\u00e8s calme commune de Roeser. L&#8217;appartement se compose comme suit: &#8211; un spacieux, fonctionnel et lumineux open-space +\/-50m\u00b2 (une cuisine \u00e9quip\u00e9e [&hellip;]<\/p>\n","protected":false},"author":4,"featured_media":19549,"parent":0,"menu_order":0,"template":"","property_type":[93],"property_status":[130],"property_feature":[],"property_label":[],"property_country":[82],"property_state":[],"property_city":[92],"property_area":[],"class_list":["post-19533","property","type-property","status-publish","has-post-thumbnail","hentry","property_type-appartement","property_status-vendu","property_country-luxembourg","property_city-roeser"],"property_meta":{"_edit_lock":["1732720186:4"],"_edit_last":["4"],"fave_property_size":["96"],"fave_property_bedrooms":["2"],"fave_property_bathrooms":["1"],"fave_property_year":["2002"],"fave_property_id":["0006"],"fave_c3a9tage":["1"],"fave_nb-d-c3a9tages":["3"],"fave_property_map":["1"],"fave_property_location":["49.5443509,6.1491568,15"],"houzez_geolocation_lat":["49.5443509"],"houzez_geolocation_long":["6.1491568"],"fave_property_map_street_view":["hide"],"fave_featured":["0"],"fave_loggedintoview":["0"],"fave_agent_display_option":["agent_info"],"fave_prop_homeslider":["no"],"fave_single_top_area":["global"],"fave_single_content_area":["global"],"houzez_manual_expire":["0"],"_houzez_expiration_date_status":["saved"],"_yoast_wpseo_content_score":["90"],"_yoast_wpseo_estimated-reading-time-minutes":["1"],"_yoast_wpseo_wordproof_timestamp":[""],"_yoast_wpseo_primary_property_status":["130"],"_yoast_wpseo_primary_property_city":["92"],"fave_energy_class":["E"],"fave_energy_global_index":["E"],"fave_renewable_energy_global_index":["E"],"houzez_total_property_views":["1070"],"houzez_views_by_date":["a:61:{s:10:\"01-11-2026\";i:1;s:10:\"01-15-2026\";i:1;s:10:\"01-17-2026\";i:3;s:10:\"01-18-2026\";i:1;s:10:\"01-21-2026\";i:1;s:10:\"01-22-2026\";i:1;s:10:\"01-24-2026\";i:1;s:10:\"01-26-2026\";i:1;s:10:\"01-27-2026\";i:3;s:10:\"01-30-2026\";i:4;s:10:\"01-31-2026\";i:1;s:10:\"02-01-2026\";i:1;s:10:\"02-02-2026\";i:3;s:10:\"02-03-2026\";i:3;s:10:\"02-06-2026\";i:1;s:10:\"02-07-2026\";i:1;s:10:\"02-09-2026\";i:2;s:10:\"02-11-2026\";i:4;s:10:\"02-12-2026\";i:3;s:10:\"02-13-2026\";i:2;s:10:\"02-16-2026\";i:2;s:10:\"02-17-2026\";i:1;s:10:\"02-18-2026\";i:2;s:10:\"02-19-2026\";i:2;s:10:\"02-20-2026\";i:1;s:10:\"02-22-2026\";i:2;s:10:\"02-23-2026\";i:2;s:10:\"02-25-2026\";i:3;s:10:\"03-02-2026\";i:1;s:10:\"03-03-2026\";i:1;s:10:\"03-04-2026\";i:1;s:10:\"03-05-2026\";i:3;s:10:\"03-06-2026\";i:4;s:10:\"03-11-2026\";i:1;s:10:\"03-12-2026\";i:7;s:10:\"03-13-2026\";i:2;s:10:\"03-17-2026\";i:4;s:10:\"03-18-2026\";i:1;s:10:\"03-19-2026\";i:1;s:10:\"03-21-2026\";i:4;s:10:\"03-24-2026\";i:1;s:10:\"03-25-2026\";i:1;s:10:\"03-28-2026\";i:2;s:10:\"04-01-2026\";i:2;s:10:\"04-02-2026\";i:1;s:10:\"04-03-2026\";i:1;s:10:\"04-04-2026\";i:3;s:10:\"04-08-2026\";i:1;s:10:\"04-09-2026\";i:2;s:10:\"04-12-2026\";i:1;s:10:\"04-14-2026\";i:1;s:10:\"04-16-2026\";i:1;s:10:\"04-17-2026\";i:1;s:10:\"04-18-2026\";i:1;s:10:\"04-19-2026\";i:3;s:10:\"04-21-2026\";i:4;s:10:\"04-24-2026\";i:1;s:10:\"04-27-2026\";i:1;s:10:\"04-28-2026\";i:2;s:10:\"04-29-2026\";i:2;s:10:\"04-30-2026\";i:2;}"],"houzez_recently_viewed":["2026-04-30 17:04:51"],"fave_property_size_prefix":["m\u00b2"],"_thumbnail_id":["19549"],"fave_agents":["17675"],"fave_property_garage":["1"],"fave_property_map_address":["Roeser, Luxembourg"],"_yoast_wpseo_primary_property_country":["82"],"_yoast_wpseo_primary_property_type":["93"],"fave_show_price_placeholder":["0"],"fave_property_images":["19549","19537","19538","19539","19540","19541","19542","19543","19544","19545","19546","19547","19548"],"_yoast_wpseo_primary_property_feature":[""],"_yoast_wpseo_primary_property_label":[""],"_yoast_wpseo_primary_property_state":[""],"_yoast_wpseo_primary_property_area":[""],"_yoast_wpseo_title":["VENDU - %%title%% %%sep%% %%sitename%%"]},"yoast_head":"<!-- This site is optimized with the Yoast SEO plugin v27.1.1 - https:\/\/yoast.com\/product\/yoast-seo-wordpress\/ -->\n<title>VENDU - Appartement 2 chambres \u00e0 Roeser #0006 | HORUS Immobilier | L&#039;agence des vid\u00e9os de pr\u00e9sentation \ud83c\udfa5\ud83c\udfac<\/title>\n<meta name=\"description\" content=\"HORUS Immobilier, vous propose \u00e0 la vente ce magnifique appartement enti\u00e8rement r\u00e9nov\u00e9 en 2018 avec beaucoup de go\u00fbt faisant +\/- 96m\u00b2 au 1er \u00e9tage avec\" \/>\n<meta name=\"robots\" content=\"index, follow, max-snippet:-1, max-image-preview:large, max-video-preview:-1\" \/>\n<link rel=\"canonical\" href=\"https:\/\/horus.immo\/en\/biens\/appartement-2-chambres-a-roeser\/\" \/>\n<meta property=\"og:locale\" content=\"en_US\" \/>\n<meta property=\"og:type\" content=\"article\" \/>\n<meta property=\"og:title\" content=\"VENDU - Appartement 2 chambres \u00e0 Roeser #0006 | HORUS Immobilier | L&#039;agence des vid\u00e9os de pr\u00e9sentation \ud83c\udfa5\ud83c\udfac\" \/>\n<meta property=\"og:description\" content=\"HORUS Immobilier, vous propose \u00e0 la vente ce magnifique appartement enti\u00e8rement r\u00e9nov\u00e9 en 2018 avec beaucoup de go\u00fbt faisant +\/- 96m\u00b2 au 1er \u00e9tage avec\" \/>\n<meta property=\"og:url\" content=\"https:\/\/horus.immo\/en\/biens\/appartement-2-chambres-a-roeser\/\" \/>\n<meta property=\"og:site_name\" content=\"HORUS Immobilier | L&#039;agence des vid\u00e9os de pr\u00e9sentation \ud83c\udfa5\ud83c\udfac\" \/>\n<meta property=\"article:publisher\" content=\"https:\/\/www.facebook.com\/immohorus\" \/>\n<meta property=\"article:modified_time\" content=\"2024-11-27T15:09:45+00:00\" \/>\n<meta property=\"og:image\" content=\"https:\/\/horus.immo\/wp-content\/uploads\/2022\/08\/0006-ANNONCE-1-VENDU.jpg\" \/>\n\t<meta property=\"og:image:width\" content=\"1620\" \/>\n\t<meta property=\"og:image:height\" content=\"1080\" \/>\n\t<meta property=\"og:image:type\" content=\"image\/jpeg\" \/>\n<meta name=\"twitter:card\" content=\"summary_large_image\" \/>\n<meta name=\"twitter:site\" content=\"@HorusImmobilier\" \/>\n<meta name=\"twitter:label1\" content=\"Est. reading time\" \/>\n\t<meta name=\"twitter:data1\" content=\"1 minute\" \/>\n<script type=\"application\/ld+json\" class=\"yoast-schema-graph\">{\"@context\":\"https:\/\/schema.org\",\"@graph\":[{\"@type\":\"WebPage\",\"@id\":\"https:\/\/horus.immo\/biens\/appartement-2-chambres-a-roeser\/\",\"url\":\"https:\/\/horus.immo\/biens\/appartement-2-chambres-a-roeser\/\",\"name\":\"VENDU - Appartement 2 chambres \u00e0 Roeser #0006 | HORUS Immobilier | L&#039;agence des vid\u00e9os de pr\u00e9sentation \ud83c\udfa5\ud83c\udfac\",\"isPartOf\":{\"@id\":\"https:\/\/horus.immo\/#website\"},\"primaryImageOfPage\":{\"@id\":\"https:\/\/horus.immo\/biens\/appartement-2-chambres-a-roeser\/#primaryimage\"},\"image\":{\"@id\":\"https:\/\/horus.immo\/biens\/appartement-2-chambres-a-roeser\/#primaryimage\"},\"thumbnailUrl\":\"https:\/\/horus.immo\/wp-content\/uploads\/2022\/08\/0006-ANNONCE-1-VENDU.jpg\",\"datePublished\":\"2022-08-26T17:34:06+00:00\",\"dateModified\":\"2024-11-27T15:09:45+00:00\",\"description\":\"HORUS Immobilier, vous propose \u00e0 la vente ce magnifique appartement enti\u00e8rement r\u00e9nov\u00e9 en 2018 avec beaucoup de go\u00fbt faisant +\/- 96m\u00b2 au 1er \u00e9tage avec\",\"breadcrumb\":{\"@id\":\"https:\/\/horus.immo\/biens\/appartement-2-chambres-a-roeser\/#breadcrumb\"},\"inLanguage\":\"en-US\",\"potentialAction\":[{\"@type\":\"ReadAction\",\"target\":[\"https:\/\/horus.immo\/biens\/appartement-2-chambres-a-roeser\/\"]}]},{\"@type\":\"ImageObject\",\"inLanguage\":\"en-US\",\"@id\":\"https:\/\/horus.immo\/biens\/appartement-2-chambres-a-roeser\/#primaryimage\",\"url\":\"https:\/\/horus.immo\/wp-content\/uploads\/2022\/08\/0006-ANNONCE-1-VENDU.jpg\",\"contentUrl\":\"https:\/\/horus.immo\/wp-content\/uploads\/2022\/08\/0006-ANNONCE-1-VENDU.jpg\",\"width\":1620,\"height\":1080},{\"@type\":\"BreadcrumbList\",\"@id\":\"https:\/\/horus.immo\/biens\/appartement-2-chambres-a-roeser\/#breadcrumb\",\"itemListElement\":[{\"@type\":\"ListItem\",\"position\":1,\"name\":\"Accueil\",\"item\":\"https:\/\/horus.immo\/\"},{\"@type\":\"ListItem\",\"position\":2,\"name\":\"Propri\u00e9t\u00e9s\",\"item\":\"https:\/\/horus.immo\/biens\/\"},{\"@type\":\"ListItem\",\"position\":3,\"name\":\"Appartement 2 chambres \u00e0 Roeser #0006\"}]},{\"@type\":\"WebSite\",\"@id\":\"https:\/\/horus.immo\/#website\",\"url\":\"https:\/\/horus.immo\/\",\"name\":\"HORUS Immobilier | L&#039;agence des vid\u00e9os de pr\u00e9sentation \ud83c\udfa5\ud83c\udfac\",\"description\":\"Sp\u00e9cialis\u00e9e dans la vente de maisons \ud83c\udfe0 et appartements \ud83c\udfe2\",\"publisher\":{\"@id\":\"https:\/\/horus.immo\/#organization\"},\"potentialAction\":[{\"@type\":\"SearchAction\",\"target\":{\"@type\":\"EntryPoint\",\"urlTemplate\":\"https:\/\/horus.immo\/?s={search_term_string}\"},\"query-input\":{\"@type\":\"PropertyValueSpecification\",\"valueRequired\":true,\"valueName\":\"search_term_string\"}}],\"inLanguage\":\"en-US\"},{\"@type\":\"Organization\",\"@id\":\"https:\/\/horus.immo\/#organization\",\"name\":\"HORUS Immobilier\",\"url\":\"https:\/\/horus.immo\/\",\"logo\":{\"@type\":\"ImageObject\",\"inLanguage\":\"en-US\",\"@id\":\"https:\/\/horus.immo\/#\/schema\/logo\/image\/\",\"url\":\"https:\/\/horus.immo\/wp-content\/uploads\/2022\/06\/HORUS-IMMOBILIERE-LOGO-200x200px.jpg\",\"contentUrl\":\"https:\/\/horus.immo\/wp-content\/uploads\/2022\/06\/HORUS-IMMOBILIERE-LOGO-200x200px.jpg\",\"width\":200,\"height\":200,\"caption\":\"HORUS Immobilier\"},\"image\":{\"@id\":\"https:\/\/horus.immo\/#\/schema\/logo\/image\/\"},\"sameAs\":[\"https:\/\/www.facebook.com\/immohorus\",\"https:\/\/x.com\/HorusImmobilier\",\"https:\/\/www.instagram.com\/horusimmobilier\/\",\"https:\/\/www.linkedin.com\/company\/horus-immobilier-luxembourg\/\",\"https:\/\/www.youtube.com\/channel\/UCj9DxyuvBSmyxBS8ISZ0mWQ\",\"https:\/\/www.tiktok.com\/@horus_immobilier\"]}]}<\/script>\n<!-- \/ Yoast SEO plugin. -->","yoast_head_json":{"title":"VENDU - Appartement 2 chambres \u00e0 Roeser #0006 | HORUS Immobilier | L&#039;agence des vid\u00e9os de pr\u00e9sentation \ud83c\udfa5\ud83c\udfac","description":"HORUS Immobilier, vous propose \u00e0 la vente ce magnifique appartement enti\u00e8rement r\u00e9nov\u00e9 en 2018 avec beaucoup de go\u00fbt faisant +\/- 96m\u00b2 au 1er \u00e9tage avec","robots":{"index":"index","follow":"follow","max-snippet":"max-snippet:-1","max-image-preview":"max-image-preview:large","max-video-preview":"max-video-preview:-1"},"canonical":"https:\/\/horus.immo\/en\/biens\/appartement-2-chambres-a-roeser\/","og_locale":"en_US","og_type":"article","og_title":"VENDU - Appartement 2 chambres \u00e0 Roeser #0006 | HORUS Immobilier | L&#039;agence des vid\u00e9os de pr\u00e9sentation \ud83c\udfa5\ud83c\udfac","og_description":"HORUS Immobilier, vous propose \u00e0 la vente ce magnifique appartement enti\u00e8rement r\u00e9nov\u00e9 en 2018 avec beaucoup de go\u00fbt faisant +\/- 96m\u00b2 au 1er \u00e9tage avec","og_url":"https:\/\/horus.immo\/en\/biens\/appartement-2-chambres-a-roeser\/","og_site_name":"HORUS Immobilier | L&#039;agence des vid\u00e9os de pr\u00e9sentation \ud83c\udfa5\ud83c\udfac","article_publisher":"https:\/\/www.facebook.com\/immohorus","article_modified_time":"2024-11-27T15:09:45+00:00","og_image":[{"width":1620,"height":1080,"url":"https:\/\/horus.immo\/wp-content\/uploads\/2022\/08\/0006-ANNONCE-1-VENDU.jpg","type":"image\/jpeg"}],"twitter_card":"summary_large_image","twitter_site":"@HorusImmobilier","twitter_misc":{"Est. reading time":"1 minute"},"schema":{"@context":"https:\/\/schema.org","@graph":[{"@type":"WebPage","@id":"https:\/\/horus.immo\/biens\/appartement-2-chambres-a-roeser\/","url":"https:\/\/horus.immo\/biens\/appartement-2-chambres-a-roeser\/","name":"VENDU - Appartement 2 chambres \u00e0 Roeser #0006 | HORUS Immobilier | L&#039;agence des vid\u00e9os de pr\u00e9sentation \ud83c\udfa5\ud83c\udfac","isPartOf":{"@id":"https:\/\/horus.immo\/#website"},"primaryImageOfPage":{"@id":"https:\/\/horus.immo\/biens\/appartement-2-chambres-a-roeser\/#primaryimage"},"image":{"@id":"https:\/\/horus.immo\/biens\/appartement-2-chambres-a-roeser\/#primaryimage"},"thumbnailUrl":"https:\/\/horus.immo\/wp-content\/uploads\/2022\/08\/0006-ANNONCE-1-VENDU.jpg","datePublished":"2022-08-26T17:34:06+00:00","dateModified":"2024-11-27T15:09:45+00:00","description":"HORUS Immobilier, vous propose \u00e0 la vente ce magnifique appartement enti\u00e8rement r\u00e9nov\u00e9 en 2018 avec beaucoup de go\u00fbt faisant +\/- 96m\u00b2 au 1er \u00e9tage avec","breadcrumb":{"@id":"https:\/\/horus.immo\/biens\/appartement-2-chambres-a-roeser\/#breadcrumb"},"inLanguage":"en-US","potentialAction":[{"@type":"ReadAction","target":["https:\/\/horus.immo\/biens\/appartement-2-chambres-a-roeser\/"]}]},{"@type":"ImageObject","inLanguage":"en-US","@id":"https:\/\/horus.immo\/biens\/appartement-2-chambres-a-roeser\/#primaryimage","url":"https:\/\/horus.immo\/wp-content\/uploads\/2022\/08\/0006-ANNONCE-1-VENDU.jpg","contentUrl":"https:\/\/horus.immo\/wp-content\/uploads\/2022\/08\/0006-ANNONCE-1-VENDU.jpg","width":1620,"height":1080},{"@type":"BreadcrumbList","@id":"https:\/\/horus.immo\/biens\/appartement-2-chambres-a-roeser\/#breadcrumb","itemListElement":[{"@type":"ListItem","position":1,"name":"Accueil","item":"https:\/\/horus.immo\/"},{"@type":"ListItem","position":2,"name":"Propri\u00e9t\u00e9s","item":"https:\/\/horus.immo\/biens\/"},{"@type":"ListItem","position":3,"name":"Appartement 2 chambres \u00e0 Roeser #0006"}]},{"@type":"WebSite","@id":"https:\/\/horus.immo\/#website","url":"https:\/\/horus.immo\/","name":"HORUS Immobilier | L&#039;agence des vid\u00e9os de pr\u00e9sentation \ud83c\udfa5\ud83c\udfac","description":"Sp\u00e9cialis\u00e9e dans la vente de maisons \ud83c\udfe0 et appartements \ud83c\udfe2","publisher":{"@id":"https:\/\/horus.immo\/#organization"},"potentialAction":[{"@type":"SearchAction","target":{"@type":"EntryPoint","urlTemplate":"https:\/\/horus.immo\/?s={search_term_string}"},"query-input":{"@type":"PropertyValueSpecification","valueRequired":true,"valueName":"search_term_string"}}],"inLanguage":"en-US"},{"@type":"Organization","@id":"https:\/\/horus.immo\/#organization","name":"HORUS Immobilier","url":"https:\/\/horus.immo\/","logo":{"@type":"ImageObject","inLanguage":"en-US","@id":"https:\/\/horus.immo\/#\/schema\/logo\/image\/","url":"https:\/\/horus.immo\/wp-content\/uploads\/2022\/06\/HORUS-IMMOBILIERE-LOGO-200x200px.jpg","contentUrl":"https:\/\/horus.immo\/wp-content\/uploads\/2022\/06\/HORUS-IMMOBILIERE-LOGO-200x200px.jpg","width":200,"height":200,"caption":"HORUS Immobilier"},"image":{"@id":"https:\/\/horus.immo\/#\/schema\/logo\/image\/"},"sameAs":["https:\/\/www.facebook.com\/immohorus","https:\/\/x.com\/HorusImmobilier","https:\/\/www.instagram.com\/horusimmobilier\/","https:\/\/www.linkedin.com\/company\/horus-immobilier-luxembourg\/","https:\/\/www.youtube.com\/channel\/UCj9DxyuvBSmyxBS8ISZ0mWQ","https:\/\/www.tiktok.com\/@horus_immobilier"]}]}},"_links":{"self":[{"href":"https:\/\/horus.immo\/en\/wp-json\/wp\/v2\/properties\/19533","targetHints":{"allow":["GET"]}}],"collection":[{"href":"https:\/\/horus.immo\/en\/wp-json\/wp\/v2\/properties"}],"about":[{"href":"https:\/\/horus.immo\/en\/wp-json\/wp\/v2\/types\/property"}],"author":[{"embeddable":true,"href":"https:\/\/horus.immo\/en\/wp-json\/wp\/v2\/users\/4"}],"version-history":[{"count":2,"href":"https:\/\/horus.immo\/en\/wp-json\/wp\/v2\/properties\/19533\/revisions"}],"predecessor-version":[{"id":19550,"href":"https:\/\/horus.immo\/en\/wp-json\/wp\/v2\/properties\/19533\/revisions\/19550"}],"wp:featuredmedia":[{"embeddable":true,"href":"https:\/\/horus.immo\/en\/wp-json\/wp\/v2\/media\/19549"}],"wp:attachment":[{"href":"https:\/\/horus.immo\/en\/wp-json\/wp\/v2\/media?parent=19533"}],"wp:term":[{"taxonomy":"property_type","embeddable":true,"href":"https:\/\/horus.immo\/en\/wp-json\/wp\/v2\/property_type?post=19533"},{"taxonomy":"property_status","embeddable":true,"href":"https:\/\/horus.immo\/en\/wp-json\/wp\/v2\/property_status?post=19533"},{"taxonomy":"property_feature","embeddable":true,"href":"https:\/\/horus.immo\/en\/wp-json\/wp\/v2\/property_feature?post=19533"},{"taxonomy":"property_label","embeddable":true,"href":"https:\/\/horus.immo\/en\/wp-json\/wp\/v2\/property_label?post=19533"},{"taxonomy":"property_country","embeddable":true,"href":"https:\/\/horus.immo\/en\/wp-json\/wp\/v2\/property_country?post=19533"},{"taxonomy":"property_state","embeddable":true,"href":"https:\/\/horus.immo\/en\/wp-json\/wp\/v2\/property_state?post=19533"},{"taxonomy":"property_city","embeddable":true,"href":"https:\/\/horus.immo\/en\/wp-json\/wp\/v2\/property_city?post=19533"},{"taxonomy":"property_area","embeddable":true,"href":"https:\/\/horus.immo\/en\/wp-json\/wp\/v2\/property_area?post=19533"}],"curies":[{"name":"wp","href":"https:\/\/api.w.org\/{rel}","templated":true}]}}