{"id":22562,"date":"2023-03-10T11:14:30","date_gmt":"2023-03-10T10:14:30","guid":{"rendered":"https:\/\/horus.immo\/?post_type=property&#038;p=22562"},"modified":"2024-11-27T15:59:16","modified_gmt":"2024-11-27T14:59:16","slug":"a-vendre-appartement-duplex-3-chambres-a-sanem-0158","status":"publish","type":"property","link":"https:\/\/horus.immo\/en\/biens\/a-vendre-appartement-duplex-3-chambres-a-sanem-0158\/","title":{"rendered":"Duplex 3 chambres \u00e0 Sanem #0158"},"content":{"rendered":"<p>HORUS Immobilier, vous propose \u00e0 la vente cet appartement \/ duplex de 3 chambres faisant +\/-120m\u00b2, situ\u00e9 au 1er \u00e9tage d&#8217;une r\u00e9sidence de 4 unit\u00e9s de 2010, \u00e0 Sanem.<\/p>\n\n\n\n<p>L&#8217;appartement se compose comme suit :<br>&#8211; Un hall d\u2019entr\u00e9e avec dressing sur mesure<br>&#8211; Une cuisine \u00e9quip\u00e9e ouverte sur le salon \/ salle \u00e0 manger avec acc\u00e8s sur le balcon<br>&#8211; Une chambre \u00e0 coucher<br>\u2013 A separate toilet<br>&#8211; Un d\u00e9barras<\/p>\n\n\n\n<p>\u00c0 l&#8217;\u00e9tage :<br>&#8211; Deux chambres \u00e0 coucher avec acc\u00e8s sur la terrasse<br>\u2013 A shower room<\/p>\n\n\n\n<p>Completes this property :<br>&#8211; Un balcon orient\u00e9 nord<br>&#8211; Une terrasse orient\u00e9e sud<br>&#8211; Deux emplacements de parking int\u00e9rieur<br>&#8211; Une cave privative avec espace buanderie<br>&#8211; Un jardin commun<\/p>\n\n\n\n<p>For any further information, please contact:<br>M. <strong>Marco MORAIS<\/strong><br><img decoding=\"async\" height=\"16\" width=\"16\" src=\"https:\/\/static.xx.fbcdn.net\/images\/emoji.php\/v9\/tf6\/2\/16\/1f4f1.png\" alt=\"\ud83d\udcf1\">(+352) <strong>691 848 555<\/strong><br><img decoding=\"async\" height=\"16\" width=\"16\" src=\"https:\/\/static.xx.fbcdn.net\/images\/emoji.php\/v9\/t5d\/2\/16\/1f4e7.png\" alt=\"\ud83d\udce7\"> <strong>marco.morais@horus-immo.lu<\/strong><\/p>","protected":false},"excerpt":{"rendered":"<p>HORUS Immobilier, vous propose \u00e0 la vente cet appartement \/ duplex de 3 chambres faisant +\/-120m\u00b2, situ\u00e9 au 1er \u00e9tage d&#8217;une r\u00e9sidence de 4 unit\u00e9s de 2010, \u00e0 Sanem. L&#8217;appartement se compose comme suit :&#8211; Un hall d\u2019entr\u00e9e avec dressing sur mesure&#8211; Une cuisine \u00e9quip\u00e9e ouverte sur le salon \/ salle \u00e0 manger avec acc\u00e8s [&hellip;]<\/p>\n","protected":false},"author":4,"featured_media":25174,"parent":0,"menu_order":0,"template":"","property_type":[93],"property_status":[130],"property_feature":[160,163,108,177,111,112,144,99,123,135,109,114,169,98,159,116,107,102],"property_label":[],"property_country":[82],"property_state":[],"property_city":[224],"property_area":[],"class_list":["post-22562","property","type-property","status-publish","has-post-thumbnail","hentry","property_type-appartement","property_status-vendu","property_feature-animaux-acceptes","property_feature-ascenseur","property_feature-balcon","property_feature-beton","property_feature-buanderie","property_feature-cave","property_feature-double-vitrage","property_feature-eau-chaude-collective","property_feature-parking-interieur","property_feature-chauffage-gaz","property_feature-jardin","property_feature-nord","property_feature-parlophone","property_feature-radiateurs","property_feature-renove","property_feature-sud","property_feature-terrasse","property_feature-volets-electriques","property_country-luxembourg","property_city-sanem"],"property_meta":{"_edit_lock":["1732719558:4"],"_edit_last":["4"],"fave_property_map":["1"],"fave_property_location":["49.5475636,5.9300044,15"],"houzez_geolocation_lat":["49.5475636"],"houzez_geolocation_long":["5.9300044"],"fave_property_map_street_view":["hide"],"fave_featured":["0"],"fave_loggedintoview":["0"],"fave_agent_display_option":["agent_info"],"fave_prop_homeslider":["no"],"fave_single_top_area":["global"],"fave_single_content_area":["global"],"houzez_manual_expire":["0"],"_houzez_expiration_date_status":["saved"],"_yoast_wpseo_content_score":["90"],"_yoast_wpseo_estimated-reading-time-minutes":["2"],"_yoast_wpseo_wordproof_timestamp":[""],"fave_property_size":["120"],"fave_property_size_prefix":["m\u00b2"],"fave_property_land":["68.94"],"fave_property_bedrooms":["3"],"fave_property_bathrooms":["1"],"fave_property_garage":["2"],"fave_property_year":["2010"],"fave_c3a9tage":["1"],"_yoast_wpseo_primary_property_type":["93"],"_yoast_wpseo_primary_property_status":["130"],"fave_property_land_postfix":["ares"],"fave_property_map_address":["Sanem, Luxembourg"],"fave_video_url":["https:\/\/www.youtube.com\/watch?v=Nii2vLqcisg"],"_thumbnail_id":["25174"],"_yoast_wpseo_primary_property_country":["82"],"_yoast_wpseo_primary_property_city":["224"],"fave_agents":["18303"],"fave_energy_class":["E"],"fave_energy_global_index":["E"],"fave_renewable_energy_global_index":["E"],"_yoast_wpseo_title":["VENDU - Appartement \/ Duplex 3 ch. \u00e0 Vendre \u00e0 Sanem %%sep%% %%sitename%%"],"fave_property_id":["0158"],"fave_charges-mensuelles":["300 \u20ac"],"_yoast_wpseo_primary_property_feature":["99"],"houzez_total_property_views":["1982"],"houzez_views_by_date":["a:61:{s:10:\"01-22-2026\";i:2;s:10:\"01-23-2026\";i:2;s:10:\"01-24-2026\";i:1;s:10:\"01-25-2026\";i:1;s:10:\"01-27-2026\";i:3;s:10:\"01-28-2026\";i:1;s:10:\"01-29-2026\";i:2;s:10:\"01-30-2026\";i:1;s:10:\"01-31-2026\";i:1;s:10:\"02-06-2026\";i:4;s:10:\"02-07-2026\";i:4;s:10:\"02-11-2026\";i:1;s:10:\"02-12-2026\";i:3;s:10:\"02-13-2026\";i:4;s:10:\"02-14-2026\";i:3;s:10:\"02-15-2026\";i:1;s:10:\"02-17-2026\";i:1;s:10:\"02-19-2026\";i:2;s:10:\"02-20-2026\";i:1;s:10:\"02-21-2026\";i:3;s:10:\"02-22-2026\";i:1;s:10:\"02-23-2026\";i:3;s:10:\"02-24-2026\";i:1;s:10:\"02-25-2026\";i:3;s:10:\"02-28-2026\";i:2;s:10:\"03-02-2026\";i:2;s:10:\"03-04-2026\";i:2;s:10:\"03-05-2026\";i:2;s:10:\"03-06-2026\";i:2;s:10:\"03-10-2026\";i:2;s:10:\"03-11-2026\";i:2;s:10:\"03-12-2026\";i:2;s:10:\"03-13-2026\";i:3;s:10:\"03-17-2026\";i:5;s:10:\"03-19-2026\";i:1;s:10:\"03-20-2026\";i:2;s:10:\"03-21-2026\";i:2;s:10:\"03-24-2026\";i:5;s:10:\"03-25-2026\";i:2;s:10:\"03-26-2026\";i:2;s:10:\"03-27-2026\";i:3;s:10:\"03-28-2026\";i:1;s:10:\"03-31-2026\";i:1;s:10:\"04-01-2026\";i:3;s:10:\"04-02-2026\";i:1;s:10:\"04-03-2026\";i:3;s:10:\"04-05-2026\";i:1;s:10:\"04-10-2026\";i:1;s:10:\"04-11-2026\";i:1;s:10:\"04-12-2026\";i:1;s:10:\"04-14-2026\";i:2;s:10:\"04-15-2026\";i:1;s:10:\"04-16-2026\";i:4;s:10:\"04-18-2026\";i:1;s:10:\"04-19-2026\";i:4;s:10:\"04-21-2026\";i:3;s:10:\"04-22-2026\";i:3;s:10:\"04-23-2026\";i:1;s:10:\"04-25-2026\";i:1;s:10:\"04-27-2026\";i:3;s:10:\"04-29-2026\";i:4;}"],"houzez_recently_viewed":["2026-04-29 12:44:29"],"_yoast_wpseo_primary_property_label":[""],"_yoast_wpseo_primary_property_state":[""],"_yoast_wpseo_primary_property_area":[""],"fave_show_price_placeholder":["0"],"fave_disponibilitc3a9":["\u00c0 convenir"],"fave_property_images":["25174","22567","22568","22569","22570","22571","22572","22573","22574","22575","22576","22577","22578","22579","22580","22581"],"_elementor_page_assets":["a:0:{}"]},"yoast_head":"<!-- This site is optimized with the Yoast SEO plugin v27.1.1 - https:\/\/yoast.com\/product\/yoast-seo-wordpress\/ -->\n<title>VENDU - Appartement \/ Duplex 3 ch. \u00e0 Vendre \u00e0 Sanem | HORUS Immobilier | L&#039;agence des vid\u00e9os de pr\u00e9sentation \ud83c\udfa5\ud83c\udfac<\/title>\n<meta name=\"description\" content=\"HORUS Immobilier, vous propose \u00e0 la vente cet appartement \/ duplex de 3 chambres faisant +\/-120m\u00b2, situ\u00e9 au 1er \u00e9tage d&#039;une r\u00e9sidence de 4 unit\u00e9s de 2010,\" \/>\n<meta name=\"robots\" content=\"index, follow, max-snippet:-1, max-image-preview:large, max-video-preview:-1\" \/>\n<link rel=\"canonical\" href=\"https:\/\/horus.immo\/en\/biens\/a-vendre-appartement-duplex-3-chambres-a-sanem-0158\/\" \/>\n<meta property=\"og:locale\" content=\"en_US\" \/>\n<meta property=\"og:type\" content=\"article\" \/>\n<meta property=\"og:title\" content=\"VENDU - Appartement \/ Duplex 3 ch. \u00e0 Vendre \u00e0 Sanem | HORUS Immobilier | L&#039;agence des vid\u00e9os de pr\u00e9sentation \ud83c\udfa5\ud83c\udfac\" \/>\n<meta property=\"og:description\" content=\"HORUS Immobilier, vous propose \u00e0 la vente cet appartement \/ duplex de 3 chambres faisant +\/-120m\u00b2, situ\u00e9 au 1er \u00e9tage d&#039;une r\u00e9sidence de 4 unit\u00e9s de 2010,\" \/>\n<meta property=\"og:url\" content=\"https:\/\/horus.immo\/en\/biens\/a-vendre-appartement-duplex-3-chambres-a-sanem-0158\/\" \/>\n<meta property=\"og:site_name\" content=\"HORUS Immobilier | L&#039;agence des vid\u00e9os de pr\u00e9sentation \ud83c\udfa5\ud83c\udfac\" \/>\n<meta property=\"article:publisher\" content=\"https:\/\/www.facebook.com\/immohorus\" \/>\n<meta property=\"article:modified_time\" content=\"2024-11-27T14:59:16+00:00\" \/>\n<meta property=\"og:image\" content=\"https:\/\/horus.immo\/wp-content\/uploads\/2023\/03\/0158-Duplex-Appartement-3-chambres-a-vendre-a-sanem-1-VENDU.jpg\" \/>\n\t<meta property=\"og:image:width\" content=\"1621\" \/>\n\t<meta property=\"og:image:height\" content=\"1081\" \/>\n\t<meta property=\"og:image:type\" content=\"image\/jpeg\" \/>\n<meta name=\"twitter:card\" content=\"summary_large_image\" \/>\n<meta name=\"twitter:site\" content=\"@HorusImmobilier\" \/>\n<meta name=\"twitter:label1\" content=\"Est. reading time\" \/>\n\t<meta name=\"twitter:data1\" content=\"2 minutes\" \/>\n<script type=\"application\/ld+json\" class=\"yoast-schema-graph\">{\"@context\":\"https:\/\/schema.org\",\"@graph\":[{\"@type\":\"WebPage\",\"@id\":\"https:\/\/horus.immo\/biens\/a-vendre-appartement-duplex-3-chambres-a-sanem-0158\/\",\"url\":\"https:\/\/horus.immo\/biens\/a-vendre-appartement-duplex-3-chambres-a-sanem-0158\/\",\"name\":\"VENDU - Appartement \/ Duplex 3 ch. \u00e0 Vendre \u00e0 Sanem | HORUS Immobilier | L&#039;agence des vid\u00e9os de pr\u00e9sentation \ud83c\udfa5\ud83c\udfac\",\"isPartOf\":{\"@id\":\"https:\/\/horus.immo\/#website\"},\"primaryImageOfPage\":{\"@id\":\"https:\/\/horus.immo\/biens\/a-vendre-appartement-duplex-3-chambres-a-sanem-0158\/#primaryimage\"},\"image\":{\"@id\":\"https:\/\/horus.immo\/biens\/a-vendre-appartement-duplex-3-chambres-a-sanem-0158\/#primaryimage\"},\"thumbnailUrl\":\"https:\/\/horus.immo\/wp-content\/uploads\/2023\/03\/0158-Duplex-Appartement-3-chambres-a-vendre-a-sanem-1-VENDU.jpg\",\"datePublished\":\"2023-03-10T10:14:30+00:00\",\"dateModified\":\"2024-11-27T14:59:16+00:00\",\"description\":\"HORUS Immobilier, vous propose \u00e0 la vente cet appartement \/ duplex de 3 chambres faisant +\/-120m\u00b2, situ\u00e9 au 1er \u00e9tage d'une r\u00e9sidence de 4 unit\u00e9s de 2010,\",\"breadcrumb\":{\"@id\":\"https:\/\/horus.immo\/biens\/a-vendre-appartement-duplex-3-chambres-a-sanem-0158\/#breadcrumb\"},\"inLanguage\":\"en-US\",\"potentialAction\":[{\"@type\":\"ReadAction\",\"target\":[\"https:\/\/horus.immo\/biens\/a-vendre-appartement-duplex-3-chambres-a-sanem-0158\/\"]}]},{\"@type\":\"ImageObject\",\"inLanguage\":\"en-US\",\"@id\":\"https:\/\/horus.immo\/biens\/a-vendre-appartement-duplex-3-chambres-a-sanem-0158\/#primaryimage\",\"url\":\"https:\/\/horus.immo\/wp-content\/uploads\/2023\/03\/0158-Duplex-Appartement-3-chambres-a-vendre-a-sanem-1-VENDU.jpg\",\"contentUrl\":\"https:\/\/horus.immo\/wp-content\/uploads\/2023\/03\/0158-Duplex-Appartement-3-chambres-a-vendre-a-sanem-1-VENDU.jpg\",\"width\":1621,\"height\":1081},{\"@type\":\"BreadcrumbList\",\"@id\":\"https:\/\/horus.immo\/biens\/a-vendre-appartement-duplex-3-chambres-a-sanem-0158\/#breadcrumb\",\"itemListElement\":[{\"@type\":\"ListItem\",\"position\":1,\"name\":\"Accueil\",\"item\":\"https:\/\/horus.immo\/\"},{\"@type\":\"ListItem\",\"position\":2,\"name\":\"Propri\u00e9t\u00e9s\",\"item\":\"https:\/\/horus.immo\/biens\/\"},{\"@type\":\"ListItem\",\"position\":3,\"name\":\"Duplex 3 chambres \u00e0 Sanem #0158\"}]},{\"@type\":\"WebSite\",\"@id\":\"https:\/\/horus.immo\/#website\",\"url\":\"https:\/\/horus.immo\/\",\"name\":\"HORUS Immobilier | L&#039;agence des vid\u00e9os de pr\u00e9sentation \ud83c\udfa5\ud83c\udfac\",\"description\":\"Sp\u00e9cialis\u00e9e dans la vente de maisons \ud83c\udfe0 et appartements \ud83c\udfe2\",\"publisher\":{\"@id\":\"https:\/\/horus.immo\/#organization\"},\"potentialAction\":[{\"@type\":\"SearchAction\",\"target\":{\"@type\":\"EntryPoint\",\"urlTemplate\":\"https:\/\/horus.immo\/?s={search_term_string}\"},\"query-input\":{\"@type\":\"PropertyValueSpecification\",\"valueRequired\":true,\"valueName\":\"search_term_string\"}}],\"inLanguage\":\"en-US\"},{\"@type\":\"Organization\",\"@id\":\"https:\/\/horus.immo\/#organization\",\"name\":\"HORUS Immobilier\",\"url\":\"https:\/\/horus.immo\/\",\"logo\":{\"@type\":\"ImageObject\",\"inLanguage\":\"en-US\",\"@id\":\"https:\/\/horus.immo\/#\/schema\/logo\/image\/\",\"url\":\"https:\/\/horus.immo\/wp-content\/uploads\/2022\/06\/HORUS-IMMOBILIERE-LOGO-200x200px.jpg\",\"contentUrl\":\"https:\/\/horus.immo\/wp-content\/uploads\/2022\/06\/HORUS-IMMOBILIERE-LOGO-200x200px.jpg\",\"width\":200,\"height\":200,\"caption\":\"HORUS Immobilier\"},\"image\":{\"@id\":\"https:\/\/horus.immo\/#\/schema\/logo\/image\/\"},\"sameAs\":[\"https:\/\/www.facebook.com\/immohorus\",\"https:\/\/x.com\/HorusImmobilier\",\"https:\/\/www.instagram.com\/horusimmobilier\/\",\"https:\/\/www.linkedin.com\/company\/horus-immobilier-luxembourg\/\",\"https:\/\/www.youtube.com\/channel\/UCj9DxyuvBSmyxBS8ISZ0mWQ\",\"https:\/\/www.tiktok.com\/@horus_immobilier\"]}]}<\/script>\n<!-- \/ Yoast SEO plugin. -->","yoast_head_json":{"title":"VENDU - Appartement \/ Duplex 3 ch. \u00e0 Vendre \u00e0 Sanem | HORUS Immobilier | L&#039;agence des vid\u00e9os de pr\u00e9sentation \ud83c\udfa5\ud83c\udfac","description":"HORUS Immobilier, vous propose \u00e0 la vente cet appartement \/ duplex de 3 chambres faisant +\/-120m\u00b2, situ\u00e9 au 1er \u00e9tage d'une r\u00e9sidence de 4 unit\u00e9s de 2010,","robots":{"index":"index","follow":"follow","max-snippet":"max-snippet:-1","max-image-preview":"max-image-preview:large","max-video-preview":"max-video-preview:-1"},"canonical":"https:\/\/horus.immo\/en\/biens\/a-vendre-appartement-duplex-3-chambres-a-sanem-0158\/","og_locale":"en_US","og_type":"article","og_title":"VENDU - Appartement \/ Duplex 3 ch. \u00e0 Vendre \u00e0 Sanem | HORUS Immobilier | L&#039;agence des vid\u00e9os de pr\u00e9sentation \ud83c\udfa5\ud83c\udfac","og_description":"HORUS Immobilier, vous propose \u00e0 la vente cet appartement \/ duplex de 3 chambres faisant +\/-120m\u00b2, situ\u00e9 au 1er \u00e9tage d'une r\u00e9sidence de 4 unit\u00e9s de 2010,","og_url":"https:\/\/horus.immo\/en\/biens\/a-vendre-appartement-duplex-3-chambres-a-sanem-0158\/","og_site_name":"HORUS Immobilier | L&#039;agence des vid\u00e9os de pr\u00e9sentation \ud83c\udfa5\ud83c\udfac","article_publisher":"https:\/\/www.facebook.com\/immohorus","article_modified_time":"2024-11-27T14:59:16+00:00","og_image":[{"width":1621,"height":1081,"url":"https:\/\/horus.immo\/wp-content\/uploads\/2023\/03\/0158-Duplex-Appartement-3-chambres-a-vendre-a-sanem-1-VENDU.jpg","type":"image\/jpeg"}],"twitter_card":"summary_large_image","twitter_site":"@HorusImmobilier","twitter_misc":{"Est. reading time":"2 minutes"},"schema":{"@context":"https:\/\/schema.org","@graph":[{"@type":"WebPage","@id":"https:\/\/horus.immo\/biens\/a-vendre-appartement-duplex-3-chambres-a-sanem-0158\/","url":"https:\/\/horus.immo\/biens\/a-vendre-appartement-duplex-3-chambres-a-sanem-0158\/","name":"VENDU - Appartement \/ Duplex 3 ch. \u00e0 Vendre \u00e0 Sanem | HORUS Immobilier | L&#039;agence des vid\u00e9os de pr\u00e9sentation \ud83c\udfa5\ud83c\udfac","isPartOf":{"@id":"https:\/\/horus.immo\/#website"},"primaryImageOfPage":{"@id":"https:\/\/horus.immo\/biens\/a-vendre-appartement-duplex-3-chambres-a-sanem-0158\/#primaryimage"},"image":{"@id":"https:\/\/horus.immo\/biens\/a-vendre-appartement-duplex-3-chambres-a-sanem-0158\/#primaryimage"},"thumbnailUrl":"https:\/\/horus.immo\/wp-content\/uploads\/2023\/03\/0158-Duplex-Appartement-3-chambres-a-vendre-a-sanem-1-VENDU.jpg","datePublished":"2023-03-10T10:14:30+00:00","dateModified":"2024-11-27T14:59:16+00:00","description":"HORUS Immobilier, vous propose \u00e0 la vente cet appartement \/ duplex de 3 chambres faisant +\/-120m\u00b2, situ\u00e9 au 1er \u00e9tage d'une r\u00e9sidence de 4 unit\u00e9s de 2010,","breadcrumb":{"@id":"https:\/\/horus.immo\/biens\/a-vendre-appartement-duplex-3-chambres-a-sanem-0158\/#breadcrumb"},"inLanguage":"en-US","potentialAction":[{"@type":"ReadAction","target":["https:\/\/horus.immo\/biens\/a-vendre-appartement-duplex-3-chambres-a-sanem-0158\/"]}]},{"@type":"ImageObject","inLanguage":"en-US","@id":"https:\/\/horus.immo\/biens\/a-vendre-appartement-duplex-3-chambres-a-sanem-0158\/#primaryimage","url":"https:\/\/horus.immo\/wp-content\/uploads\/2023\/03\/0158-Duplex-Appartement-3-chambres-a-vendre-a-sanem-1-VENDU.jpg","contentUrl":"https:\/\/horus.immo\/wp-content\/uploads\/2023\/03\/0158-Duplex-Appartement-3-chambres-a-vendre-a-sanem-1-VENDU.jpg","width":1621,"height":1081},{"@type":"BreadcrumbList","@id":"https:\/\/horus.immo\/biens\/a-vendre-appartement-duplex-3-chambres-a-sanem-0158\/#breadcrumb","itemListElement":[{"@type":"ListItem","position":1,"name":"Accueil","item":"https:\/\/horus.immo\/"},{"@type":"ListItem","position":2,"name":"Propri\u00e9t\u00e9s","item":"https:\/\/horus.immo\/biens\/"},{"@type":"ListItem","position":3,"name":"Duplex 3 chambres \u00e0 Sanem #0158"}]},{"@type":"WebSite","@id":"https:\/\/horus.immo\/#website","url":"https:\/\/horus.immo\/","name":"HORUS Immobilier | L&#039;agence des vid\u00e9os de pr\u00e9sentation \ud83c\udfa5\ud83c\udfac","description":"Sp\u00e9cialis\u00e9e dans la vente de maisons \ud83c\udfe0 et appartements \ud83c\udfe2","publisher":{"@id":"https:\/\/horus.immo\/#organization"},"potentialAction":[{"@type":"SearchAction","target":{"@type":"EntryPoint","urlTemplate":"https:\/\/horus.immo\/?s={search_term_string}"},"query-input":{"@type":"PropertyValueSpecification","valueRequired":true,"valueName":"search_term_string"}}],"inLanguage":"en-US"},{"@type":"Organization","@id":"https:\/\/horus.immo\/#organization","name":"HORUS Immobilier","url":"https:\/\/horus.immo\/","logo":{"@type":"ImageObject","inLanguage":"en-US","@id":"https:\/\/horus.immo\/#\/schema\/logo\/image\/","url":"https:\/\/horus.immo\/wp-content\/uploads\/2022\/06\/HORUS-IMMOBILIERE-LOGO-200x200px.jpg","contentUrl":"https:\/\/horus.immo\/wp-content\/uploads\/2022\/06\/HORUS-IMMOBILIERE-LOGO-200x200px.jpg","width":200,"height":200,"caption":"HORUS Immobilier"},"image":{"@id":"https:\/\/horus.immo\/#\/schema\/logo\/image\/"},"sameAs":["https:\/\/www.facebook.com\/immohorus","https:\/\/x.com\/HorusImmobilier","https:\/\/www.instagram.com\/horusimmobilier\/","https:\/\/www.linkedin.com\/company\/horus-immobilier-luxembourg\/","https:\/\/www.youtube.com\/channel\/UCj9DxyuvBSmyxBS8ISZ0mWQ","https:\/\/www.tiktok.com\/@horus_immobilier"]}]}},"_links":{"self":[{"href":"https:\/\/horus.immo\/en\/wp-json\/wp\/v2\/properties\/22562","targetHints":{"allow":["GET"]}}],"collection":[{"href":"https:\/\/horus.immo\/en\/wp-json\/wp\/v2\/properties"}],"about":[{"href":"https:\/\/horus.immo\/en\/wp-json\/wp\/v2\/types\/property"}],"author":[{"embeddable":true,"href":"https:\/\/horus.immo\/en\/wp-json\/wp\/v2\/users\/4"}],"version-history":[{"count":10,"href":"https:\/\/horus.immo\/en\/wp-json\/wp\/v2\/properties\/22562\/revisions"}],"predecessor-version":[{"id":22591,"href":"https:\/\/horus.immo\/en\/wp-json\/wp\/v2\/properties\/22562\/revisions\/22591"}],"wp:featuredmedia":[{"embeddable":true,"href":"https:\/\/horus.immo\/en\/wp-json\/wp\/v2\/media\/25174"}],"wp:attachment":[{"href":"https:\/\/horus.immo\/en\/wp-json\/wp\/v2\/media?parent=22562"}],"wp:term":[{"taxonomy":"property_type","embeddable":true,"href":"https:\/\/horus.immo\/en\/wp-json\/wp\/v2\/property_type?post=22562"},{"taxonomy":"property_status","embeddable":true,"href":"https:\/\/horus.immo\/en\/wp-json\/wp\/v2\/property_status?post=22562"},{"taxonomy":"property_feature","embeddable":true,"href":"https:\/\/horus.immo\/en\/wp-json\/wp\/v2\/property_feature?post=22562"},{"taxonomy":"property_label","embeddable":true,"href":"https:\/\/horus.immo\/en\/wp-json\/wp\/v2\/property_label?post=22562"},{"taxonomy":"property_country","embeddable":true,"href":"https:\/\/horus.immo\/en\/wp-json\/wp\/v2\/property_country?post=22562"},{"taxonomy":"property_state","embeddable":true,"href":"https:\/\/horus.immo\/en\/wp-json\/wp\/v2\/property_state?post=22562"},{"taxonomy":"property_city","embeddable":true,"href":"https:\/\/horus.immo\/en\/wp-json\/wp\/v2\/property_city?post=22562"},{"taxonomy":"property_area","embeddable":true,"href":"https:\/\/horus.immo\/en\/wp-json\/wp\/v2\/property_area?post=22562"}],"curies":[{"name":"wp","href":"https:\/\/api.w.org\/{rel}","templated":true}]}}