{"id":26156,"date":"2024-12-28T03:22:36","date_gmt":"2024-12-28T02:22:36","guid":{"rendered":"https:\/\/horus.immo\/?post_type=property&#038;p=26156"},"modified":"2025-06-12T20:28:38","modified_gmt":"2025-06-12T18:28:38","slug":"a-vendre-studio-a-niederkorn-0285","status":"publish","type":"property","link":"https:\/\/horus.immo\/en\/biens\/a-vendre-studio-a-niederkorn-0285\/","title":{"rendered":"Studio \u00e0 Niederkorn #0285"},"content":{"rendered":"<p>HORUS Immobilier, vous propose \u00e0 la vente ce studio neuf faisant +- 40m\u00b2, situ\u00e9 au 1er \u00e9tage d&#8217;une copropri\u00e9t\u00e9 avec ascenseur \u00e0 Niederkorn, commune de Differdange.<\/p>\n\n\n\n<p>Le studio se compose comme suit :<br>&#8211; un hall d&#8217;entr\u00e9e<br>&#8211; une cuisine \u00e9quip\u00e9e ouverte sur le living avec acc\u00e8s sur la terrasse <br>&#8211; une salle de douche avec WC<\/p>\n\n\n\n<p>Completes this property :<br>&#8211; une terrasse (+\/-13m\u00b2)<br>&#8211; un emplacement de parking int\u00e9rieur<br>&#8211; une cave privative (+\/-7m\u00b2)<br>&#8211; un emplacement dans la buanderie commune<\/p>\n\n\n\n<p>Ce studio, jamais habit\u00e9, se trouve dans le nouveau quartier &#8220;Mathendahl&#8221; pr\u00e8s des \u00e9coles, commerces, restaurants, gare CFL et acc\u00e8s autoroutiers.<\/p>\n\n\n\n<p>Il peut aussi convenir pour l&#8217;exercice d&#8217;une profession lib\u00e9rale (selon conditions du r\u00e8glement de copropri\u00e9t\u00e9).<\/p>\n\n\n\n<p><strong>Le prix affich\u00e9 inclut une TVA r\u00e9duite de 3 %. Ce montant est donn\u00e9 \u00e0 titre estimatif et reste conditionn\u00e9 \u00e0 l&#8217;acceptation de votre dossier par l&#8217;Administration de l&#8217;Enregistrement, des domaines et de la TVA (AED).<\/strong><\/p>\n\n\n\n<p>For any further information, please contact:<br>M. <strong>Ricardo SANTOS<\/strong><br><img decoding=\"async\" height=\"16\" width=\"16\" src=\"https:\/\/static.xx.fbcdn.net\/images\/emoji.php\/v9\/tf6\/2\/16\/1f4f1.png\" alt=\"\ud83d\udcf1\">(+352) <strong>661 919 399<\/strong><br><img decoding=\"async\" height=\"16\" width=\"16\" src=\"https:\/\/static.xx.fbcdn.net\/images\/emoji.php\/v9\/t5d\/2\/16\/1f4e7.png\" alt=\"\ud83d\udce7\"> <strong>ricardo.santos@horus.immo<\/strong><\/p>","protected":false},"excerpt":{"rendered":"<p>HORUS Immobilier, vous propose \u00e0 la vente ce studio neuf faisant +- 40m\u00b2, situ\u00e9 au 1er \u00e9tage d&#8217;une copropri\u00e9t\u00e9 avec ascenseur \u00e0 Niederkorn, commune de Differdange. Le studio se compose comme suit :&#8211; un hall d&#8217;entr\u00e9e&#8211; une cuisine \u00e9quip\u00e9e ouverte sur le living avec acc\u00e8s sur la terrasse &#8211; une salle de douche avec WC [&hellip;]<\/p>\n","protected":false},"author":4,"featured_media":28981,"parent":0,"menu_order":0,"template":"","property_type":[237],"property_status":[130],"property_feature":[160,163,177,111,112,146,99,123,174,139,117,107,104,170,105,102],"property_label":[],"property_country":[82],"property_state":[],"property_city":[258],"property_area":[],"class_list":["post-26156","property","type-property","status-publish","has-post-thumbnail","hentry","property_type-studio","property_status-vendu","property_feature-animaux-acceptes","property_feature-ascenseur","property_feature-beton","property_feature-buanderie","property_feature-cave","property_feature-chauffage-au-sol","property_feature-eau-chaude-collective","property_feature-parking-interieur","property_feature-fibre","property_feature-chauffage-granules-pellets","property_feature-ouest","property_feature-terrasse","property_feature-triple-vitrage","property_feature-videophone","property_feature-vmc-double-flux","property_feature-volets-electriques","property_country-luxembourg","property_city-niederkorn"],"property_meta":{"_edit_lock":["1749752968:4"],"_edit_last":["4"],"fave_show_price_placeholder":["0"],"fave_property_map":["1"],"fave_property_location":["49.5352468,5.8913124,15"],"houzez_geolocation_lat":["49.5352468"],"houzez_geolocation_long":["5.8913124"],"fave_property_map_street_view":["hide"],"fave_featured":["0"],"houzez_featured_listing_date":[""],"fave_loggedintoview":["0"],"fave_agent_display_option":["agent_info"],"fave_prop_homeslider":["no"],"fave_single_top_area":["global"],"fave_single_content_area":["global"],"houzez_manual_expire":["0"],"_houzez_expiration_date_status":["saved"],"_yoast_wpseo_primary_property_type":["237"],"_yoast_wpseo_primary_property_status":["130"],"_yoast_wpseo_primary_property_feature":["107"],"_yoast_wpseo_primary_property_label":[""],"_yoast_wpseo_primary_property_country":["82"],"_yoast_wpseo_primary_property_state":[""],"_yoast_wpseo_primary_property_city":["258"],"_yoast_wpseo_primary_property_area":[""],"_yoast_wpseo_content_score":["90"],"_yoast_wpseo_estimated-reading-time-minutes":["2"],"_yoast_wpseo_title":["VENDU - Studio \u00e0 Niederkorn | HORUS Immobilier"],"fave_property_size":["40"],"fave_property_size_prefix":["m\u00b2"],"fave_property_bathrooms":["1"],"fave_property_garage":["1"],"fave_property_year":["2024"],"fave_property_id":["0285"],"fave_c3a9tage":["1"],"fave_nb-d-c3a9tages":["4"],"fave_property_map_address":["Niederkorn, Luxembourg"],"fave_agents":["25267"],"houzez_total_property_views":["1719"],"houzez_views_by_date":["a:61:{s:10:\"01-24-2026\";i:4;s:10:\"01-26-2026\";i:3;s:10:\"01-27-2026\";i:2;s:10:\"01-28-2026\";i:1;s:10:\"01-29-2026\";i:1;s:10:\"01-30-2026\";i:1;s:10:\"01-31-2026\";i:1;s:10:\"02-02-2026\";i:2;s:10:\"02-05-2026\";i:1;s:10:\"02-06-2026\";i:3;s:10:\"02-07-2026\";i:1;s:10:\"02-08-2026\";i:2;s:10:\"02-09-2026\";i:3;s:10:\"02-11-2026\";i:3;s:10:\"02-12-2026\";i:4;s:10:\"02-13-2026\";i:1;s:10:\"02-14-2026\";i:4;s:10:\"02-18-2026\";i:3;s:10:\"02-19-2026\";i:2;s:10:\"02-22-2026\";i:2;s:10:\"02-23-2026\";i:1;s:10:\"02-25-2026\";i:1;s:10:\"02-26-2026\";i:4;s:10:\"02-27-2026\";i:1;s:10:\"02-28-2026\";i:2;s:10:\"03-02-2026\";i:2;s:10:\"03-05-2026\";i:4;s:10:\"03-06-2026\";i:2;s:10:\"03-11-2026\";i:1;s:10:\"03-12-2026\";i:1;s:10:\"03-13-2026\";i:4;s:10:\"03-17-2026\";i:4;s:10:\"03-18-2026\";i:1;s:10:\"03-19-2026\";i:2;s:10:\"03-20-2026\";i:1;s:10:\"03-21-2026\";i:3;s:10:\"03-24-2026\";i:2;s:10:\"03-25-2026\";i:2;s:10:\"03-26-2026\";i:3;s:10:\"03-28-2026\";i:2;s:10:\"03-29-2026\";i:2;s:10:\"04-01-2026\";i:3;s:10:\"04-02-2026\";i:4;s:10:\"04-03-2026\";i:1;s:10:\"04-05-2026\";i:3;s:10:\"04-08-2026\";i:2;s:10:\"04-09-2026\";i:2;s:10:\"04-11-2026\";i:1;s:10:\"04-12-2026\";i:3;s:10:\"04-13-2026\";i:2;s:10:\"04-15-2026\";i:3;s:10:\"04-16-2026\";i:1;s:10:\"04-17-2026\";i:1;s:10:\"04-19-2026\";i:4;s:10:\"04-21-2026\";i:1;s:10:\"04-23-2026\";i:1;s:10:\"04-24-2026\";i:2;s:10:\"04-26-2026\";i:1;s:10:\"04-27-2026\";i:4;s:10:\"04-28-2026\";i:5;s:10:\"04-29-2026\";i:14;}"],"houzez_recently_viewed":["2026-04-29 12:49:26"],"fave_energy_class":["A"],"fave_energy_global_index":["A"],"fave_renewable_energy_global_index":["A"],"fave_charges-mensuelles":["140 \u20ac"],"fave_property_land":["46.04"],"fave_property_land_postfix":["ares"],"_thumbnail_id":["28981"],"fave_disponibilitc3a9":["Imm\u00e9diate"],"fave_property_images":["28981","28982","28983","28984","28985","28986","28987","28988","28989","28990","28991","28992","28993"],"_elementor_page_assets":["a:0:{}"]},"yoast_head":"<!-- This site is optimized with the Yoast SEO plugin v27.1.1 - https:\/\/yoast.com\/product\/yoast-seo-wordpress\/ -->\n<title>VENDU - Studio \u00e0 Niederkorn | HORUS Immobilier<\/title>\n<meta name=\"description\" content=\"HORUS Immobilier, vous propose \u00e0 la vente ce studio neuf faisant +- 40m\u00b2, situ\u00e9 au 1er \u00e9tage d&#039;une copropri\u00e9t\u00e9 avec ascenseur \u00e0 Niederkorn, commune de\" \/>\n<meta name=\"robots\" content=\"index, follow, max-snippet:-1, max-image-preview:large, max-video-preview:-1\" \/>\n<link rel=\"canonical\" href=\"https:\/\/horus.immo\/en\/biens\/a-vendre-studio-a-niederkorn-0285\/\" \/>\n<meta property=\"og:locale\" content=\"en_US\" \/>\n<meta property=\"og:type\" content=\"article\" \/>\n<meta property=\"og:title\" content=\"VENDU - Studio \u00e0 Niederkorn | HORUS Immobilier\" \/>\n<meta property=\"og:description\" content=\"HORUS Immobilier, vous propose \u00e0 la vente ce studio neuf faisant +- 40m\u00b2, situ\u00e9 au 1er \u00e9tage d&#039;une copropri\u00e9t\u00e9 avec ascenseur \u00e0 Niederkorn, commune de\" \/>\n<meta property=\"og:url\" content=\"https:\/\/horus.immo\/en\/biens\/a-vendre-studio-a-niederkorn-0285\/\" \/>\n<meta property=\"og:site_name\" content=\"HORUS Immobilier | L&#039;agence des vid\u00e9os de pr\u00e9sentation \ud83c\udfa5\ud83c\udfac\" \/>\n<meta property=\"article:publisher\" content=\"https:\/\/www.facebook.com\/immohorus\" \/>\n<meta property=\"article:modified_time\" content=\"2025-06-12T18:28:38+00:00\" \/>\n<meta property=\"og:image\" content=\"https:\/\/horus.immo\/wp-content\/uploads\/2024\/12\/0285-A-VENDRE-Studio-Niederkorn-1-VENDU.webp\" \/>\n\t<meta property=\"og:image:width\" content=\"1920\" \/>\n\t<meta property=\"og:image:height\" content=\"1280\" \/>\n\t<meta property=\"og:image:type\" content=\"image\/webp\" \/>\n<meta name=\"twitter:card\" content=\"summary_large_image\" \/>\n<meta name=\"twitter:site\" content=\"@HorusImmobilier\" \/>\n<meta name=\"twitter:label1\" content=\"Est. reading time\" \/>\n\t<meta name=\"twitter:data1\" content=\"2 minutes\" \/>\n<script type=\"application\/ld+json\" class=\"yoast-schema-graph\">{\"@context\":\"https:\/\/schema.org\",\"@graph\":[{\"@type\":\"WebPage\",\"@id\":\"https:\/\/horus.immo\/biens\/a-vendre-studio-a-niederkorn-0285\/\",\"url\":\"https:\/\/horus.immo\/biens\/a-vendre-studio-a-niederkorn-0285\/\",\"name\":\"VENDU - Studio \u00e0 Niederkorn | HORUS Immobilier\",\"isPartOf\":{\"@id\":\"https:\/\/horus.immo\/#website\"},\"primaryImageOfPage\":{\"@id\":\"https:\/\/horus.immo\/biens\/a-vendre-studio-a-niederkorn-0285\/#primaryimage\"},\"image\":{\"@id\":\"https:\/\/horus.immo\/biens\/a-vendre-studio-a-niederkorn-0285\/#primaryimage\"},\"thumbnailUrl\":\"https:\/\/horus.immo\/wp-content\/uploads\/2024\/12\/0285-A-VENDRE-Studio-Niederkorn-1-VENDU.webp\",\"datePublished\":\"2024-12-28T02:22:36+00:00\",\"dateModified\":\"2025-06-12T18:28:38+00:00\",\"description\":\"HORUS Immobilier, vous propose \u00e0 la vente ce studio neuf faisant +- 40m\u00b2, situ\u00e9 au 1er \u00e9tage d'une copropri\u00e9t\u00e9 avec ascenseur \u00e0 Niederkorn, commune de\",\"breadcrumb\":{\"@id\":\"https:\/\/horus.immo\/biens\/a-vendre-studio-a-niederkorn-0285\/#breadcrumb\"},\"inLanguage\":\"en-US\",\"potentialAction\":[{\"@type\":\"ReadAction\",\"target\":[\"https:\/\/horus.immo\/biens\/a-vendre-studio-a-niederkorn-0285\/\"]}]},{\"@type\":\"ImageObject\",\"inLanguage\":\"en-US\",\"@id\":\"https:\/\/horus.immo\/biens\/a-vendre-studio-a-niederkorn-0285\/#primaryimage\",\"url\":\"https:\/\/horus.immo\/wp-content\/uploads\/2024\/12\/0285-A-VENDRE-Studio-Niederkorn-1-VENDU.webp\",\"contentUrl\":\"https:\/\/horus.immo\/wp-content\/uploads\/2024\/12\/0285-A-VENDRE-Studio-Niederkorn-1-VENDU.webp\",\"width\":1920,\"height\":1280},{\"@type\":\"BreadcrumbList\",\"@id\":\"https:\/\/horus.immo\/biens\/a-vendre-studio-a-niederkorn-0285\/#breadcrumb\",\"itemListElement\":[{\"@type\":\"ListItem\",\"position\":1,\"name\":\"Accueil\",\"item\":\"https:\/\/horus.immo\/\"},{\"@type\":\"ListItem\",\"position\":2,\"name\":\"Propri\u00e9t\u00e9s\",\"item\":\"https:\/\/horus.immo\/biens\/\"},{\"@type\":\"ListItem\",\"position\":3,\"name\":\"Studio \u00e0 Niederkorn #0285\"}]},{\"@type\":\"WebSite\",\"@id\":\"https:\/\/horus.immo\/#website\",\"url\":\"https:\/\/horus.immo\/\",\"name\":\"HORUS Immobilier | L&#039;agence des vid\u00e9os de pr\u00e9sentation \ud83c\udfa5\ud83c\udfac\",\"description\":\"Sp\u00e9cialis\u00e9e dans la vente de maisons \ud83c\udfe0 et appartements \ud83c\udfe2\",\"publisher\":{\"@id\":\"https:\/\/horus.immo\/#organization\"},\"potentialAction\":[{\"@type\":\"SearchAction\",\"target\":{\"@type\":\"EntryPoint\",\"urlTemplate\":\"https:\/\/horus.immo\/?s={search_term_string}\"},\"query-input\":{\"@type\":\"PropertyValueSpecification\",\"valueRequired\":true,\"valueName\":\"search_term_string\"}}],\"inLanguage\":\"en-US\"},{\"@type\":\"Organization\",\"@id\":\"https:\/\/horus.immo\/#organization\",\"name\":\"HORUS Immobilier\",\"url\":\"https:\/\/horus.immo\/\",\"logo\":{\"@type\":\"ImageObject\",\"inLanguage\":\"en-US\",\"@id\":\"https:\/\/horus.immo\/#\/schema\/logo\/image\/\",\"url\":\"https:\/\/horus.immo\/wp-content\/uploads\/2022\/06\/HORUS-IMMOBILIERE-LOGO-200x200px.jpg\",\"contentUrl\":\"https:\/\/horus.immo\/wp-content\/uploads\/2022\/06\/HORUS-IMMOBILIERE-LOGO-200x200px.jpg\",\"width\":200,\"height\":200,\"caption\":\"HORUS Immobilier\"},\"image\":{\"@id\":\"https:\/\/horus.immo\/#\/schema\/logo\/image\/\"},\"sameAs\":[\"https:\/\/www.facebook.com\/immohorus\",\"https:\/\/x.com\/HorusImmobilier\",\"https:\/\/www.instagram.com\/horusimmobilier\/\",\"https:\/\/www.linkedin.com\/company\/horus-immobilier-luxembourg\/\",\"https:\/\/www.youtube.com\/channel\/UCj9DxyuvBSmyxBS8ISZ0mWQ\",\"https:\/\/www.tiktok.com\/@horus_immobilier\"]}]}<\/script>\n<!-- \/ Yoast SEO plugin. -->","yoast_head_json":{"title":"VENDU - Studio \u00e0 Niederkorn | HORUS Immobilier","description":"HORUS Immobilier, vous propose \u00e0 la vente ce studio neuf faisant +- 40m\u00b2, situ\u00e9 au 1er \u00e9tage d'une copropri\u00e9t\u00e9 avec ascenseur \u00e0 Niederkorn, commune de","robots":{"index":"index","follow":"follow","max-snippet":"max-snippet:-1","max-image-preview":"max-image-preview:large","max-video-preview":"max-video-preview:-1"},"canonical":"https:\/\/horus.immo\/en\/biens\/a-vendre-studio-a-niederkorn-0285\/","og_locale":"en_US","og_type":"article","og_title":"VENDU - Studio \u00e0 Niederkorn | HORUS Immobilier","og_description":"HORUS Immobilier, vous propose \u00e0 la vente ce studio neuf faisant +- 40m\u00b2, situ\u00e9 au 1er \u00e9tage d'une copropri\u00e9t\u00e9 avec ascenseur \u00e0 Niederkorn, commune de","og_url":"https:\/\/horus.immo\/en\/biens\/a-vendre-studio-a-niederkorn-0285\/","og_site_name":"HORUS Immobilier | L&#039;agence des vid\u00e9os de pr\u00e9sentation \ud83c\udfa5\ud83c\udfac","article_publisher":"https:\/\/www.facebook.com\/immohorus","article_modified_time":"2025-06-12T18:28:38+00:00","og_image":[{"width":1920,"height":1280,"url":"https:\/\/horus.immo\/wp-content\/uploads\/2024\/12\/0285-A-VENDRE-Studio-Niederkorn-1-VENDU.webp","type":"image\/webp"}],"twitter_card":"summary_large_image","twitter_site":"@HorusImmobilier","twitter_misc":{"Est. reading time":"2 minutes"},"schema":{"@context":"https:\/\/schema.org","@graph":[{"@type":"WebPage","@id":"https:\/\/horus.immo\/biens\/a-vendre-studio-a-niederkorn-0285\/","url":"https:\/\/horus.immo\/biens\/a-vendre-studio-a-niederkorn-0285\/","name":"VENDU - Studio \u00e0 Niederkorn | HORUS Immobilier","isPartOf":{"@id":"https:\/\/horus.immo\/#website"},"primaryImageOfPage":{"@id":"https:\/\/horus.immo\/biens\/a-vendre-studio-a-niederkorn-0285\/#primaryimage"},"image":{"@id":"https:\/\/horus.immo\/biens\/a-vendre-studio-a-niederkorn-0285\/#primaryimage"},"thumbnailUrl":"https:\/\/horus.immo\/wp-content\/uploads\/2024\/12\/0285-A-VENDRE-Studio-Niederkorn-1-VENDU.webp","datePublished":"2024-12-28T02:22:36+00:00","dateModified":"2025-06-12T18:28:38+00:00","description":"HORUS Immobilier, vous propose \u00e0 la vente ce studio neuf faisant +- 40m\u00b2, situ\u00e9 au 1er \u00e9tage d'une copropri\u00e9t\u00e9 avec ascenseur \u00e0 Niederkorn, commune de","breadcrumb":{"@id":"https:\/\/horus.immo\/biens\/a-vendre-studio-a-niederkorn-0285\/#breadcrumb"},"inLanguage":"en-US","potentialAction":[{"@type":"ReadAction","target":["https:\/\/horus.immo\/biens\/a-vendre-studio-a-niederkorn-0285\/"]}]},{"@type":"ImageObject","inLanguage":"en-US","@id":"https:\/\/horus.immo\/biens\/a-vendre-studio-a-niederkorn-0285\/#primaryimage","url":"https:\/\/horus.immo\/wp-content\/uploads\/2024\/12\/0285-A-VENDRE-Studio-Niederkorn-1-VENDU.webp","contentUrl":"https:\/\/horus.immo\/wp-content\/uploads\/2024\/12\/0285-A-VENDRE-Studio-Niederkorn-1-VENDU.webp","width":1920,"height":1280},{"@type":"BreadcrumbList","@id":"https:\/\/horus.immo\/biens\/a-vendre-studio-a-niederkorn-0285\/#breadcrumb","itemListElement":[{"@type":"ListItem","position":1,"name":"Accueil","item":"https:\/\/horus.immo\/"},{"@type":"ListItem","position":2,"name":"Propri\u00e9t\u00e9s","item":"https:\/\/horus.immo\/biens\/"},{"@type":"ListItem","position":3,"name":"Studio \u00e0 Niederkorn #0285"}]},{"@type":"WebSite","@id":"https:\/\/horus.immo\/#website","url":"https:\/\/horus.immo\/","name":"HORUS Immobilier | L&#039;agence des vid\u00e9os de pr\u00e9sentation \ud83c\udfa5\ud83c\udfac","description":"Sp\u00e9cialis\u00e9e dans la vente de maisons \ud83c\udfe0 et appartements \ud83c\udfe2","publisher":{"@id":"https:\/\/horus.immo\/#organization"},"potentialAction":[{"@type":"SearchAction","target":{"@type":"EntryPoint","urlTemplate":"https:\/\/horus.immo\/?s={search_term_string}"},"query-input":{"@type":"PropertyValueSpecification","valueRequired":true,"valueName":"search_term_string"}}],"inLanguage":"en-US"},{"@type":"Organization","@id":"https:\/\/horus.immo\/#organization","name":"HORUS Immobilier","url":"https:\/\/horus.immo\/","logo":{"@type":"ImageObject","inLanguage":"en-US","@id":"https:\/\/horus.immo\/#\/schema\/logo\/image\/","url":"https:\/\/horus.immo\/wp-content\/uploads\/2022\/06\/HORUS-IMMOBILIERE-LOGO-200x200px.jpg","contentUrl":"https:\/\/horus.immo\/wp-content\/uploads\/2022\/06\/HORUS-IMMOBILIERE-LOGO-200x200px.jpg","width":200,"height":200,"caption":"HORUS Immobilier"},"image":{"@id":"https:\/\/horus.immo\/#\/schema\/logo\/image\/"},"sameAs":["https:\/\/www.facebook.com\/immohorus","https:\/\/x.com\/HorusImmobilier","https:\/\/www.instagram.com\/horusimmobilier\/","https:\/\/www.linkedin.com\/company\/horus-immobilier-luxembourg\/","https:\/\/www.youtube.com\/channel\/UCj9DxyuvBSmyxBS8ISZ0mWQ","https:\/\/www.tiktok.com\/@horus_immobilier"]}]}},"_links":{"self":[{"href":"https:\/\/horus.immo\/en\/wp-json\/wp\/v2\/properties\/26156","targetHints":{"allow":["GET"]}}],"collection":[{"href":"https:\/\/horus.immo\/en\/wp-json\/wp\/v2\/properties"}],"about":[{"href":"https:\/\/horus.immo\/en\/wp-json\/wp\/v2\/types\/property"}],"author":[{"embeddable":true,"href":"https:\/\/horus.immo\/en\/wp-json\/wp\/v2\/users\/4"}],"version-history":[{"count":23,"href":"https:\/\/horus.immo\/en\/wp-json\/wp\/v2\/properties\/26156\/revisions"}],"predecessor-version":[{"id":28786,"href":"https:\/\/horus.immo\/en\/wp-json\/wp\/v2\/properties\/26156\/revisions\/28786"}],"wp:featuredmedia":[{"embeddable":true,"href":"https:\/\/horus.immo\/en\/wp-json\/wp\/v2\/media\/28981"}],"wp:attachment":[{"href":"https:\/\/horus.immo\/en\/wp-json\/wp\/v2\/media?parent=26156"}],"wp:term":[{"taxonomy":"property_type","embeddable":true,"href":"https:\/\/horus.immo\/en\/wp-json\/wp\/v2\/property_type?post=26156"},{"taxonomy":"property_status","embeddable":true,"href":"https:\/\/horus.immo\/en\/wp-json\/wp\/v2\/property_status?post=26156"},{"taxonomy":"property_feature","embeddable":true,"href":"https:\/\/horus.immo\/en\/wp-json\/wp\/v2\/property_feature?post=26156"},{"taxonomy":"property_label","embeddable":true,"href":"https:\/\/horus.immo\/en\/wp-json\/wp\/v2\/property_label?post=26156"},{"taxonomy":"property_country","embeddable":true,"href":"https:\/\/horus.immo\/en\/wp-json\/wp\/v2\/property_country?post=26156"},{"taxonomy":"property_state","embeddable":true,"href":"https:\/\/horus.immo\/en\/wp-json\/wp\/v2\/property_state?post=26156"},{"taxonomy":"property_city","embeddable":true,"href":"https:\/\/horus.immo\/en\/wp-json\/wp\/v2\/property_city?post=26156"},{"taxonomy":"property_area","embeddable":true,"href":"https:\/\/horus.immo\/en\/wp-json\/wp\/v2\/property_area?post=26156"}],"curies":[{"name":"wp","href":"https:\/\/api.w.org\/{rel}","templated":true}]}}