{"id":29126,"date":"2025-06-27T01:49:08","date_gmt":"2025-06-26T23:49:08","guid":{"rendered":"https:\/\/horus.immo\/?post_type=property&#038;p=29126"},"modified":"2026-03-31T15:42:59","modified_gmt":"2026-03-31T13:42:59","slug":"a-vendre-appartement-duplex-3-chambres-a-ettelbruck-0345","status":"publish","type":"property","link":"https:\/\/horus.immo\/en\/biens\/a-vendre-appartement-duplex-3-chambres-a-ettelbruck-0345\/","title":{"rendered":"Duplex 3 chambres \u00e0 Ettelbruck #0345"},"content":{"rendered":"<p>HORUS Immobilier, vous propose \u00e0 la vente en exclusivit\u00e9 cet appartement \/ duplex de 3 chambres faisant +\/-158m\u00b2 de surface utile dont +\/-100m\u00b2 de surface habitable, situ\u00e9 au 2e \u00e9tage d&#8217;une r\u00e9sidence de 4 unit\u00e9s de 2010 \u00e0 Ettelbruck.<\/p>\n\n\n\n<p>L&#8217;appartement se compose comme suit :<\/p>\n\n\n\n<p>2e \u00e9tage :<br>\u2013 An entrance hall<br>&#8211; Une cuisine \u00e9quip\u00e9e ouverte sur le salon \/ salle \u00e0 manger (+\/-32m\u00b2) avec acc\u00e8s sur le balcon<br>\u2013 A separate toilet<\/p>\n\n\n\n<p>3e \u00e9tage \/ sous-les-combles :<br>\u2013 A night hall<br>&#8211; Deux chambres \u00e0 coucher (+\/-10m\u00b2 et +\/-15m\u00b2)<br>&#8211; Un bureau (+\/-8m\u00b2)<br>&#8211; Une salle de bains avec baignoire, douche \u00e0 l&#8217;italienne, WC et bidet<br>&#8211; Un grenier am\u00e9nag\u00e9 (+\/-57m\u00b2) pouvant servir de chambre ou salle de jeux<\/p>\n\n\n\n<p>Completes this property :<br>&#8211; Un balcon expos\u00e9 sud (+\/-6m\u00b2)<br>&#8211; Deux emplacements de parking int\u00e9rieurs (+\/-34m\u00b2)<br>&#8211; Une cave privative (+\/-5m\u00b2)<br>&#8211; Un emplacement dans la buanderie commune<\/p>\n\n\n\n<p>L&#8217;appartement a \u00e9t\u00e9 r\u00e9nov\u00e9 en 2021.<\/p>\n\n\n\n<p>For any further information, please contact:<br>Mme <strong>Amela HAJDEROVAC<\/strong><br><img decoding=\"async\" height=\"16\" width=\"16\" src=\"https:\/\/static.xx.fbcdn.net\/images\/emoji.php\/v9\/tf6\/2\/16\/1f4f1.png\" alt=\"\ud83d\udcf1\">(+352) <strong>691 907 421<\/strong><br><img decoding=\"async\" height=\"16\" width=\"16\" src=\"https:\/\/static.xx.fbcdn.net\/images\/emoji.php\/v9\/t5d\/2\/16\/1f4e7.png\" alt=\"\ud83d\udce7\"> <strong>amela.hajderovac@horus.immo<\/strong><\/p>","protected":false},"excerpt":{"rendered":"<p>HORUS Immobilier, vous propose \u00e0 la vente en exclusivit\u00e9 cet appartement \/ duplex de 3 chambres faisant +\/-158m\u00b2 de surface utile dont +\/-100m\u00b2 de surface habitable, situ\u00e9 au 2e \u00e9tage d&#8217;une r\u00e9sidence de 4 unit\u00e9s de 2010 \u00e0 Ettelbruck. L&#8217;appartement se compose comme suit : 2e \u00e9tage :&#8211; Un hall d&#8217;entr\u00e9e&#8211; Une cuisine \u00e9quip\u00e9e ouverte [&hellip;]<\/p>\n","protected":false},"author":4,"featured_media":32445,"parent":0,"menu_order":0,"template":"","property_type":[93],"property_status":[130],"property_feature":[160,108,177,111,112,144,99,124,174,137,157,98,159,116,148,170,102],"property_label":[],"property_country":[82],"property_state":[],"property_city":[190],"property_area":[],"class_list":["post-29126","property","type-property","status-publish","has-post-thumbnail","hentry","property_type-appartement","property_status-vendu","property_feature-animaux-acceptes","property_feature-balcon","property_feature-beton","property_feature-buanderie","property_feature-cave","property_feature-double-vitrage","property_feature-eau-chaude-collective","property_feature-parking-exterieur","property_feature-fibre","property_feature-chauffage-fuel","property_feature-grenier","property_feature-radiateurs","property_feature-renove","property_feature-sud","property_feature-ventilation-mecanique","property_feature-videophone","property_feature-volets-electriques","property_country-luxembourg","property_city-ettelbruck"],"property_meta":{"_edit_lock":["1774964580:4"],"_edit_last":["4"],"fave_show_price_placeholder":["0"],"fave_property_map":["1"],"fave_property_location":["49.8442521,6.0984347,15"],"houzez_geolocation_lat":["49.8442521"],"houzez_geolocation_long":["6.0984347"],"fave_property_map_street_view":["hide"],"fave_featured":["0"],"houzez_featured_listing_date":[""],"fave_loggedintoview":["0"],"fave_agent_display_option":["agent_info"],"fave_prop_homeslider":["no"],"fave_single_top_area":["global"],"fave_single_content_area":["global"],"houzez_manual_expire":["0"],"_houzez_expiration_date_status":["saved"],"_yoast_wpseo_primary_property_type":["93"],"_yoast_wpseo_primary_property_status":["130"],"_yoast_wpseo_primary_property_feature":["108"],"_yoast_wpseo_primary_property_label":[""],"_yoast_wpseo_primary_property_country":["82"],"_yoast_wpseo_primary_property_state":[""],"_yoast_wpseo_primary_property_city":["190"],"_yoast_wpseo_primary_property_area":[""],"_yoast_wpseo_content_score":["90"],"_yoast_wpseo_estimated-reading-time-minutes":["2"],"_yoast_wpseo_title":["VENDU - Duplex 3 chambres \u00e0 Ettelbruck | HORUS Immobilier"],"fave_property_size":["100"],"fave_property_size_prefix":["m\u00b2"],"fave_property_land":["3.31"],"fave_property_land_postfix":["ares"],"fave_property_bedrooms":["3"],"fave_property_bathrooms":["1"],"fave_property_year":["2010"],"fave_property_id":["0345"],"fave_c3a9tage":["2"],"fave_nb-d-c3a9tages":["3"],"fave_property_map_address":["Ettelbruck, Luxembourg"],"fave_agents":["25320"],"fave_energy_class":["F"],"fave_energy_global_index":["F"],"fave_renewable_energy_global_index":["F"],"_thumbnail_id":["32445"],"fave_property_garage":["2"],"fave_surface-utile":["220 m\u00b2"],"houzez_total_property_views":["7725"],"houzez_views_by_date":["a:61:{s:10:\"02-24-2026\";i:6;s:10:\"02-26-2026\";i:9;s:10:\"02-27-2026\";i:3;s:10:\"02-28-2026\";i:3;s:10:\"03-01-2026\";i:6;s:10:\"03-02-2026\";i:2;s:10:\"03-03-2026\";i:4;s:10:\"03-04-2026\";i:7;s:10:\"03-05-2026\";i:1;s:10:\"03-06-2026\";i:7;s:10:\"03-07-2026\";i:4;s:10:\"03-08-2026\";i:4;s:10:\"03-09-2026\";i:5;s:10:\"03-10-2026\";i:7;s:10:\"03-11-2026\";i:9;s:10:\"03-12-2026\";i:13;s:10:\"03-13-2026\";i:13;s:10:\"03-14-2026\";i:10;s:10:\"03-15-2026\";i:8;s:10:\"03-16-2026\";i:8;s:10:\"03-17-2026\";i:15;s:10:\"03-18-2026\";i:9;s:10:\"03-19-2026\";i:7;s:10:\"03-20-2026\";i:2;s:10:\"03-21-2026\";i:2;s:10:\"03-23-2026\";i:12;s:10:\"03-24-2026\";i:7;s:10:\"03-25-2026\";i:1;s:10:\"03-26-2026\";i:9;s:10:\"03-27-2026\";i:4;s:10:\"03-28-2026\";i:10;s:10:\"03-29-2026\";i:4;s:10:\"03-30-2026\";i:4;s:10:\"03-31-2026\";i:2;s:10:\"04-01-2026\";i:12;s:10:\"04-02-2026\";i:2;s:10:\"04-03-2026\";i:2;s:10:\"04-04-2026\";i:16;s:10:\"04-05-2026\";i:10;s:10:\"04-06-2026\";i:7;s:10:\"04-07-2026\";i:1;s:10:\"04-08-2026\";i:7;s:10:\"04-09-2026\";i:7;s:10:\"04-10-2026\";i:4;s:10:\"04-11-2026\";i:2;s:10:\"04-13-2026\";i:5;s:10:\"04-14-2026\";i:12;s:10:\"04-15-2026\";i:7;s:10:\"04-16-2026\";i:6;s:10:\"04-17-2026\";i:9;s:10:\"04-18-2026\";i:8;s:10:\"04-19-2026\";i:7;s:10:\"04-20-2026\";i:4;s:10:\"04-21-2026\";i:9;s:10:\"04-22-2026\";i:12;s:10:\"04-23-2026\";i:5;s:10:\"04-25-2026\";i:6;s:10:\"04-26-2026\";i:2;s:10:\"04-27-2026\";i:2;s:10:\"04-28-2026\";i:6;s:10:\"04-29-2026\";i:3;}"],"houzez_recently_viewed":["2026-04-29 08:55:51"],"fave_disponibilitc3a9":["\u00c0 convenir"],"fave_property_images":["32445","29130","29131","29132","29133","29134","29135","29136","29137","29138","29139","29140","29141","29142","29143","29144","29145","29146","29147","29148","29149","29150","29151","29152","29153","29154","29155","29156"],"_elementor_page_assets":["a:0:{}"]},"yoast_head":"<!-- This site is optimized with the Yoast SEO plugin v27.1.1 - https:\/\/yoast.com\/product\/yoast-seo-wordpress\/ -->\n<title>VENDU - Duplex 3 chambres \u00e0 Ettelbruck | HORUS Immobilier<\/title>\n<meta name=\"description\" content=\"HORUS Immobilier, vous propose \u00e0 la vente en exclusivit\u00e9 cet appartement \/ duplex de 3 chambres faisant +\/-158m\u00b2 de surface utile dont +\/-100m\u00b2 de surface\" \/>\n<meta name=\"robots\" content=\"index, follow, max-snippet:-1, max-image-preview:large, max-video-preview:-1\" \/>\n<link rel=\"canonical\" href=\"https:\/\/horus.immo\/en\/biens\/a-vendre-appartement-duplex-3-chambres-a-ettelbruck-0345\/\" \/>\n<meta property=\"og:locale\" content=\"en_US\" \/>\n<meta property=\"og:type\" content=\"article\" \/>\n<meta property=\"og:title\" content=\"VENDU - Duplex 3 chambres \u00e0 Ettelbruck | HORUS Immobilier\" \/>\n<meta property=\"og:description\" content=\"HORUS Immobilier, vous propose \u00e0 la vente en exclusivit\u00e9 cet appartement \/ duplex de 3 chambres faisant +\/-158m\u00b2 de surface utile dont +\/-100m\u00b2 de surface\" \/>\n<meta property=\"og:url\" content=\"https:\/\/horus.immo\/en\/biens\/a-vendre-appartement-duplex-3-chambres-a-ettelbruck-0345\/\" \/>\n<meta property=\"og:site_name\" content=\"HORUS Immobilier | L&#039;agence des vid\u00e9os de pr\u00e9sentation \ud83c\udfa5\ud83c\udfac\" \/>\n<meta property=\"article:publisher\" content=\"https:\/\/www.facebook.com\/immohorus\" \/>\n<meta property=\"article:modified_time\" content=\"2026-03-31T13:42:59+00:00\" \/>\n<meta property=\"og:image\" content=\"https:\/\/horus.immo\/wp-content\/uploads\/2025\/06\/0345-A-VENDRE-Appartement-Duplex-3-Chambres-Ettelbruck-1-VENDU.webp\" \/>\n\t<meta property=\"og:image:width\" content=\"1920\" \/>\n\t<meta property=\"og:image:height\" content=\"1280\" \/>\n\t<meta property=\"og:image:type\" content=\"image\/webp\" \/>\n<meta name=\"twitter:card\" content=\"summary_large_image\" \/>\n<meta name=\"twitter:site\" content=\"@HorusImmobilier\" \/>\n<meta name=\"twitter:label1\" content=\"Est. reading time\" \/>\n\t<meta name=\"twitter:data1\" content=\"2 minutes\" \/>\n<script type=\"application\/ld+json\" class=\"yoast-schema-graph\">{\"@context\":\"https:\/\/schema.org\",\"@graph\":[{\"@type\":\"WebPage\",\"@id\":\"https:\/\/horus.immo\/biens\/a-vendre-appartement-duplex-3-chambres-a-ettelbruck-0345\/\",\"url\":\"https:\/\/horus.immo\/biens\/a-vendre-appartement-duplex-3-chambres-a-ettelbruck-0345\/\",\"name\":\"VENDU - Duplex 3 chambres \u00e0 Ettelbruck | HORUS Immobilier\",\"isPartOf\":{\"@id\":\"https:\/\/horus.immo\/#website\"},\"primaryImageOfPage\":{\"@id\":\"https:\/\/horus.immo\/biens\/a-vendre-appartement-duplex-3-chambres-a-ettelbruck-0345\/#primaryimage\"},\"image\":{\"@id\":\"https:\/\/horus.immo\/biens\/a-vendre-appartement-duplex-3-chambres-a-ettelbruck-0345\/#primaryimage\"},\"thumbnailUrl\":\"https:\/\/horus.immo\/wp-content\/uploads\/2025\/06\/0345-A-VENDRE-Appartement-Duplex-3-Chambres-Ettelbruck-1-VENDU.webp\",\"datePublished\":\"2025-06-26T23:49:08+00:00\",\"dateModified\":\"2026-03-31T13:42:59+00:00\",\"description\":\"HORUS Immobilier, vous propose \u00e0 la vente en exclusivit\u00e9 cet appartement \/ duplex de 3 chambres faisant +\/-158m\u00b2 de surface utile dont +\/-100m\u00b2 de surface\",\"breadcrumb\":{\"@id\":\"https:\/\/horus.immo\/biens\/a-vendre-appartement-duplex-3-chambres-a-ettelbruck-0345\/#breadcrumb\"},\"inLanguage\":\"en-US\",\"potentialAction\":[{\"@type\":\"ReadAction\",\"target\":[\"https:\/\/horus.immo\/biens\/a-vendre-appartement-duplex-3-chambres-a-ettelbruck-0345\/\"]}]},{\"@type\":\"ImageObject\",\"inLanguage\":\"en-US\",\"@id\":\"https:\/\/horus.immo\/biens\/a-vendre-appartement-duplex-3-chambres-a-ettelbruck-0345\/#primaryimage\",\"url\":\"https:\/\/horus.immo\/wp-content\/uploads\/2025\/06\/0345-A-VENDRE-Appartement-Duplex-3-Chambres-Ettelbruck-1-VENDU.webp\",\"contentUrl\":\"https:\/\/horus.immo\/wp-content\/uploads\/2025\/06\/0345-A-VENDRE-Appartement-Duplex-3-Chambres-Ettelbruck-1-VENDU.webp\",\"width\":1920,\"height\":1280},{\"@type\":\"BreadcrumbList\",\"@id\":\"https:\/\/horus.immo\/biens\/a-vendre-appartement-duplex-3-chambres-a-ettelbruck-0345\/#breadcrumb\",\"itemListElement\":[{\"@type\":\"ListItem\",\"position\":1,\"name\":\"Accueil\",\"item\":\"https:\/\/horus.immo\/\"},{\"@type\":\"ListItem\",\"position\":2,\"name\":\"Propri\u00e9t\u00e9s\",\"item\":\"https:\/\/horus.immo\/biens\/\"},{\"@type\":\"ListItem\",\"position\":3,\"name\":\"Duplex 3 chambres \u00e0 Ettelbruck #0345\"}]},{\"@type\":\"WebSite\",\"@id\":\"https:\/\/horus.immo\/#website\",\"url\":\"https:\/\/horus.immo\/\",\"name\":\"HORUS Immobilier | L&#039;agence des vid\u00e9os de pr\u00e9sentation \ud83c\udfa5\ud83c\udfac\",\"description\":\"Sp\u00e9cialis\u00e9e dans la vente de maisons \ud83c\udfe0 et appartements \ud83c\udfe2\",\"publisher\":{\"@id\":\"https:\/\/horus.immo\/#organization\"},\"potentialAction\":[{\"@type\":\"SearchAction\",\"target\":{\"@type\":\"EntryPoint\",\"urlTemplate\":\"https:\/\/horus.immo\/?s={search_term_string}\"},\"query-input\":{\"@type\":\"PropertyValueSpecification\",\"valueRequired\":true,\"valueName\":\"search_term_string\"}}],\"inLanguage\":\"en-US\"},{\"@type\":\"Organization\",\"@id\":\"https:\/\/horus.immo\/#organization\",\"name\":\"HORUS Immobilier\",\"url\":\"https:\/\/horus.immo\/\",\"logo\":{\"@type\":\"ImageObject\",\"inLanguage\":\"en-US\",\"@id\":\"https:\/\/horus.immo\/#\/schema\/logo\/image\/\",\"url\":\"https:\/\/horus.immo\/wp-content\/uploads\/2022\/06\/HORUS-IMMOBILIERE-LOGO-200x200px.jpg\",\"contentUrl\":\"https:\/\/horus.immo\/wp-content\/uploads\/2022\/06\/HORUS-IMMOBILIERE-LOGO-200x200px.jpg\",\"width\":200,\"height\":200,\"caption\":\"HORUS Immobilier\"},\"image\":{\"@id\":\"https:\/\/horus.immo\/#\/schema\/logo\/image\/\"},\"sameAs\":[\"https:\/\/www.facebook.com\/immohorus\",\"https:\/\/x.com\/HorusImmobilier\",\"https:\/\/www.instagram.com\/horusimmobilier\/\",\"https:\/\/www.linkedin.com\/company\/horus-immobilier-luxembourg\/\",\"https:\/\/www.youtube.com\/channel\/UCj9DxyuvBSmyxBS8ISZ0mWQ\",\"https:\/\/www.tiktok.com\/@horus_immobilier\"]}]}<\/script>\n<!-- \/ Yoast SEO plugin. -->","yoast_head_json":{"title":"VENDU - Duplex 3 chambres \u00e0 Ettelbruck | HORUS Immobilier","description":"HORUS Immobilier, vous propose \u00e0 la vente en exclusivit\u00e9 cet appartement \/ duplex de 3 chambres faisant +\/-158m\u00b2 de surface utile dont +\/-100m\u00b2 de surface","robots":{"index":"index","follow":"follow","max-snippet":"max-snippet:-1","max-image-preview":"max-image-preview:large","max-video-preview":"max-video-preview:-1"},"canonical":"https:\/\/horus.immo\/en\/biens\/a-vendre-appartement-duplex-3-chambres-a-ettelbruck-0345\/","og_locale":"en_US","og_type":"article","og_title":"VENDU - Duplex 3 chambres \u00e0 Ettelbruck | HORUS Immobilier","og_description":"HORUS Immobilier, vous propose \u00e0 la vente en exclusivit\u00e9 cet appartement \/ duplex de 3 chambres faisant +\/-158m\u00b2 de surface utile dont +\/-100m\u00b2 de surface","og_url":"https:\/\/horus.immo\/en\/biens\/a-vendre-appartement-duplex-3-chambres-a-ettelbruck-0345\/","og_site_name":"HORUS Immobilier | L&#039;agence des vid\u00e9os de pr\u00e9sentation \ud83c\udfa5\ud83c\udfac","article_publisher":"https:\/\/www.facebook.com\/immohorus","article_modified_time":"2026-03-31T13:42:59+00:00","og_image":[{"width":1920,"height":1280,"url":"https:\/\/horus.immo\/wp-content\/uploads\/2025\/06\/0345-A-VENDRE-Appartement-Duplex-3-Chambres-Ettelbruck-1-VENDU.webp","type":"image\/webp"}],"twitter_card":"summary_large_image","twitter_site":"@HorusImmobilier","twitter_misc":{"Est. reading time":"2 minutes"},"schema":{"@context":"https:\/\/schema.org","@graph":[{"@type":"WebPage","@id":"https:\/\/horus.immo\/biens\/a-vendre-appartement-duplex-3-chambres-a-ettelbruck-0345\/","url":"https:\/\/horus.immo\/biens\/a-vendre-appartement-duplex-3-chambres-a-ettelbruck-0345\/","name":"VENDU - Duplex 3 chambres \u00e0 Ettelbruck | HORUS Immobilier","isPartOf":{"@id":"https:\/\/horus.immo\/#website"},"primaryImageOfPage":{"@id":"https:\/\/horus.immo\/biens\/a-vendre-appartement-duplex-3-chambres-a-ettelbruck-0345\/#primaryimage"},"image":{"@id":"https:\/\/horus.immo\/biens\/a-vendre-appartement-duplex-3-chambres-a-ettelbruck-0345\/#primaryimage"},"thumbnailUrl":"https:\/\/horus.immo\/wp-content\/uploads\/2025\/06\/0345-A-VENDRE-Appartement-Duplex-3-Chambres-Ettelbruck-1-VENDU.webp","datePublished":"2025-06-26T23:49:08+00:00","dateModified":"2026-03-31T13:42:59+00:00","description":"HORUS Immobilier, vous propose \u00e0 la vente en exclusivit\u00e9 cet appartement \/ duplex de 3 chambres faisant +\/-158m\u00b2 de surface utile dont +\/-100m\u00b2 de surface","breadcrumb":{"@id":"https:\/\/horus.immo\/biens\/a-vendre-appartement-duplex-3-chambres-a-ettelbruck-0345\/#breadcrumb"},"inLanguage":"en-US","potentialAction":[{"@type":"ReadAction","target":["https:\/\/horus.immo\/biens\/a-vendre-appartement-duplex-3-chambres-a-ettelbruck-0345\/"]}]},{"@type":"ImageObject","inLanguage":"en-US","@id":"https:\/\/horus.immo\/biens\/a-vendre-appartement-duplex-3-chambres-a-ettelbruck-0345\/#primaryimage","url":"https:\/\/horus.immo\/wp-content\/uploads\/2025\/06\/0345-A-VENDRE-Appartement-Duplex-3-Chambres-Ettelbruck-1-VENDU.webp","contentUrl":"https:\/\/horus.immo\/wp-content\/uploads\/2025\/06\/0345-A-VENDRE-Appartement-Duplex-3-Chambres-Ettelbruck-1-VENDU.webp","width":1920,"height":1280},{"@type":"BreadcrumbList","@id":"https:\/\/horus.immo\/biens\/a-vendre-appartement-duplex-3-chambres-a-ettelbruck-0345\/#breadcrumb","itemListElement":[{"@type":"ListItem","position":1,"name":"Accueil","item":"https:\/\/horus.immo\/"},{"@type":"ListItem","position":2,"name":"Propri\u00e9t\u00e9s","item":"https:\/\/horus.immo\/biens\/"},{"@type":"ListItem","position":3,"name":"Duplex 3 chambres \u00e0 Ettelbruck #0345"}]},{"@type":"WebSite","@id":"https:\/\/horus.immo\/#website","url":"https:\/\/horus.immo\/","name":"HORUS Immobilier | L&#039;agence des vid\u00e9os de pr\u00e9sentation \ud83c\udfa5\ud83c\udfac","description":"Sp\u00e9cialis\u00e9e dans la vente de maisons \ud83c\udfe0 et appartements \ud83c\udfe2","publisher":{"@id":"https:\/\/horus.immo\/#organization"},"potentialAction":[{"@type":"SearchAction","target":{"@type":"EntryPoint","urlTemplate":"https:\/\/horus.immo\/?s={search_term_string}"},"query-input":{"@type":"PropertyValueSpecification","valueRequired":true,"valueName":"search_term_string"}}],"inLanguage":"en-US"},{"@type":"Organization","@id":"https:\/\/horus.immo\/#organization","name":"HORUS Immobilier","url":"https:\/\/horus.immo\/","logo":{"@type":"ImageObject","inLanguage":"en-US","@id":"https:\/\/horus.immo\/#\/schema\/logo\/image\/","url":"https:\/\/horus.immo\/wp-content\/uploads\/2022\/06\/HORUS-IMMOBILIERE-LOGO-200x200px.jpg","contentUrl":"https:\/\/horus.immo\/wp-content\/uploads\/2022\/06\/HORUS-IMMOBILIERE-LOGO-200x200px.jpg","width":200,"height":200,"caption":"HORUS Immobilier"},"image":{"@id":"https:\/\/horus.immo\/#\/schema\/logo\/image\/"},"sameAs":["https:\/\/www.facebook.com\/immohorus","https:\/\/x.com\/HorusImmobilier","https:\/\/www.instagram.com\/horusimmobilier\/","https:\/\/www.linkedin.com\/company\/horus-immobilier-luxembourg\/","https:\/\/www.youtube.com\/channel\/UCj9DxyuvBSmyxBS8ISZ0mWQ","https:\/\/www.tiktok.com\/@horus_immobilier"]}]}},"_links":{"self":[{"href":"https:\/\/horus.immo\/en\/wp-json\/wp\/v2\/properties\/29126","targetHints":{"allow":["GET"]}}],"collection":[{"href":"https:\/\/horus.immo\/en\/wp-json\/wp\/v2\/properties"}],"about":[{"href":"https:\/\/horus.immo\/en\/wp-json\/wp\/v2\/types\/property"}],"author":[{"embeddable":true,"href":"https:\/\/horus.immo\/en\/wp-json\/wp\/v2\/users\/4"}],"version-history":[{"count":7,"href":"https:\/\/horus.immo\/en\/wp-json\/wp\/v2\/properties\/29126\/revisions"}],"predecessor-version":[{"id":29161,"href":"https:\/\/horus.immo\/en\/wp-json\/wp\/v2\/properties\/29126\/revisions\/29161"}],"wp:featuredmedia":[{"embeddable":true,"href":"https:\/\/horus.immo\/en\/wp-json\/wp\/v2\/media\/32445"}],"wp:attachment":[{"href":"https:\/\/horus.immo\/en\/wp-json\/wp\/v2\/media?parent=29126"}],"wp:term":[{"taxonomy":"property_type","embeddable":true,"href":"https:\/\/horus.immo\/en\/wp-json\/wp\/v2\/property_type?post=29126"},{"taxonomy":"property_status","embeddable":true,"href":"https:\/\/horus.immo\/en\/wp-json\/wp\/v2\/property_status?post=29126"},{"taxonomy":"property_feature","embeddable":true,"href":"https:\/\/horus.immo\/en\/wp-json\/wp\/v2\/property_feature?post=29126"},{"taxonomy":"property_label","embeddable":true,"href":"https:\/\/horus.immo\/en\/wp-json\/wp\/v2\/property_label?post=29126"},{"taxonomy":"property_country","embeddable":true,"href":"https:\/\/horus.immo\/en\/wp-json\/wp\/v2\/property_country?post=29126"},{"taxonomy":"property_state","embeddable":true,"href":"https:\/\/horus.immo\/en\/wp-json\/wp\/v2\/property_state?post=29126"},{"taxonomy":"property_city","embeddable":true,"href":"https:\/\/horus.immo\/en\/wp-json\/wp\/v2\/property_city?post=29126"},{"taxonomy":"property_area","embeddable":true,"href":"https:\/\/horus.immo\/en\/wp-json\/wp\/v2\/property_area?post=29126"}],"curies":[{"name":"wp","href":"https:\/\/api.w.org\/{rel}","templated":true}]}}