{"id":30138,"date":"2025-07-30T01:59:53","date_gmt":"2025-07-29T23:59:53","guid":{"rendered":"https:\/\/horus.immo\/?post_type=property&#038;p=30138"},"modified":"2025-12-16T00:52:20","modified_gmt":"2025-12-15T23:52:20","slug":"a-vendre-appartement-2-chambres-esch-sur-alzette-0309","status":"publish","type":"property","link":"https:\/\/horus.immo\/en\/biens\/a-vendre-appartement-2-chambres-esch-sur-alzette-0309\/","title":{"rendered":"Appartement 2 chambres \u00e0 Esch-sur-Alzette #0309"},"content":{"rendered":"<p>HORUS Immobilier vous propose \u00e0 la vente en exclusivit\u00e9 cet appartement de 2 chambres faisant +\/-67m\u00b2, situ\u00e9 au 1er \u00e9tage, sans ascenseur, d&#8217;une r\u00e9sidence de 6 unit\u00e9s \u00e0 Esch-sur-Alzette.<\/p>\n\n\n\n<p>L&#8217;appartement se compose comme suit :<br>&#8211; Un hall d\u2019entr\u00e9e<br>&#8211; Une cuisine \u00e9quip\u00e9e (+\/-15m\u00b2) semi-ouverte sur le salon (+\/-13m\u00b2)<br>&#8211; Deux chambres \u00e0 coucher (+\/-13m\u00b2 et +\/-15m\u00b2)<br>&#8211; Une salle de bains avec coin buanderie<br>\u2013 A separate toilet<br>&#8211; Un d\u00e9barras<\/p>\n\n\n\n<p>Completes this property :<br>&#8211; Une cave privative (+\/-13m\u00b2)<br>&#8211; Un grenier privatif (+\/-12m\u00b2)<br>&#8211; Un garage-box ferm\u00e9 (+\/-15m\u00b2)<br>&#8211; Un emplacement dans la buanderie commune<\/p>\n\n\n\n<p>La r\u00e9sidence dispose d&#8217;un jardin commun.<\/p>\n\n\n\n<p>For any further information, please contact:<br>M. <strong>Pedram NAJAFI<\/strong><br><img decoding=\"async\" height=\"16\" width=\"16\" src=\"https:\/\/static.xx.fbcdn.net\/images\/emoji.php\/v9\/tf6\/2\/16\/1f4f1.png\" alt=\"\ud83d\udcf1\">(+352) <strong>661 349 844<\/strong><br><img decoding=\"async\" height=\"16\" width=\"16\" src=\"https:\/\/static.xx.fbcdn.net\/images\/emoji.php\/v9\/t5d\/2\/16\/1f4e7.png\" alt=\"\ud83d\udce7\"> <strong>pedram.najafi@horus.immo<\/strong><\/p>\n\n\n\n<p><\/p>","protected":false},"excerpt":{"rendered":"<p>HORUS Immobilier vous propose \u00e0 la vente en exclusivit\u00e9 cet appartement de 2 chambres faisant +\/-67m\u00b2, situ\u00e9 au 1er \u00e9tage, sans ascenseur, d&#8217;une r\u00e9sidence de 6 unit\u00e9s \u00e0 Esch-sur-Alzette. L&#8217;appartement se compose comme suit :&#8211; Un hall d\u2019entr\u00e9e&#8211; Une cuisine \u00e9quip\u00e9e (+\/-15m\u00b2) semi-ouverte sur le salon (+\/-13m\u00b2)&#8211; Deux chambres \u00e0 coucher (+\/-13m\u00b2 et +\/-15m\u00b2)&#8211; Une [&hellip;]<\/p>\n","protected":false},"author":4,"featured_media":31658,"parent":0,"menu_order":0,"template":"","property_type":[93],"property_status":[130],"property_feature":[175,160,177,111,112,149,144,133,129,135,157,109,119,98,120,148,170,102],"property_label":[],"property_country":[82],"property_state":[],"property_city":[219],"property_area":[],"class_list":["post-30138","property","type-property","status-publish","has-post-thumbnail","hentry","property_type-appartement","property_status-vendu","property_feature-adsl","property_feature-animaux-acceptes","property_feature-beton","property_feature-buanderie","property_feature-cave","property_feature-chaudiere-a-condensation","property_feature-double-vitrage","property_feature-eau-chaude-individuelle-gas","property_feature-garage","property_feature-chauffage-gaz","property_feature-grenier","property_feature-jardin","property_feature-nord-ouest","property_feature-radiateurs","property_feature-sud-est","property_feature-ventilation-mecanique","property_feature-videophone","property_feature-volets-electriques","property_country-luxembourg","property_city-esch-sur-alzette"],"property_meta":{"_edit_lock":["1766274415:4"],"_edit_last":["4"],"fave_show_price_placeholder":["0"],"fave_property_map":["1"],"fave_property_location":["49.502401,5.9721782,15"],"houzez_geolocation_lat":["49.502401"],"houzez_geolocation_long":["5.9721782"],"fave_property_map_street_view":["hide"],"fave_featured":["0"],"houzez_featured_listing_date":[""],"fave_loggedintoview":["0"],"fave_agent_display_option":["agent_info"],"fave_prop_homeslider":["no"],"fave_single_top_area":["global"],"fave_single_content_area":["global"],"houzez_manual_expire":["0"],"_houzez_expiration_date_status":["saved"],"_yoast_wpseo_primary_property_type":["93"],"_yoast_wpseo_primary_property_status":["130"],"_yoast_wpseo_primary_property_feature":["133"],"_yoast_wpseo_primary_property_label":[""],"_yoast_wpseo_primary_property_country":["82"],"_yoast_wpseo_primary_property_state":[""],"_yoast_wpseo_primary_property_city":["219"],"_yoast_wpseo_primary_property_area":[""],"_yoast_wpseo_content_score":["90"],"_yoast_wpseo_estimated-reading-time-minutes":["2"],"_yoast_wpseo_title":["\u00c0 VENDRE - Appartement 2 chambres \u00e0 Esch-sur-Alzette | HORUS Immobilier"],"fave_property_size":["67"],"fave_property_size_prefix":["m\u00b2"],"fave_property_land":["2.84"],"fave_property_land_postfix":["ares"],"fave_property_bedrooms":["2"],"fave_property_bathrooms":["1"],"fave_property_garage":["1"],"fave_property_year":["1928"],"fave_property_id":["0309"],"fave_c3a9tage":["1"],"fave_nb-d-c3a9tages":["2"],"fave_property_map_address":["Esch-sur-Alzette, Luxembourg"],"fave_agents":["29625"],"_thumbnail_id":["31658"],"houzez_total_property_views":["2062"],"houzez_views_by_date":["a:61:{s:10:\"01-27-2026\";i:4;s:10:\"01-28-2026\";i:2;s:10:\"01-30-2026\";i:1;s:10:\"01-31-2026\";i:1;s:10:\"02-02-2026\";i:3;s:10:\"02-03-2026\";i:2;s:10:\"02-04-2026\";i:1;s:10:\"02-05-2026\";i:1;s:10:\"02-06-2026\";i:2;s:10:\"02-07-2026\";i:4;s:10:\"02-08-2026\";i:2;s:10:\"02-11-2026\";i:3;s:10:\"02-12-2026\";i:1;s:10:\"02-13-2026\";i:4;s:10:\"02-14-2026\";i:1;s:10:\"02-15-2026\";i:2;s:10:\"02-16-2026\";i:2;s:10:\"02-17-2026\";i:3;s:10:\"02-19-2026\";i:3;s:10:\"02-20-2026\";i:1;s:10:\"02-21-2026\";i:4;s:10:\"02-23-2026\";i:3;s:10:\"02-24-2026\";i:1;s:10:\"02-27-2026\";i:1;s:10:\"02-28-2026\";i:1;s:10:\"03-01-2026\";i:1;s:10:\"03-02-2026\";i:5;s:10:\"03-05-2026\";i:1;s:10:\"03-06-2026\";i:3;s:10:\"03-11-2026\";i:1;s:10:\"03-12-2026\";i:5;s:10:\"03-13-2026\";i:3;s:10:\"03-17-2026\";i:5;s:10:\"03-19-2026\";i:1;s:10:\"03-20-2026\";i:1;s:10:\"03-21-2026\";i:7;s:10:\"03-24-2026\";i:11;s:10:\"03-26-2026\";i:4;s:10:\"03-28-2026\";i:1;s:10:\"03-29-2026\";i:1;s:10:\"04-02-2026\";i:2;s:10:\"04-03-2026\";i:1;s:10:\"04-04-2026\";i:3;s:10:\"04-07-2026\";i:2;s:10:\"04-08-2026\";i:1;s:10:\"04-09-2026\";i:5;s:10:\"04-10-2026\";i:1;s:10:\"04-11-2026\";i:2;s:10:\"04-13-2026\";i:1;s:10:\"04-14-2026\";i:1;s:10:\"04-15-2026\";i:2;s:10:\"04-16-2026\";i:2;s:10:\"04-18-2026\";i:1;s:10:\"04-19-2026\";i:3;s:10:\"04-21-2026\";i:3;s:10:\"04-22-2026\";i:1;s:10:\"04-23-2026\";i:3;s:10:\"04-25-2026\";i:4;s:10:\"04-27-2026\";i:3;s:10:\"04-28-2026\";i:5;s:10:\"04-29-2026\";i:3;}"],"houzez_recently_viewed":["2026-04-29 08:55:49"],"fave_energy_class":["I"],"fave_energy_global_index":["I"],"fave_renewable_energy_global_index":["I"],"fave_disponibilitc3a9":["\u00c0 convenir"],"fave_property_images":["31658","30146","30147","30148","30149","30150","30151","30152","30153","30154","30155","30156","30157","30158","30159","30160","30161","30162","30163","30164"],"_elementor_page_assets":["a:0:{}"]},"yoast_head":"<!-- This site is optimized with the Yoast SEO plugin v27.1.1 - https:\/\/yoast.com\/product\/yoast-seo-wordpress\/ -->\n<title>\u00c0 VENDRE - Appartement 2 chambres \u00e0 Esch-sur-Alzette | HORUS Immobilier<\/title>\n<meta name=\"description\" content=\"HORUS Immobilier vous propose \u00e0 la vente en exclusivit\u00e9 cet appartement de 2 chambres faisant +\/-67m\u00b2, situ\u00e9 au 1er \u00e9tage, sans ascenseur, d&#039;une r\u00e9sidence\" \/>\n<meta name=\"robots\" content=\"index, follow, max-snippet:-1, max-image-preview:large, max-video-preview:-1\" \/>\n<link rel=\"canonical\" href=\"https:\/\/horus.immo\/en\/biens\/a-vendre-appartement-2-chambres-esch-sur-alzette-0309\/\" \/>\n<meta property=\"og:locale\" content=\"en_US\" \/>\n<meta property=\"og:type\" content=\"article\" \/>\n<meta property=\"og:title\" content=\"\u00c0 VENDRE - Appartement 2 chambres \u00e0 Esch-sur-Alzette | HORUS Immobilier\" \/>\n<meta property=\"og:description\" content=\"HORUS Immobilier vous propose \u00e0 la vente en exclusivit\u00e9 cet appartement de 2 chambres faisant +\/-67m\u00b2, situ\u00e9 au 1er \u00e9tage, sans ascenseur, d&#039;une r\u00e9sidence\" \/>\n<meta property=\"og:url\" content=\"https:\/\/horus.immo\/en\/biens\/a-vendre-appartement-2-chambres-esch-sur-alzette-0309\/\" \/>\n<meta property=\"og:site_name\" content=\"HORUS Immobilier | L&#039;agence des vid\u00e9os de pr\u00e9sentation \ud83c\udfa5\ud83c\udfac\" \/>\n<meta property=\"article:publisher\" content=\"https:\/\/www.facebook.com\/immohorus\" \/>\n<meta property=\"article:modified_time\" content=\"2025-12-15T23:52:20+00:00\" \/>\n<meta property=\"og:image\" content=\"https:\/\/horus.immo\/wp-content\/uploads\/2025\/07\/0309-A-VENDRE-Appartement-2-Chambres-Esch-sur-Alzette-1-VENDU.webp\" \/>\n\t<meta property=\"og:image:width\" content=\"1920\" \/>\n\t<meta property=\"og:image:height\" content=\"1280\" \/>\n\t<meta property=\"og:image:type\" content=\"image\/webp\" \/>\n<meta name=\"twitter:card\" content=\"summary_large_image\" \/>\n<meta name=\"twitter:site\" content=\"@HorusImmobilier\" \/>\n<meta name=\"twitter:label1\" content=\"Est. reading time\" \/>\n\t<meta name=\"twitter:data1\" content=\"2 minutes\" \/>\n<script type=\"application\/ld+json\" class=\"yoast-schema-graph\">{\"@context\":\"https:\/\/schema.org\",\"@graph\":[{\"@type\":\"WebPage\",\"@id\":\"https:\/\/horus.immo\/biens\/a-vendre-appartement-2-chambres-esch-sur-alzette-0309\/\",\"url\":\"https:\/\/horus.immo\/biens\/a-vendre-appartement-2-chambres-esch-sur-alzette-0309\/\",\"name\":\"\u00c0 VENDRE - Appartement 2 chambres \u00e0 Esch-sur-Alzette | HORUS Immobilier\",\"isPartOf\":{\"@id\":\"https:\/\/horus.immo\/#website\"},\"primaryImageOfPage\":{\"@id\":\"https:\/\/horus.immo\/biens\/a-vendre-appartement-2-chambres-esch-sur-alzette-0309\/#primaryimage\"},\"image\":{\"@id\":\"https:\/\/horus.immo\/biens\/a-vendre-appartement-2-chambres-esch-sur-alzette-0309\/#primaryimage\"},\"thumbnailUrl\":\"https:\/\/horus.immo\/wp-content\/uploads\/2025\/07\/0309-A-VENDRE-Appartement-2-Chambres-Esch-sur-Alzette-1-VENDU.webp\",\"datePublished\":\"2025-07-29T23:59:53+00:00\",\"dateModified\":\"2025-12-15T23:52:20+00:00\",\"description\":\"HORUS Immobilier vous propose \u00e0 la vente en exclusivit\u00e9 cet appartement de 2 chambres faisant +\/-67m\u00b2, situ\u00e9 au 1er \u00e9tage, sans ascenseur, d'une r\u00e9sidence\",\"breadcrumb\":{\"@id\":\"https:\/\/horus.immo\/biens\/a-vendre-appartement-2-chambres-esch-sur-alzette-0309\/#breadcrumb\"},\"inLanguage\":\"en-US\",\"potentialAction\":[{\"@type\":\"ReadAction\",\"target\":[\"https:\/\/horus.immo\/biens\/a-vendre-appartement-2-chambres-esch-sur-alzette-0309\/\"]}]},{\"@type\":\"ImageObject\",\"inLanguage\":\"en-US\",\"@id\":\"https:\/\/horus.immo\/biens\/a-vendre-appartement-2-chambres-esch-sur-alzette-0309\/#primaryimage\",\"url\":\"https:\/\/horus.immo\/wp-content\/uploads\/2025\/07\/0309-A-VENDRE-Appartement-2-Chambres-Esch-sur-Alzette-1-VENDU.webp\",\"contentUrl\":\"https:\/\/horus.immo\/wp-content\/uploads\/2025\/07\/0309-A-VENDRE-Appartement-2-Chambres-Esch-sur-Alzette-1-VENDU.webp\",\"width\":1920,\"height\":1280},{\"@type\":\"BreadcrumbList\",\"@id\":\"https:\/\/horus.immo\/biens\/a-vendre-appartement-2-chambres-esch-sur-alzette-0309\/#breadcrumb\",\"itemListElement\":[{\"@type\":\"ListItem\",\"position\":1,\"name\":\"Accueil\",\"item\":\"https:\/\/horus.immo\/\"},{\"@type\":\"ListItem\",\"position\":2,\"name\":\"Propri\u00e9t\u00e9s\",\"item\":\"https:\/\/horus.immo\/biens\/\"},{\"@type\":\"ListItem\",\"position\":3,\"name\":\"Appartement 2 chambres \u00e0 Esch-sur-Alzette #0309\"}]},{\"@type\":\"WebSite\",\"@id\":\"https:\/\/horus.immo\/#website\",\"url\":\"https:\/\/horus.immo\/\",\"name\":\"HORUS Immobilier | L&#039;agence des vid\u00e9os de pr\u00e9sentation \ud83c\udfa5\ud83c\udfac\",\"description\":\"Sp\u00e9cialis\u00e9e dans la vente de maisons \ud83c\udfe0 et appartements \ud83c\udfe2\",\"publisher\":{\"@id\":\"https:\/\/horus.immo\/#organization\"},\"potentialAction\":[{\"@type\":\"SearchAction\",\"target\":{\"@type\":\"EntryPoint\",\"urlTemplate\":\"https:\/\/horus.immo\/?s={search_term_string}\"},\"query-input\":{\"@type\":\"PropertyValueSpecification\",\"valueRequired\":true,\"valueName\":\"search_term_string\"}}],\"inLanguage\":\"en-US\"},{\"@type\":\"Organization\",\"@id\":\"https:\/\/horus.immo\/#organization\",\"name\":\"HORUS Immobilier\",\"url\":\"https:\/\/horus.immo\/\",\"logo\":{\"@type\":\"ImageObject\",\"inLanguage\":\"en-US\",\"@id\":\"https:\/\/horus.immo\/#\/schema\/logo\/image\/\",\"url\":\"https:\/\/horus.immo\/wp-content\/uploads\/2022\/06\/HORUS-IMMOBILIERE-LOGO-200x200px.jpg\",\"contentUrl\":\"https:\/\/horus.immo\/wp-content\/uploads\/2022\/06\/HORUS-IMMOBILIERE-LOGO-200x200px.jpg\",\"width\":200,\"height\":200,\"caption\":\"HORUS Immobilier\"},\"image\":{\"@id\":\"https:\/\/horus.immo\/#\/schema\/logo\/image\/\"},\"sameAs\":[\"https:\/\/www.facebook.com\/immohorus\",\"https:\/\/x.com\/HorusImmobilier\",\"https:\/\/www.instagram.com\/horusimmobilier\/\",\"https:\/\/www.linkedin.com\/company\/horus-immobilier-luxembourg\/\",\"https:\/\/www.youtube.com\/channel\/UCj9DxyuvBSmyxBS8ISZ0mWQ\",\"https:\/\/www.tiktok.com\/@horus_immobilier\"]}]}<\/script>\n<!-- \/ Yoast SEO plugin. -->","yoast_head_json":{"title":"\u00c0 VENDRE - Appartement 2 chambres \u00e0 Esch-sur-Alzette | HORUS Immobilier","description":"HORUS Immobilier vous propose \u00e0 la vente en exclusivit\u00e9 cet appartement de 2 chambres faisant +\/-67m\u00b2, situ\u00e9 au 1er \u00e9tage, sans ascenseur, d'une r\u00e9sidence","robots":{"index":"index","follow":"follow","max-snippet":"max-snippet:-1","max-image-preview":"max-image-preview:large","max-video-preview":"max-video-preview:-1"},"canonical":"https:\/\/horus.immo\/en\/biens\/a-vendre-appartement-2-chambres-esch-sur-alzette-0309\/","og_locale":"en_US","og_type":"article","og_title":"\u00c0 VENDRE - Appartement 2 chambres \u00e0 Esch-sur-Alzette | HORUS Immobilier","og_description":"HORUS Immobilier vous propose \u00e0 la vente en exclusivit\u00e9 cet appartement de 2 chambres faisant +\/-67m\u00b2, situ\u00e9 au 1er \u00e9tage, sans ascenseur, d'une r\u00e9sidence","og_url":"https:\/\/horus.immo\/en\/biens\/a-vendre-appartement-2-chambres-esch-sur-alzette-0309\/","og_site_name":"HORUS Immobilier | L&#039;agence des vid\u00e9os de pr\u00e9sentation \ud83c\udfa5\ud83c\udfac","article_publisher":"https:\/\/www.facebook.com\/immohorus","article_modified_time":"2025-12-15T23:52:20+00:00","og_image":[{"width":1920,"height":1280,"url":"https:\/\/horus.immo\/wp-content\/uploads\/2025\/07\/0309-A-VENDRE-Appartement-2-Chambres-Esch-sur-Alzette-1-VENDU.webp","type":"image\/webp"}],"twitter_card":"summary_large_image","twitter_site":"@HorusImmobilier","twitter_misc":{"Est. reading time":"2 minutes"},"schema":{"@context":"https:\/\/schema.org","@graph":[{"@type":"WebPage","@id":"https:\/\/horus.immo\/biens\/a-vendre-appartement-2-chambres-esch-sur-alzette-0309\/","url":"https:\/\/horus.immo\/biens\/a-vendre-appartement-2-chambres-esch-sur-alzette-0309\/","name":"\u00c0 VENDRE - Appartement 2 chambres \u00e0 Esch-sur-Alzette | HORUS Immobilier","isPartOf":{"@id":"https:\/\/horus.immo\/#website"},"primaryImageOfPage":{"@id":"https:\/\/horus.immo\/biens\/a-vendre-appartement-2-chambres-esch-sur-alzette-0309\/#primaryimage"},"image":{"@id":"https:\/\/horus.immo\/biens\/a-vendre-appartement-2-chambres-esch-sur-alzette-0309\/#primaryimage"},"thumbnailUrl":"https:\/\/horus.immo\/wp-content\/uploads\/2025\/07\/0309-A-VENDRE-Appartement-2-Chambres-Esch-sur-Alzette-1-VENDU.webp","datePublished":"2025-07-29T23:59:53+00:00","dateModified":"2025-12-15T23:52:20+00:00","description":"HORUS Immobilier vous propose \u00e0 la vente en exclusivit\u00e9 cet appartement de 2 chambres faisant +\/-67m\u00b2, situ\u00e9 au 1er \u00e9tage, sans ascenseur, d'une r\u00e9sidence","breadcrumb":{"@id":"https:\/\/horus.immo\/biens\/a-vendre-appartement-2-chambres-esch-sur-alzette-0309\/#breadcrumb"},"inLanguage":"en-US","potentialAction":[{"@type":"ReadAction","target":["https:\/\/horus.immo\/biens\/a-vendre-appartement-2-chambres-esch-sur-alzette-0309\/"]}]},{"@type":"ImageObject","inLanguage":"en-US","@id":"https:\/\/horus.immo\/biens\/a-vendre-appartement-2-chambres-esch-sur-alzette-0309\/#primaryimage","url":"https:\/\/horus.immo\/wp-content\/uploads\/2025\/07\/0309-A-VENDRE-Appartement-2-Chambres-Esch-sur-Alzette-1-VENDU.webp","contentUrl":"https:\/\/horus.immo\/wp-content\/uploads\/2025\/07\/0309-A-VENDRE-Appartement-2-Chambres-Esch-sur-Alzette-1-VENDU.webp","width":1920,"height":1280},{"@type":"BreadcrumbList","@id":"https:\/\/horus.immo\/biens\/a-vendre-appartement-2-chambres-esch-sur-alzette-0309\/#breadcrumb","itemListElement":[{"@type":"ListItem","position":1,"name":"Accueil","item":"https:\/\/horus.immo\/"},{"@type":"ListItem","position":2,"name":"Propri\u00e9t\u00e9s","item":"https:\/\/horus.immo\/biens\/"},{"@type":"ListItem","position":3,"name":"Appartement 2 chambres \u00e0 Esch-sur-Alzette #0309"}]},{"@type":"WebSite","@id":"https:\/\/horus.immo\/#website","url":"https:\/\/horus.immo\/","name":"HORUS Immobilier | L&#039;agence des vid\u00e9os de pr\u00e9sentation \ud83c\udfa5\ud83c\udfac","description":"Sp\u00e9cialis\u00e9e dans la vente de maisons \ud83c\udfe0 et appartements \ud83c\udfe2","publisher":{"@id":"https:\/\/horus.immo\/#organization"},"potentialAction":[{"@type":"SearchAction","target":{"@type":"EntryPoint","urlTemplate":"https:\/\/horus.immo\/?s={search_term_string}"},"query-input":{"@type":"PropertyValueSpecification","valueRequired":true,"valueName":"search_term_string"}}],"inLanguage":"en-US"},{"@type":"Organization","@id":"https:\/\/horus.immo\/#organization","name":"HORUS Immobilier","url":"https:\/\/horus.immo\/","logo":{"@type":"ImageObject","inLanguage":"en-US","@id":"https:\/\/horus.immo\/#\/schema\/logo\/image\/","url":"https:\/\/horus.immo\/wp-content\/uploads\/2022\/06\/HORUS-IMMOBILIERE-LOGO-200x200px.jpg","contentUrl":"https:\/\/horus.immo\/wp-content\/uploads\/2022\/06\/HORUS-IMMOBILIERE-LOGO-200x200px.jpg","width":200,"height":200,"caption":"HORUS Immobilier"},"image":{"@id":"https:\/\/horus.immo\/#\/schema\/logo\/image\/"},"sameAs":["https:\/\/www.facebook.com\/immohorus","https:\/\/x.com\/HorusImmobilier","https:\/\/www.instagram.com\/horusimmobilier\/","https:\/\/www.linkedin.com\/company\/horus-immobilier-luxembourg\/","https:\/\/www.youtube.com\/channel\/UCj9DxyuvBSmyxBS8ISZ0mWQ","https:\/\/www.tiktok.com\/@horus_immobilier"]}]}},"_links":{"self":[{"href":"https:\/\/horus.immo\/en\/wp-json\/wp\/v2\/properties\/30138","targetHints":{"allow":["GET"]}}],"collection":[{"href":"https:\/\/horus.immo\/en\/wp-json\/wp\/v2\/properties"}],"about":[{"href":"https:\/\/horus.immo\/en\/wp-json\/wp\/v2\/types\/property"}],"author":[{"embeddable":true,"href":"https:\/\/horus.immo\/en\/wp-json\/wp\/v2\/users\/4"}],"version-history":[{"count":7,"href":"https:\/\/horus.immo\/en\/wp-json\/wp\/v2\/properties\/30138\/revisions"}],"predecessor-version":[{"id":30165,"href":"https:\/\/horus.immo\/en\/wp-json\/wp\/v2\/properties\/30138\/revisions\/30165"}],"wp:featuredmedia":[{"embeddable":true,"href":"https:\/\/horus.immo\/en\/wp-json\/wp\/v2\/media\/31658"}],"wp:attachment":[{"href":"https:\/\/horus.immo\/en\/wp-json\/wp\/v2\/media?parent=30138"}],"wp:term":[{"taxonomy":"property_type","embeddable":true,"href":"https:\/\/horus.immo\/en\/wp-json\/wp\/v2\/property_type?post=30138"},{"taxonomy":"property_status","embeddable":true,"href":"https:\/\/horus.immo\/en\/wp-json\/wp\/v2\/property_status?post=30138"},{"taxonomy":"property_feature","embeddable":true,"href":"https:\/\/horus.immo\/en\/wp-json\/wp\/v2\/property_feature?post=30138"},{"taxonomy":"property_label","embeddable":true,"href":"https:\/\/horus.immo\/en\/wp-json\/wp\/v2\/property_label?post=30138"},{"taxonomy":"property_country","embeddable":true,"href":"https:\/\/horus.immo\/en\/wp-json\/wp\/v2\/property_country?post=30138"},{"taxonomy":"property_state","embeddable":true,"href":"https:\/\/horus.immo\/en\/wp-json\/wp\/v2\/property_state?post=30138"},{"taxonomy":"property_city","embeddable":true,"href":"https:\/\/horus.immo\/en\/wp-json\/wp\/v2\/property_city?post=30138"},{"taxonomy":"property_area","embeddable":true,"href":"https:\/\/horus.immo\/en\/wp-json\/wp\/v2\/property_area?post=30138"}],"curies":[{"name":"wp","href":"https:\/\/api.w.org\/{rel}","templated":true}]}}