{"id":31610,"date":"2025-11-29T00:41:11","date_gmt":"2025-11-28T23:41:11","guid":{"rendered":"https:\/\/horus.immo\/?post_type=property&#038;p=31610"},"modified":"2026-03-26T17:46:32","modified_gmt":"2026-03-26T16:46:32","slug":"a-vendre-appartement-2-chambres-belvaux-sanem-0404","status":"publish","type":"property","link":"https:\/\/horus.immo\/en\/biens\/a-vendre-appartement-2-chambres-belvaux-sanem-0404\/","title":{"rendered":"Appartement 2 chambres \u00e0 Belvaux #0404"},"content":{"rendered":"<p>HORUS Immobilier, vous propose \u00e0 la vente en exclusivit\u00e9 cet appartement de 2 chambres, faisant +\/-65m\u00b2, situ\u00e9 au 2e \u00e9tage dans une r\u00e9sidence de 3 unit\u00e9s sans ascenseur \u00e0 Belvaux, commune de Sanem.<\/p>\n\n\n\n<p>L&#8217;appartement se compose comme suit :<br>&#8211; Un hall d&#8217;entr\u00e9e avec placard int\u00e9gr\u00e9<br>&#8211; Un salon (+\/-14m\u00b2)<br>&#8211; Une cuisine \u00e9quip\u00e9e s\u00e9par\u00e9e (+\/-12m\u00b2)<br>&#8211; Deux chambres \u00e0 coucher (+\/-13m\u00b2 et +\/-15m\u00b2)<br>&#8211; Une salle de douche avec WC<\/p>\n\n\n\n<p>Completes this property :<br>&#8211; Un garage pour une voiture<br>\u2013 An outdoor parking space<br>&#8211; Une cave privative (+\/-5m\u00b2)<br>&#8211; Un grenier commun<br>&#8211; Un jardin commun<\/p>\n\n\n\n<p>For any further information, please contact:<br>M. <strong>Ricardo SANTOS<\/strong><br><img decoding=\"async\" height=\"16\" width=\"16\" src=\"https:\/\/static.xx.fbcdn.net\/images\/emoji.php\/v9\/tf6\/2\/16\/1f4f1.png\" alt=\"\ud83d\udcf1\">(+352) <strong>661 919 399<\/strong><br><img decoding=\"async\" height=\"16\" width=\"16\" src=\"https:\/\/static.xx.fbcdn.net\/images\/emoji.php\/v9\/t5d\/2\/16\/1f4e7.png\" alt=\"\ud83d\udce7\"> <strong>ricardo.santos@horus.immo<\/strong><\/p>","protected":false},"excerpt":{"rendered":"<p>HORUS Immobilier, vous propose \u00e0 la vente en exclusivit\u00e9 cet appartement de 2 chambres, faisant +\/-65m\u00b2, situ\u00e9 au 2e \u00e9tage dans une r\u00e9sidence de 3 unit\u00e9s sans ascenseur \u00e0 Belvaux, commune de Sanem. L&#8217;appartement se compose comme suit :&#8211; Un hall d&#8217;entr\u00e9e avec placard int\u00e9gr\u00e9&#8211; Un salon (+\/-14m\u00b2)&#8211; Une cuisine \u00e9quip\u00e9e s\u00e9par\u00e9e (+\/-12m\u00b2)&#8211; Deux chambres [&hellip;]<\/p>\n","protected":false},"author":4,"featured_media":32408,"parent":0,"menu_order":0,"template":"","property_type":[93],"property_status":[130],"property_feature":[160,177,112,124,129,135,157,98,104,170,162],"property_label":[],"property_country":[82],"property_state":[],"property_city":[226],"property_area":[],"class_list":["post-31610","property","type-property","status-publish","has-post-thumbnail","hentry","property_type-appartement","property_status-vendu","property_feature-animaux-acceptes","property_feature-beton","property_feature-cave","property_feature-parking-exterieur","property_feature-garage","property_feature-chauffage-gaz","property_feature-grenier","property_feature-radiateurs","property_feature-triple-vitrage","property_feature-videophone","property_feature-volets-roulants","property_country-luxembourg","property_city-belvaux"],"property_meta":{"_edit_lock":["1774543641:4"],"_edit_last":["4"],"fave_show_price_placeholder":["0"],"fave_property_map":["1"],"fave_property_location":["49.5096602,5.9277736,15"],"houzez_geolocation_lat":["49.5096602"],"houzez_geolocation_long":["5.9277736"],"fave_property_map_street_view":["hide"],"fave_featured":["0"],"houzez_featured_listing_date":[""],"fave_loggedintoview":["0"],"fave_agent_display_option":["agent_info"],"fave_prop_homeslider":["no"],"fave_single_top_area":["global"],"fave_single_content_area":["global"],"houzez_manual_expire":["0"],"_houzez_expiration_date_status":["saved"],"_yoast_wpseo_primary_property_type":["93"],"_yoast_wpseo_primary_property_status":["130"],"_yoast_wpseo_primary_property_feature":["135"],"_yoast_wpseo_primary_property_label":[""],"_yoast_wpseo_primary_property_country":["82"],"_yoast_wpseo_primary_property_state":[""],"_yoast_wpseo_primary_property_city":["226"],"_yoast_wpseo_primary_property_area":[""],"_yoast_wpseo_content_score":["90"],"_yoast_wpseo_estimated-reading-time-minutes":["2"],"_yoast_wpseo_title":["VENDU - Appartement 2 chambre \u00e0 Belvaux | HORUS Immobilier"],"fave_property_size":["65"],"fave_property_size_prefix":["m\u00b2"],"fave_property_land":["3.25"],"fave_property_land_postfix":["ares"],"fave_property_bedrooms":["2"],"fave_property_bathrooms":["1"],"fave_property_garage":["2"],"fave_property_year":["1969"],"fave_property_id":["0404"],"fave_c3a9tage":["2"],"fave_nb-d-c3a9tages":["3"],"fave_property_map_address":["Belvaux Sanem, Luxembourg"],"fave_agents":["25267"],"fave_energy_class":["G"],"fave_energy_global_index":["G"],"fave_renewable_energy_global_index":["G"],"_thumbnail_id":["32408"],"houzez_total_property_views":["1752"],"houzez_views_by_date":["a:61:{s:10:\"02-06-2026\";i:4;s:10:\"02-07-2026\";i:2;s:10:\"02-08-2026\";i:8;s:10:\"02-11-2026\";i:6;s:10:\"02-12-2026\";i:3;s:10:\"02-13-2026\";i:6;s:10:\"02-14-2026\";i:2;s:10:\"02-15-2026\";i:1;s:10:\"02-16-2026\";i:7;s:10:\"02-17-2026\";i:5;s:10:\"02-19-2026\";i:4;s:10:\"02-20-2026\";i:3;s:10:\"02-21-2026\";i:2;s:10:\"02-23-2026\";i:2;s:10:\"02-25-2026\";i:4;s:10:\"02-26-2026\";i:1;s:10:\"02-28-2026\";i:2;s:10:\"03-01-2026\";i:2;s:10:\"03-02-2026\";i:4;s:10:\"03-03-2026\";i:1;s:10:\"03-05-2026\";i:2;s:10:\"03-06-2026\";i:3;s:10:\"03-11-2026\";i:3;s:10:\"03-12-2026\";i:3;s:10:\"03-13-2026\";i:5;s:10:\"03-15-2026\";i:3;s:10:\"03-17-2026\";i:7;s:10:\"03-18-2026\";i:4;s:10:\"03-19-2026\";i:4;s:10:\"03-20-2026\";i:2;s:10:\"03-21-2026\";i:2;s:10:\"03-24-2026\";i:2;s:10:\"03-25-2026\";i:2;s:10:\"03-26-2026\";i:8;s:10:\"03-27-2026\";i:2;s:10:\"03-28-2026\";i:2;s:10:\"04-01-2026\";i:2;s:10:\"04-02-2026\";i:2;s:10:\"04-03-2026\";i:1;s:10:\"04-04-2026\";i:2;s:10:\"04-05-2026\";i:3;s:10:\"04-07-2026\";i:1;s:10:\"04-08-2026\";i:2;s:10:\"04-09-2026\";i:2;s:10:\"04-10-2026\";i:1;s:10:\"04-11-2026\";i:4;s:10:\"04-12-2026\";i:1;s:10:\"04-14-2026\";i:9;s:10:\"04-15-2026\";i:3;s:10:\"04-16-2026\";i:2;s:10:\"04-18-2026\";i:1;s:10:\"04-19-2026\";i:3;s:10:\"04-20-2026\";i:3;s:10:\"04-22-2026\";i:4;s:10:\"04-23-2026\";i:1;s:10:\"04-24-2026\";i:2;s:10:\"04-25-2026\";i:1;s:10:\"04-26-2026\";i:1;s:10:\"04-27-2026\";i:6;s:10:\"04-28-2026\";i:4;s:10:\"04-29-2026\";i:4;}"],"houzez_recently_viewed":["2026-04-29 08:55:51"],"fave_property_images":["32408","31618","31619","31620","31621","31622","31623","31624","31625","31626","31627","31628","31629","31630","31631","31632","31633","31634","31635","31636","31637","31638","31639","31640"],"_elementor_page_assets":["a:0:{}"]},"yoast_head":"<!-- This site is optimized with the Yoast SEO plugin v27.1.1 - https:\/\/yoast.com\/product\/yoast-seo-wordpress\/ -->\n<title>VENDU - Appartement 2 chambre \u00e0 Belvaux | HORUS Immobilier<\/title>\n<meta name=\"description\" content=\"HORUS Immobilier, vous propose \u00e0 la vente en exclusivit\u00e9 cet appartement de 2 chambres, faisant +\/-65m\u00b2, situ\u00e9 au 2e \u00e9tage dans une r\u00e9sidence de 3 unit\u00e9s\" \/>\n<meta name=\"robots\" content=\"index, follow, max-snippet:-1, max-image-preview:large, max-video-preview:-1\" \/>\n<link rel=\"canonical\" href=\"https:\/\/horus.immo\/en\/biens\/a-vendre-appartement-2-chambres-belvaux-sanem-0404\/\" \/>\n<meta property=\"og:locale\" content=\"en_US\" \/>\n<meta property=\"og:type\" content=\"article\" \/>\n<meta property=\"og:title\" content=\"VENDU - Appartement 2 chambre \u00e0 Belvaux | HORUS Immobilier\" \/>\n<meta property=\"og:description\" content=\"HORUS Immobilier, vous propose \u00e0 la vente en exclusivit\u00e9 cet appartement de 2 chambres, faisant +\/-65m\u00b2, situ\u00e9 au 2e \u00e9tage dans une r\u00e9sidence de 3 unit\u00e9s\" \/>\n<meta property=\"og:url\" content=\"https:\/\/horus.immo\/en\/biens\/a-vendre-appartement-2-chambres-belvaux-sanem-0404\/\" \/>\n<meta property=\"og:site_name\" content=\"HORUS Immobilier | L&#039;agence des vid\u00e9os de pr\u00e9sentation \ud83c\udfa5\ud83c\udfac\" \/>\n<meta property=\"article:publisher\" content=\"https:\/\/www.facebook.com\/immohorus\" \/>\n<meta property=\"article:modified_time\" content=\"2026-03-26T16:46:32+00:00\" \/>\n<meta property=\"og:image\" content=\"https:\/\/horus.immo\/wp-content\/uploads\/2025\/11\/0404-A-VENDRE-Appartement-2-Chambres-Belvaux-1-VENDU.webp\" \/>\n\t<meta property=\"og:image:width\" content=\"1920\" \/>\n\t<meta property=\"og:image:height\" content=\"1280\" \/>\n\t<meta property=\"og:image:type\" content=\"image\/webp\" \/>\n<meta name=\"twitter:card\" content=\"summary_large_image\" \/>\n<meta name=\"twitter:site\" content=\"@HorusImmobilier\" \/>\n<meta name=\"twitter:label1\" content=\"Est. reading time\" \/>\n\t<meta name=\"twitter:data1\" content=\"2 minutes\" \/>\n<script type=\"application\/ld+json\" class=\"yoast-schema-graph\">{\"@context\":\"https:\/\/schema.org\",\"@graph\":[{\"@type\":\"WebPage\",\"@id\":\"https:\/\/horus.immo\/biens\/a-vendre-appartement-2-chambres-belvaux-sanem-0404\/\",\"url\":\"https:\/\/horus.immo\/biens\/a-vendre-appartement-2-chambres-belvaux-sanem-0404\/\",\"name\":\"VENDU - Appartement 2 chambre \u00e0 Belvaux | HORUS Immobilier\",\"isPartOf\":{\"@id\":\"https:\/\/horus.immo\/#website\"},\"primaryImageOfPage\":{\"@id\":\"https:\/\/horus.immo\/biens\/a-vendre-appartement-2-chambres-belvaux-sanem-0404\/#primaryimage\"},\"image\":{\"@id\":\"https:\/\/horus.immo\/biens\/a-vendre-appartement-2-chambres-belvaux-sanem-0404\/#primaryimage\"},\"thumbnailUrl\":\"https:\/\/horus.immo\/wp-content\/uploads\/2025\/11\/0404-A-VENDRE-Appartement-2-Chambres-Belvaux-1-VENDU.webp\",\"datePublished\":\"2025-11-28T23:41:11+00:00\",\"dateModified\":\"2026-03-26T16:46:32+00:00\",\"description\":\"HORUS Immobilier, vous propose \u00e0 la vente en exclusivit\u00e9 cet appartement de 2 chambres, faisant +\/-65m\u00b2, situ\u00e9 au 2e \u00e9tage dans une r\u00e9sidence de 3 unit\u00e9s\",\"breadcrumb\":{\"@id\":\"https:\/\/horus.immo\/biens\/a-vendre-appartement-2-chambres-belvaux-sanem-0404\/#breadcrumb\"},\"inLanguage\":\"en-US\",\"potentialAction\":[{\"@type\":\"ReadAction\",\"target\":[\"https:\/\/horus.immo\/biens\/a-vendre-appartement-2-chambres-belvaux-sanem-0404\/\"]}]},{\"@type\":\"ImageObject\",\"inLanguage\":\"en-US\",\"@id\":\"https:\/\/horus.immo\/biens\/a-vendre-appartement-2-chambres-belvaux-sanem-0404\/#primaryimage\",\"url\":\"https:\/\/horus.immo\/wp-content\/uploads\/2025\/11\/0404-A-VENDRE-Appartement-2-Chambres-Belvaux-1-VENDU.webp\",\"contentUrl\":\"https:\/\/horus.immo\/wp-content\/uploads\/2025\/11\/0404-A-VENDRE-Appartement-2-Chambres-Belvaux-1-VENDU.webp\",\"width\":1920,\"height\":1280},{\"@type\":\"BreadcrumbList\",\"@id\":\"https:\/\/horus.immo\/biens\/a-vendre-appartement-2-chambres-belvaux-sanem-0404\/#breadcrumb\",\"itemListElement\":[{\"@type\":\"ListItem\",\"position\":1,\"name\":\"Accueil\",\"item\":\"https:\/\/horus.immo\/\"},{\"@type\":\"ListItem\",\"position\":2,\"name\":\"Propri\u00e9t\u00e9s\",\"item\":\"https:\/\/horus.immo\/biens\/\"},{\"@type\":\"ListItem\",\"position\":3,\"name\":\"Appartement 2 chambres \u00e0 Belvaux #0404\"}]},{\"@type\":\"WebSite\",\"@id\":\"https:\/\/horus.immo\/#website\",\"url\":\"https:\/\/horus.immo\/\",\"name\":\"HORUS Immobilier | L&#039;agence des vid\u00e9os de pr\u00e9sentation \ud83c\udfa5\ud83c\udfac\",\"description\":\"Sp\u00e9cialis\u00e9e dans la vente de maisons \ud83c\udfe0 et appartements \ud83c\udfe2\",\"publisher\":{\"@id\":\"https:\/\/horus.immo\/#organization\"},\"potentialAction\":[{\"@type\":\"SearchAction\",\"target\":{\"@type\":\"EntryPoint\",\"urlTemplate\":\"https:\/\/horus.immo\/?s={search_term_string}\"},\"query-input\":{\"@type\":\"PropertyValueSpecification\",\"valueRequired\":true,\"valueName\":\"search_term_string\"}}],\"inLanguage\":\"en-US\"},{\"@type\":\"Organization\",\"@id\":\"https:\/\/horus.immo\/#organization\",\"name\":\"HORUS Immobilier\",\"url\":\"https:\/\/horus.immo\/\",\"logo\":{\"@type\":\"ImageObject\",\"inLanguage\":\"en-US\",\"@id\":\"https:\/\/horus.immo\/#\/schema\/logo\/image\/\",\"url\":\"https:\/\/horus.immo\/wp-content\/uploads\/2022\/06\/HORUS-IMMOBILIERE-LOGO-200x200px.jpg\",\"contentUrl\":\"https:\/\/horus.immo\/wp-content\/uploads\/2022\/06\/HORUS-IMMOBILIERE-LOGO-200x200px.jpg\",\"width\":200,\"height\":200,\"caption\":\"HORUS Immobilier\"},\"image\":{\"@id\":\"https:\/\/horus.immo\/#\/schema\/logo\/image\/\"},\"sameAs\":[\"https:\/\/www.facebook.com\/immohorus\",\"https:\/\/x.com\/HorusImmobilier\",\"https:\/\/www.instagram.com\/horusimmobilier\/\",\"https:\/\/www.linkedin.com\/company\/horus-immobilier-luxembourg\/\",\"https:\/\/www.youtube.com\/channel\/UCj9DxyuvBSmyxBS8ISZ0mWQ\",\"https:\/\/www.tiktok.com\/@horus_immobilier\"]}]}<\/script>\n<!-- \/ Yoast SEO plugin. -->","yoast_head_json":{"title":"VENDU - Appartement 2 chambre \u00e0 Belvaux | HORUS Immobilier","description":"HORUS Immobilier, vous propose \u00e0 la vente en exclusivit\u00e9 cet appartement de 2 chambres, faisant +\/-65m\u00b2, situ\u00e9 au 2e \u00e9tage dans une r\u00e9sidence de 3 unit\u00e9s","robots":{"index":"index","follow":"follow","max-snippet":"max-snippet:-1","max-image-preview":"max-image-preview:large","max-video-preview":"max-video-preview:-1"},"canonical":"https:\/\/horus.immo\/en\/biens\/a-vendre-appartement-2-chambres-belvaux-sanem-0404\/","og_locale":"en_US","og_type":"article","og_title":"VENDU - Appartement 2 chambre \u00e0 Belvaux | HORUS Immobilier","og_description":"HORUS Immobilier, vous propose \u00e0 la vente en exclusivit\u00e9 cet appartement de 2 chambres, faisant +\/-65m\u00b2, situ\u00e9 au 2e \u00e9tage dans une r\u00e9sidence de 3 unit\u00e9s","og_url":"https:\/\/horus.immo\/en\/biens\/a-vendre-appartement-2-chambres-belvaux-sanem-0404\/","og_site_name":"HORUS Immobilier | L&#039;agence des vid\u00e9os de pr\u00e9sentation \ud83c\udfa5\ud83c\udfac","article_publisher":"https:\/\/www.facebook.com\/immohorus","article_modified_time":"2026-03-26T16:46:32+00:00","og_image":[{"width":1920,"height":1280,"url":"https:\/\/horus.immo\/wp-content\/uploads\/2025\/11\/0404-A-VENDRE-Appartement-2-Chambres-Belvaux-1-VENDU.webp","type":"image\/webp"}],"twitter_card":"summary_large_image","twitter_site":"@HorusImmobilier","twitter_misc":{"Est. reading time":"2 minutes"},"schema":{"@context":"https:\/\/schema.org","@graph":[{"@type":"WebPage","@id":"https:\/\/horus.immo\/biens\/a-vendre-appartement-2-chambres-belvaux-sanem-0404\/","url":"https:\/\/horus.immo\/biens\/a-vendre-appartement-2-chambres-belvaux-sanem-0404\/","name":"VENDU - Appartement 2 chambre \u00e0 Belvaux | HORUS Immobilier","isPartOf":{"@id":"https:\/\/horus.immo\/#website"},"primaryImageOfPage":{"@id":"https:\/\/horus.immo\/biens\/a-vendre-appartement-2-chambres-belvaux-sanem-0404\/#primaryimage"},"image":{"@id":"https:\/\/horus.immo\/biens\/a-vendre-appartement-2-chambres-belvaux-sanem-0404\/#primaryimage"},"thumbnailUrl":"https:\/\/horus.immo\/wp-content\/uploads\/2025\/11\/0404-A-VENDRE-Appartement-2-Chambres-Belvaux-1-VENDU.webp","datePublished":"2025-11-28T23:41:11+00:00","dateModified":"2026-03-26T16:46:32+00:00","description":"HORUS Immobilier, vous propose \u00e0 la vente en exclusivit\u00e9 cet appartement de 2 chambres, faisant +\/-65m\u00b2, situ\u00e9 au 2e \u00e9tage dans une r\u00e9sidence de 3 unit\u00e9s","breadcrumb":{"@id":"https:\/\/horus.immo\/biens\/a-vendre-appartement-2-chambres-belvaux-sanem-0404\/#breadcrumb"},"inLanguage":"en-US","potentialAction":[{"@type":"ReadAction","target":["https:\/\/horus.immo\/biens\/a-vendre-appartement-2-chambres-belvaux-sanem-0404\/"]}]},{"@type":"ImageObject","inLanguage":"en-US","@id":"https:\/\/horus.immo\/biens\/a-vendre-appartement-2-chambres-belvaux-sanem-0404\/#primaryimage","url":"https:\/\/horus.immo\/wp-content\/uploads\/2025\/11\/0404-A-VENDRE-Appartement-2-Chambres-Belvaux-1-VENDU.webp","contentUrl":"https:\/\/horus.immo\/wp-content\/uploads\/2025\/11\/0404-A-VENDRE-Appartement-2-Chambres-Belvaux-1-VENDU.webp","width":1920,"height":1280},{"@type":"BreadcrumbList","@id":"https:\/\/horus.immo\/biens\/a-vendre-appartement-2-chambres-belvaux-sanem-0404\/#breadcrumb","itemListElement":[{"@type":"ListItem","position":1,"name":"Accueil","item":"https:\/\/horus.immo\/"},{"@type":"ListItem","position":2,"name":"Propri\u00e9t\u00e9s","item":"https:\/\/horus.immo\/biens\/"},{"@type":"ListItem","position":3,"name":"Appartement 2 chambres \u00e0 Belvaux #0404"}]},{"@type":"WebSite","@id":"https:\/\/horus.immo\/#website","url":"https:\/\/horus.immo\/","name":"HORUS Immobilier | L&#039;agence des vid\u00e9os de pr\u00e9sentation \ud83c\udfa5\ud83c\udfac","description":"Sp\u00e9cialis\u00e9e dans la vente de maisons \ud83c\udfe0 et appartements \ud83c\udfe2","publisher":{"@id":"https:\/\/horus.immo\/#organization"},"potentialAction":[{"@type":"SearchAction","target":{"@type":"EntryPoint","urlTemplate":"https:\/\/horus.immo\/?s={search_term_string}"},"query-input":{"@type":"PropertyValueSpecification","valueRequired":true,"valueName":"search_term_string"}}],"inLanguage":"en-US"},{"@type":"Organization","@id":"https:\/\/horus.immo\/#organization","name":"HORUS Immobilier","url":"https:\/\/horus.immo\/","logo":{"@type":"ImageObject","inLanguage":"en-US","@id":"https:\/\/horus.immo\/#\/schema\/logo\/image\/","url":"https:\/\/horus.immo\/wp-content\/uploads\/2022\/06\/HORUS-IMMOBILIERE-LOGO-200x200px.jpg","contentUrl":"https:\/\/horus.immo\/wp-content\/uploads\/2022\/06\/HORUS-IMMOBILIERE-LOGO-200x200px.jpg","width":200,"height":200,"caption":"HORUS Immobilier"},"image":{"@id":"https:\/\/horus.immo\/#\/schema\/logo\/image\/"},"sameAs":["https:\/\/www.facebook.com\/immohorus","https:\/\/x.com\/HorusImmobilier","https:\/\/www.instagram.com\/horusimmobilier\/","https:\/\/www.linkedin.com\/company\/horus-immobilier-luxembourg\/","https:\/\/www.youtube.com\/channel\/UCj9DxyuvBSmyxBS8ISZ0mWQ","https:\/\/www.tiktok.com\/@horus_immobilier"]}]}},"_links":{"self":[{"href":"https:\/\/horus.immo\/en\/wp-json\/wp\/v2\/properties\/31610","targetHints":{"allow":["GET"]}}],"collection":[{"href":"https:\/\/horus.immo\/en\/wp-json\/wp\/v2\/properties"}],"about":[{"href":"https:\/\/horus.immo\/en\/wp-json\/wp\/v2\/types\/property"}],"author":[{"embeddable":true,"href":"https:\/\/horus.immo\/en\/wp-json\/wp\/v2\/users\/4"}],"version-history":[{"count":8,"href":"https:\/\/horus.immo\/en\/wp-json\/wp\/v2\/properties\/31610\/revisions"}],"predecessor-version":[{"id":31642,"href":"https:\/\/horus.immo\/en\/wp-json\/wp\/v2\/properties\/31610\/revisions\/31642"}],"wp:featuredmedia":[{"embeddable":true,"href":"https:\/\/horus.immo\/en\/wp-json\/wp\/v2\/media\/32408"}],"wp:attachment":[{"href":"https:\/\/horus.immo\/en\/wp-json\/wp\/v2\/media?parent=31610"}],"wp:term":[{"taxonomy":"property_type","embeddable":true,"href":"https:\/\/horus.immo\/en\/wp-json\/wp\/v2\/property_type?post=31610"},{"taxonomy":"property_status","embeddable":true,"href":"https:\/\/horus.immo\/en\/wp-json\/wp\/v2\/property_status?post=31610"},{"taxonomy":"property_feature","embeddable":true,"href":"https:\/\/horus.immo\/en\/wp-json\/wp\/v2\/property_feature?post=31610"},{"taxonomy":"property_label","embeddable":true,"href":"https:\/\/horus.immo\/en\/wp-json\/wp\/v2\/property_label?post=31610"},{"taxonomy":"property_country","embeddable":true,"href":"https:\/\/horus.immo\/en\/wp-json\/wp\/v2\/property_country?post=31610"},{"taxonomy":"property_state","embeddable":true,"href":"https:\/\/horus.immo\/en\/wp-json\/wp\/v2\/property_state?post=31610"},{"taxonomy":"property_city","embeddable":true,"href":"https:\/\/horus.immo\/en\/wp-json\/wp\/v2\/property_city?post=31610"},{"taxonomy":"property_area","embeddable":true,"href":"https:\/\/horus.immo\/en\/wp-json\/wp\/v2\/property_area?post=31610"}],"curies":[{"name":"wp","href":"https:\/\/api.w.org\/{rel}","templated":true}]}}