{"id":19950,"date":"2022-09-03T01:08:34","date_gmt":"2022-09-02T23:08:34","guid":{"rendered":"https:\/\/horus.immo\/?post_type=property&#038;p=19950"},"modified":"2024-11-27T16:02:58","modified_gmt":"2024-11-27T15:02:58","slug":"appartement-2-chambres-a-roeser-0012","status":"publish","type":"property","link":"https:\/\/horus.immo\/lu\/biens\/appartement-2-chambres-a-roeser-0012\/","title":{"rendered":"Appartement 2 chambres \u00e0 Roeser #0012"},"content":{"rendered":"<p>HORUS Immobilier, vous propose \u00e0 la vente en exclusivit\u00e9 cet appartement de 2 chambres faisant +\/-96m\u00b2 au deuxi\u00e8me \u00e9tage, avec ascenseur, d&#8217;une r\u00e9sidence de 16 unit\u00e9s, situ\u00e9 \u00e0 Roeser.<\/p>\n\n\n\n<p>L&#8217;appartement se compose comme suit :<br>\u2013 Eng Entr\u00e9e<br>&#8211; Un espace-vie cuisine \/ salon \/ salle \u00e0 manger (+\/-52m\u00b2)<br>&#8211; Deux chambres \u00e0 coucher avec acc\u00e8s sur le balcon (+\/-14m\u00b2 et +\/-15m\u00b2)<br>&#8211; Une salle de douche (+\/-7m\u00b2)<\/p>\n\n\n\n<p>Komplett d\u00ebs Immobilie :<br>&#8211; Un balcon orient\u00e9 nord-ouest (+\/-8m\u00b2)<br>&#8211; Un emplacement de parking int\u00e9rieur<br>&#8211; Une cave privative (+\/-7m\u00b2)<br>&#8211; Un emplacement pour le lave-linge et s\u00e8che-linge dans la buanderie commune<\/p>\n\n\n\n<p>Fir all weider Informatiounen, kontakt\u00e9iert w.e.g.:<br>M. <strong>Fabio CAIANO<\/strong><br><img decoding=\"async\" height=\"16\" width=\"16\" src=\"https:\/\/static.xx.fbcdn.net\/images\/emoji.php\/v9\/tf6\/2\/16\/1f4f1.png\" alt=\"\ud83d\udcf1\">(+352) <strong>691 686 832<\/strong><br><img decoding=\"async\" height=\"16\" width=\"16\" src=\"https:\/\/static.xx.fbcdn.net\/images\/emoji.php\/v9\/t5d\/2\/16\/1f4e7.png\" alt=\"\ud83d\udce7\"> <strong>fabio.caiano@horus-immo.lu<\/strong><\/p>","protected":false},"excerpt":{"rendered":"<p>HORUS Immobilier, vous propose \u00e0 la vente en exclusivit\u00e9 cet appartement de 2 chambres faisant +\/-96m\u00b2 au deuxi\u00e8me \u00e9tage, avec ascenseur, d&#8217;une r\u00e9sidence de 16 unit\u00e9s, situ\u00e9 \u00e0 Roeser. L&#8217;appartement se compose comme suit :&#8211; Un hall d&#8217;entr\u00e9e&#8211; Un espace-vie cuisine \/ salon \/ salle \u00e0 manger (+\/-52m\u00b2)&#8211; Deux chambres \u00e0 coucher avec acc\u00e8s sur [&hellip;]<\/p>\n","protected":false},"author":4,"featured_media":23510,"parent":0,"menu_order":0,"template":"","property_type":[93],"property_status":[130],"property_feature":[160,163,108,177,111,112,144,99,123,135,119,169,98,159,102],"property_label":[],"property_country":[82],"property_state":[],"property_city":[92],"property_area":[],"class_list":["post-19950","property","type-property","status-publish","has-post-thumbnail","hentry","property_type-appartement","property_status-vendu","property_feature-animaux-acceptes","property_feature-ascenseur","property_feature-balcon","property_feature-beton","property_feature-buanderie","property_feature-cave","property_feature-double-vitrage","property_feature-eau-chaude-collective","property_feature-parking-interieur","property_feature-chauffage-gaz","property_feature-nord-ouest","property_feature-parlophone","property_feature-radiateurs","property_feature-renove","property_feature-volets-electriques","property_country-luxembourg","property_city-roeser"],"property_meta":{"_edit_lock":["1732719780:4"],"_edit_last":["4"],"fave_property_map":["1"],"fave_property_location":["49.5443509,6.1491568,15"],"houzez_geolocation_lat":["49.5443509"],"houzez_geolocation_long":["6.1491568"],"fave_property_map_street_view":["hide"],"fave_featured":["0"],"fave_loggedintoview":["0"],"fave_agent_display_option":["agent_info"],"fave_prop_homeslider":["no"],"fave_single_top_area":["global"],"fave_single_content_area":["global"],"houzez_manual_expire":["0"],"_houzez_expiration_date_status":["saved"],"_yoast_wpseo_title":["VENDU - Appartement 2 chambres \u00e0 Roeser %%sep%% %%sitename%%"],"_yoast_wpseo_estimated-reading-time-minutes":["2"],"_yoast_wpseo_wordproof_timestamp":[""],"_yoast_wpseo_content_score":["90"],"fave_property_size":["96"],"fave_property_size_prefix":["m\u00b2"],"fave_property_land":["25.02"],"fave_property_land_postfix":["ares"],"fave_property_bedrooms":["2"],"fave_property_bathrooms":["1"],"fave_property_garage":["1"],"fave_property_year":["2002"],"fave_property_id":["0012"],"_yoast_wpseo_primary_property_type":["93"],"_yoast_wpseo_primary_property_status":["130"],"_yoast_wpseo_primary_property_feature":["99"],"_yoast_wpseo_primary_property_country":["82"],"_yoast_wpseo_primary_property_city":["92"],"fave_property_map_address":["Roeser, Luxembourg"],"fave_agents":["17675"],"fave_energy_class":["E"],"fave_energy_global_index":["E"],"fave_renewable_energy_global_index":["E"],"fave_video_url":["https:\/\/www.youtube.com\/watch?v=NfrgezKHfCQ"],"_thumbnail_id":["23510"],"fave_c3a9tage":["2"],"fave_nb-d-c3a9tages":["4"],"houzez_total_property_views":["1503"],"houzez_views_by_date":["a:61:{s:10:\"12-23-2025\";i:2;s:10:\"12-24-2025\";i:1;s:10:\"12-25-2025\";i:1;s:10:\"12-30-2025\";i:1;s:10:\"01-03-2026\";i:4;s:10:\"01-10-2026\";i:4;s:10:\"01-14-2026\";i:3;s:10:\"01-17-2026\";i:2;s:10:\"01-18-2026\";i:2;s:10:\"01-19-2026\";i:1;s:10:\"01-22-2026\";i:2;s:10:\"01-23-2026\";i:2;s:10:\"01-24-2026\";i:4;s:10:\"01-28-2026\";i:1;s:10:\"01-30-2026\";i:1;s:10:\"02-02-2026\";i:2;s:10:\"02-03-2026\";i:1;s:10:\"02-06-2026\";i:1;s:10:\"02-07-2026\";i:2;s:10:\"02-09-2026\";i:2;s:10:\"02-11-2026\";i:6;s:10:\"02-12-2026\";i:3;s:10:\"02-13-2026\";i:1;s:10:\"02-14-2026\";i:3;s:10:\"02-16-2026\";i:1;s:10:\"02-18-2026\";i:2;s:10:\"02-19-2026\";i:1;s:10:\"02-20-2026\";i:1;s:10:\"02-22-2026\";i:1;s:10:\"02-23-2026\";i:3;s:10:\"02-25-2026\";i:3;s:10:\"02-28-2026\";i:3;s:10:\"03-01-2026\";i:1;s:10:\"03-03-2026\";i:1;s:10:\"03-05-2026\";i:1;s:10:\"03-06-2026\";i:4;s:10:\"03-11-2026\";i:1;s:10:\"03-12-2026\";i:6;s:10:\"03-13-2026\";i:3;s:10:\"03-17-2026\";i:4;s:10:\"03-18-2026\";i:2;s:10:\"03-21-2026\";i:4;s:10:\"03-24-2026\";i:1;s:10:\"03-25-2026\";i:1;s:10:\"03-26-2026\";i:1;s:10:\"03-28-2026\";i:2;s:10:\"04-01-2026\";i:1;s:10:\"04-02-2026\";i:1;s:10:\"04-03-2026\";i:1;s:10:\"04-04-2026\";i:3;s:10:\"04-08-2026\";i:1;s:10:\"04-09-2026\";i:2;s:10:\"04-10-2026\";i:1;s:10:\"04-13-2026\";i:2;s:10:\"04-15-2026\";i:1;s:10:\"04-16-2026\";i:1;s:10:\"04-18-2026\";i:1;s:10:\"04-19-2026\";i:4;s:10:\"04-21-2026\";i:4;s:10:\"04-27-2026\";i:5;s:10:\"04-29-2026\";i:4;}"],"houzez_recently_viewed":["2026-04-29 12:16:56"],"_yoast_wpseo_primary_property_label":[""],"_yoast_wpseo_primary_property_state":[""],"_yoast_wpseo_primary_property_area":[""],"fave_property_rooms":["4"],"fave_show_price_placeholder":["0"],"fave_disponibilitc3a9":["Imm\u00e9diate"],"fave_property_images":["23510","19956","19957","19958","19959","19960","19961","19962","19963","19964","19965","19966"],"_elementor_page_assets":["a:0:{}"]},"yoast_head":"<!-- This site is optimized with the Yoast SEO plugin v27.1.1 - https:\/\/yoast.com\/product\/yoast-seo-wordpress\/ -->\n<title>VENDU - Appartement 2 chambres \u00e0 Roeser | HORUS Immobilier | L&#039;agence des vid\u00e9os de pr\u00e9sentation \ud83c\udfa5\ud83c\udfac<\/title>\n<meta name=\"description\" content=\"HORUS Immobilier, vous propose \u00e0 la vente en exclusivit\u00e9 cet appartement de 2 chambres faisant +\/-96m\u00b2 au deuxi\u00e8me \u00e9tage, avec ascenseur, d&#039;une r\u00e9sidence\" \/>\n<meta name=\"robots\" content=\"index, follow, max-snippet:-1, max-image-preview:large, max-video-preview:-1\" \/>\n<link rel=\"canonical\" href=\"https:\/\/horus.immo\/lu\/biens\/appartement-2-chambres-a-roeser-0012\/\" \/>\n<meta property=\"og:locale\" content=\"en_US\" \/>\n<meta property=\"og:type\" content=\"article\" \/>\n<meta property=\"og:title\" content=\"VENDU - Appartement 2 chambres \u00e0 Roeser | HORUS Immobilier | L&#039;agence des vid\u00e9os de pr\u00e9sentation \ud83c\udfa5\ud83c\udfac\" \/>\n<meta property=\"og:description\" content=\"HORUS Immobilier, vous propose \u00e0 la vente en exclusivit\u00e9 cet appartement de 2 chambres faisant +\/-96m\u00b2 au deuxi\u00e8me \u00e9tage, avec ascenseur, d&#039;une r\u00e9sidence\" \/>\n<meta property=\"og:url\" content=\"https:\/\/horus.immo\/lu\/biens\/appartement-2-chambres-a-roeser-0012\/\" \/>\n<meta property=\"og:site_name\" content=\"HORUS Immobilier | L&#039;agence des vid\u00e9os de pr\u00e9sentation \ud83c\udfa5\ud83c\udfac\" \/>\n<meta property=\"article:publisher\" content=\"https:\/\/www.facebook.com\/immohorus\" \/>\n<meta property=\"article:modified_time\" content=\"2024-11-27T15:02:58+00:00\" \/>\n<meta property=\"og:image\" content=\"https:\/\/horus.immo\/wp-content\/uploads\/2022\/09\/0012-ANNONCE-VENDU.jpg\" \/>\n\t<meta property=\"og:image:width\" content=\"1621\" \/>\n\t<meta property=\"og:image:height\" content=\"1081\" \/>\n\t<meta property=\"og:image:type\" content=\"image\/jpeg\" \/>\n<meta name=\"twitter:card\" content=\"summary_large_image\" \/>\n<meta name=\"twitter:site\" content=\"@HorusImmobilier\" \/>\n<meta name=\"twitter:label1\" content=\"Est. reading time\" \/>\n\t<meta name=\"twitter:data1\" content=\"2 minutes\" \/>\n<script type=\"application\/ld+json\" class=\"yoast-schema-graph\">{\"@context\":\"https:\/\/schema.org\",\"@graph\":[{\"@type\":\"WebPage\",\"@id\":\"https:\/\/horus.immo\/biens\/appartement-2-chambres-a-roeser-0012\/\",\"url\":\"https:\/\/horus.immo\/biens\/appartement-2-chambres-a-roeser-0012\/\",\"name\":\"VENDU - Appartement 2 chambres \u00e0 Roeser | HORUS Immobilier | L&#039;agence des vid\u00e9os de pr\u00e9sentation \ud83c\udfa5\ud83c\udfac\",\"isPartOf\":{\"@id\":\"https:\/\/horus.immo\/#website\"},\"primaryImageOfPage\":{\"@id\":\"https:\/\/horus.immo\/biens\/appartement-2-chambres-a-roeser-0012\/#primaryimage\"},\"image\":{\"@id\":\"https:\/\/horus.immo\/biens\/appartement-2-chambres-a-roeser-0012\/#primaryimage\"},\"thumbnailUrl\":\"https:\/\/horus.immo\/wp-content\/uploads\/2022\/09\/0012-ANNONCE-VENDU.jpg\",\"datePublished\":\"2022-09-02T23:08:34+00:00\",\"dateModified\":\"2024-11-27T15:02:58+00:00\",\"description\":\"HORUS Immobilier, vous propose \u00e0 la vente en exclusivit\u00e9 cet appartement de 2 chambres faisant +\/-96m\u00b2 au deuxi\u00e8me \u00e9tage, avec ascenseur, d'une r\u00e9sidence\",\"breadcrumb\":{\"@id\":\"https:\/\/horus.immo\/biens\/appartement-2-chambres-a-roeser-0012\/#breadcrumb\"},\"inLanguage\":\"lu-LU\",\"potentialAction\":[{\"@type\":\"ReadAction\",\"target\":[\"https:\/\/horus.immo\/biens\/appartement-2-chambres-a-roeser-0012\/\"]}]},{\"@type\":\"ImageObject\",\"inLanguage\":\"lu-LU\",\"@id\":\"https:\/\/horus.immo\/biens\/appartement-2-chambres-a-roeser-0012\/#primaryimage\",\"url\":\"https:\/\/horus.immo\/wp-content\/uploads\/2022\/09\/0012-ANNONCE-VENDU.jpg\",\"contentUrl\":\"https:\/\/horus.immo\/wp-content\/uploads\/2022\/09\/0012-ANNONCE-VENDU.jpg\",\"width\":1621,\"height\":1081},{\"@type\":\"BreadcrumbList\",\"@id\":\"https:\/\/horus.immo\/biens\/appartement-2-chambres-a-roeser-0012\/#breadcrumb\",\"itemListElement\":[{\"@type\":\"ListItem\",\"position\":1,\"name\":\"Accueil\",\"item\":\"https:\/\/horus.immo\/\"},{\"@type\":\"ListItem\",\"position\":2,\"name\":\"Propri\u00e9t\u00e9s\",\"item\":\"https:\/\/horus.immo\/biens\/\"},{\"@type\":\"ListItem\",\"position\":3,\"name\":\"Appartement 2 chambres \u00e0 Roeser #0012\"}]},{\"@type\":\"WebSite\",\"@id\":\"https:\/\/horus.immo\/#website\",\"url\":\"https:\/\/horus.immo\/\",\"name\":\"HORUS Immobilier | L&#039;agence des vid\u00e9os de pr\u00e9sentation \ud83c\udfa5\ud83c\udfac\",\"description\":\"Sp\u00e9cialis\u00e9e dans la vente de maisons \ud83c\udfe0 et appartements \ud83c\udfe2\",\"publisher\":{\"@id\":\"https:\/\/horus.immo\/#organization\"},\"potentialAction\":[{\"@type\":\"SearchAction\",\"target\":{\"@type\":\"EntryPoint\",\"urlTemplate\":\"https:\/\/horus.immo\/?s={search_term_string}\"},\"query-input\":{\"@type\":\"PropertyValueSpecification\",\"valueRequired\":true,\"valueName\":\"search_term_string\"}}],\"inLanguage\":\"lu-LU\"},{\"@type\":\"Organization\",\"@id\":\"https:\/\/horus.immo\/#organization\",\"name\":\"HORUS Immobilier\",\"url\":\"https:\/\/horus.immo\/\",\"logo\":{\"@type\":\"ImageObject\",\"inLanguage\":\"lu-LU\",\"@id\":\"https:\/\/horus.immo\/#\/schema\/logo\/image\/\",\"url\":\"https:\/\/horus.immo\/wp-content\/uploads\/2022\/06\/HORUS-IMMOBILIERE-LOGO-200x200px.jpg\",\"contentUrl\":\"https:\/\/horus.immo\/wp-content\/uploads\/2022\/06\/HORUS-IMMOBILIERE-LOGO-200x200px.jpg\",\"width\":200,\"height\":200,\"caption\":\"HORUS Immobilier\"},\"image\":{\"@id\":\"https:\/\/horus.immo\/#\/schema\/logo\/image\/\"},\"sameAs\":[\"https:\/\/www.facebook.com\/immohorus\",\"https:\/\/x.com\/HorusImmobilier\",\"https:\/\/www.instagram.com\/horusimmobilier\/\",\"https:\/\/www.linkedin.com\/company\/horus-immobilier-luxembourg\/\",\"https:\/\/www.youtube.com\/channel\/UCj9DxyuvBSmyxBS8ISZ0mWQ\",\"https:\/\/www.tiktok.com\/@horus_immobilier\"]}]}<\/script>\n<!-- \/ Yoast SEO plugin. -->","yoast_head_json":{"title":"VENDU - Appartement 2 chambres \u00e0 Roeser | HORUS Immobilier | L&#039;agence des vid\u00e9os de pr\u00e9sentation \ud83c\udfa5\ud83c\udfac","description":"HORUS Immobilier, vous propose \u00e0 la vente en exclusivit\u00e9 cet appartement de 2 chambres faisant +\/-96m\u00b2 au deuxi\u00e8me \u00e9tage, avec ascenseur, d'une r\u00e9sidence","robots":{"index":"index","follow":"follow","max-snippet":"max-snippet:-1","max-image-preview":"max-image-preview:large","max-video-preview":"max-video-preview:-1"},"canonical":"https:\/\/horus.immo\/lu\/biens\/appartement-2-chambres-a-roeser-0012\/","og_locale":"en_US","og_type":"article","og_title":"VENDU - Appartement 2 chambres \u00e0 Roeser | HORUS Immobilier | L&#039;agence des vid\u00e9os de pr\u00e9sentation \ud83c\udfa5\ud83c\udfac","og_description":"HORUS Immobilier, vous propose \u00e0 la vente en exclusivit\u00e9 cet appartement de 2 chambres faisant +\/-96m\u00b2 au deuxi\u00e8me \u00e9tage, avec ascenseur, d'une r\u00e9sidence","og_url":"https:\/\/horus.immo\/lu\/biens\/appartement-2-chambres-a-roeser-0012\/","og_site_name":"HORUS Immobilier | L&#039;agence des vid\u00e9os de pr\u00e9sentation \ud83c\udfa5\ud83c\udfac","article_publisher":"https:\/\/www.facebook.com\/immohorus","article_modified_time":"2024-11-27T15:02:58+00:00","og_image":[{"width":1621,"height":1081,"url":"https:\/\/horus.immo\/wp-content\/uploads\/2022\/09\/0012-ANNONCE-VENDU.jpg","type":"image\/jpeg"}],"twitter_card":"summary_large_image","twitter_site":"@HorusImmobilier","twitter_misc":{"Est. reading time":"2 minutes"},"schema":{"@context":"https:\/\/schema.org","@graph":[{"@type":"WebPage","@id":"https:\/\/horus.immo\/biens\/appartement-2-chambres-a-roeser-0012\/","url":"https:\/\/horus.immo\/biens\/appartement-2-chambres-a-roeser-0012\/","name":"VENDU - Appartement 2 chambres \u00e0 Roeser | HORUS Immobilier | L&#039;agence des vid\u00e9os de pr\u00e9sentation \ud83c\udfa5\ud83c\udfac","isPartOf":{"@id":"https:\/\/horus.immo\/#website"},"primaryImageOfPage":{"@id":"https:\/\/horus.immo\/biens\/appartement-2-chambres-a-roeser-0012\/#primaryimage"},"image":{"@id":"https:\/\/horus.immo\/biens\/appartement-2-chambres-a-roeser-0012\/#primaryimage"},"thumbnailUrl":"https:\/\/horus.immo\/wp-content\/uploads\/2022\/09\/0012-ANNONCE-VENDU.jpg","datePublished":"2022-09-02T23:08:34+00:00","dateModified":"2024-11-27T15:02:58+00:00","description":"HORUS Immobilier, vous propose \u00e0 la vente en exclusivit\u00e9 cet appartement de 2 chambres faisant +\/-96m\u00b2 au deuxi\u00e8me \u00e9tage, avec ascenseur, d'une r\u00e9sidence","breadcrumb":{"@id":"https:\/\/horus.immo\/biens\/appartement-2-chambres-a-roeser-0012\/#breadcrumb"},"inLanguage":"lu-LU","potentialAction":[{"@type":"ReadAction","target":["https:\/\/horus.immo\/biens\/appartement-2-chambres-a-roeser-0012\/"]}]},{"@type":"ImageObject","inLanguage":"lu-LU","@id":"https:\/\/horus.immo\/biens\/appartement-2-chambres-a-roeser-0012\/#primaryimage","url":"https:\/\/horus.immo\/wp-content\/uploads\/2022\/09\/0012-ANNONCE-VENDU.jpg","contentUrl":"https:\/\/horus.immo\/wp-content\/uploads\/2022\/09\/0012-ANNONCE-VENDU.jpg","width":1621,"height":1081},{"@type":"BreadcrumbList","@id":"https:\/\/horus.immo\/biens\/appartement-2-chambres-a-roeser-0012\/#breadcrumb","itemListElement":[{"@type":"ListItem","position":1,"name":"Accueil","item":"https:\/\/horus.immo\/"},{"@type":"ListItem","position":2,"name":"Propri\u00e9t\u00e9s","item":"https:\/\/horus.immo\/biens\/"},{"@type":"ListItem","position":3,"name":"Appartement 2 chambres \u00e0 Roeser #0012"}]},{"@type":"WebSite","@id":"https:\/\/horus.immo\/#website","url":"https:\/\/horus.immo\/","name":"HORUS Immobilier | L&#039;agence des vid\u00e9os de pr\u00e9sentation \ud83c\udfa5\ud83c\udfac","description":"Sp\u00e9cialis\u00e9e dans la vente de maisons \ud83c\udfe0 et appartements \ud83c\udfe2","publisher":{"@id":"https:\/\/horus.immo\/#organization"},"potentialAction":[{"@type":"SearchAction","target":{"@type":"EntryPoint","urlTemplate":"https:\/\/horus.immo\/?s={search_term_string}"},"query-input":{"@type":"PropertyValueSpecification","valueRequired":true,"valueName":"search_term_string"}}],"inLanguage":"lu-LU"},{"@type":"Organization","@id":"https:\/\/horus.immo\/#organization","name":"HORUS Immobilier","url":"https:\/\/horus.immo\/","logo":{"@type":"ImageObject","inLanguage":"lu-LU","@id":"https:\/\/horus.immo\/#\/schema\/logo\/image\/","url":"https:\/\/horus.immo\/wp-content\/uploads\/2022\/06\/HORUS-IMMOBILIERE-LOGO-200x200px.jpg","contentUrl":"https:\/\/horus.immo\/wp-content\/uploads\/2022\/06\/HORUS-IMMOBILIERE-LOGO-200x200px.jpg","width":200,"height":200,"caption":"HORUS Immobilier"},"image":{"@id":"https:\/\/horus.immo\/#\/schema\/logo\/image\/"},"sameAs":["https:\/\/www.facebook.com\/immohorus","https:\/\/x.com\/HorusImmobilier","https:\/\/www.instagram.com\/horusimmobilier\/","https:\/\/www.linkedin.com\/company\/horus-immobilier-luxembourg\/","https:\/\/www.youtube.com\/channel\/UCj9DxyuvBSmyxBS8ISZ0mWQ","https:\/\/www.tiktok.com\/@horus_immobilier"]}]}},"_links":{"self":[{"href":"https:\/\/horus.immo\/lu\/wp-json\/wp\/v2\/properties\/19950","targetHints":{"allow":["GET"]}}],"collection":[{"href":"https:\/\/horus.immo\/lu\/wp-json\/wp\/v2\/properties"}],"about":[{"href":"https:\/\/horus.immo\/lu\/wp-json\/wp\/v2\/types\/property"}],"author":[{"embeddable":true,"href":"https:\/\/horus.immo\/lu\/wp-json\/wp\/v2\/users\/4"}],"version-history":[{"count":5,"href":"https:\/\/horus.immo\/lu\/wp-json\/wp\/v2\/properties\/19950\/revisions"}],"predecessor-version":[{"id":22530,"href":"https:\/\/horus.immo\/lu\/wp-json\/wp\/v2\/properties\/19950\/revisions\/22530"}],"wp:featuredmedia":[{"embeddable":true,"href":"https:\/\/horus.immo\/lu\/wp-json\/wp\/v2\/media\/23510"}],"wp:attachment":[{"href":"https:\/\/horus.immo\/lu\/wp-json\/wp\/v2\/media?parent=19950"}],"wp:term":[{"taxonomy":"property_type","embeddable":true,"href":"https:\/\/horus.immo\/lu\/wp-json\/wp\/v2\/property_type?post=19950"},{"taxonomy":"property_status","embeddable":true,"href":"https:\/\/horus.immo\/lu\/wp-json\/wp\/v2\/property_status?post=19950"},{"taxonomy":"property_feature","embeddable":true,"href":"https:\/\/horus.immo\/lu\/wp-json\/wp\/v2\/property_feature?post=19950"},{"taxonomy":"property_label","embeddable":true,"href":"https:\/\/horus.immo\/lu\/wp-json\/wp\/v2\/property_label?post=19950"},{"taxonomy":"property_country","embeddable":true,"href":"https:\/\/horus.immo\/lu\/wp-json\/wp\/v2\/property_country?post=19950"},{"taxonomy":"property_state","embeddable":true,"href":"https:\/\/horus.immo\/lu\/wp-json\/wp\/v2\/property_state?post=19950"},{"taxonomy":"property_city","embeddable":true,"href":"https:\/\/horus.immo\/lu\/wp-json\/wp\/v2\/property_city?post=19950"},{"taxonomy":"property_area","embeddable":true,"href":"https:\/\/horus.immo\/lu\/wp-json\/wp\/v2\/property_area?post=19950"}],"curies":[{"name":"wp","href":"https:\/\/api.w.org\/{rel}","templated":true}]}}