{"id":27523,"date":"2025-04-13T02:35:53","date_gmt":"2025-04-13T00:35:53","guid":{"rendered":"https:\/\/horus.immo\/?post_type=property&#038;p=27523"},"modified":"2025-11-21T15:55:46","modified_gmt":"2025-11-21T14:55:46","slug":"a-vendre-maison-5-chambres-a-grevenmacher-0321","status":"publish","type":"property","link":"https:\/\/horus.immo\/lu\/biens\/a-vendre-maison-5-chambres-a-grevenmacher-0321\/","title":{"rendered":"Maison 5 chambres \u00e0 Grevenmacher #0321"},"content":{"rendered":"<p>HORUS Immobilier vous propose \u00e0 la vente en exclusivit\u00e9 cette maison faisant +\/-165m\u00b2 de surface utile dont +\/-132m\u00b2 de surface habitable, situ\u00e9e \u00e0 Grevenmacher.<\/p>\n\n\n\n<p>D'Haus ass w\u00e9i follegt zesummegesat :<\/p>\n\n\n\n<p>Rez-de-Chauss\u00e9e :<br>\u2013 Eng Entr\u00e9e<br>&#8211; Une cuisine individuelle \u00e9quip\u00e9e<br>&#8211; Un salon<br>&#8211; Une salle de bains avec baignoire<\/p>\n\n\n\n<p>1. Stack :<br>\u2013 E Hall<br>&#8211; Deux chambres \u00e0 coucher<\/p>\n\n\n\n<p>2e \u00e9tage :<br>\u2013 E Hall<br>&#8211; Deux chambres \u00e0 coucher<\/p>\n\n\n\n<p>Sous-combles :<br>&#8211; Une grande pi\u00e8ce pouvant servir de chambre, bureau ou salle de jeux<\/p>\n\n\n\n<p>Komplett d\u00ebs Immobilie :<br>\u2013 Eng Keller<\/p>\n\n\n\n<p>Fir all weider Informatiounen, kontakt\u00e9iert w.e.g.:<br>Mme <strong>Letitia DA COSTA<\/strong><br><img decoding=\"async\" height=\"16\" width=\"16\" src=\"https:\/\/static.xx.fbcdn.net\/images\/emoji.php\/v9\/tf6\/2\/16\/1f4f1.png\" alt=\"\ud83d\udcf1\">(+352) <strong>621 692 308<\/strong><br><img decoding=\"async\" height=\"16\" width=\"16\" src=\"https:\/\/static.xx.fbcdn.net\/images\/emoji.php\/v9\/t5d\/2\/16\/1f4e7.png\" alt=\"\ud83d\udce7\"> <strong>letitia.dacosta@horus.immo<\/strong><\/p>","protected":false},"excerpt":{"rendered":"<p>HORUS Immobilier vous propose \u00e0 la vente en exclusivit\u00e9 cette maison faisant +\/-165m\u00b2 de surface utile dont +\/-132m\u00b2 de surface habitable, situ\u00e9e \u00e0 Grevenmacher. La maison se compose comme suit : Rez-de-chauss\u00e9e :&#8211; Un hall d&#8217;entr\u00e9e&#8211; Une cuisine individuelle \u00e9quip\u00e9e&#8211; Un salon&#8211; Une salle de bains avec baignoire 1er \u00e9tage :&#8211; Un hall de nuit&#8211; [&hellip;]<\/p>\n","protected":false},"author":4,"featured_media":31508,"parent":0,"menu_order":0,"template":"","property_type":[94],"property_status":[130],"property_feature":[160,177,112,144,137,119,178,98,162],"property_label":[],"property_country":[82],"property_state":[],"property_city":[229],"property_area":[],"class_list":["post-27523","property","type-property","status-publish","has-post-thumbnail","hentry","property_type-maison","property_status-vendu","property_feature-animaux-acceptes","property_feature-beton","property_feature-cave","property_feature-double-vitrage","property_feature-chauffage-fuel","property_feature-nord-ouest","property_feature-plancher","property_feature-radiateurs","property_feature-volets-roulants","property_country-luxembourg","property_city-grevenmacher"],"property_meta":{"_edit_lock":["1763736948:4"],"_edit_last":["4"],"fave_show_price_placeholder":["0"],"fave_property_map":["1"],"fave_property_location":["49.6808501,6.4407527,15"],"houzez_geolocation_lat":["49.6808501"],"houzez_geolocation_long":["6.4407527"],"fave_property_map_street_view":["hide"],"fave_featured":["0"],"houzez_featured_listing_date":[""],"fave_loggedintoview":["0"],"fave_agent_display_option":["agent_info"],"fave_prop_homeslider":["no"],"fave_single_top_area":["global"],"fave_single_content_area":["global"],"houzez_manual_expire":["0"],"_houzez_expiration_date_status":["saved"],"_yoast_wpseo_primary_property_type":["94"],"_yoast_wpseo_primary_property_status":["130"],"_yoast_wpseo_primary_property_feature":["137"],"_yoast_wpseo_primary_property_label":[""],"_yoast_wpseo_primary_property_country":["82"],"_yoast_wpseo_primary_property_state":[""],"_yoast_wpseo_primary_property_city":["229"],"_yoast_wpseo_primary_property_area":[""],"_yoast_wpseo_content_score":["90"],"_yoast_wpseo_estimated-reading-time-minutes":["2"],"_yoast_wpseo_title":["VENDU - Maison 5 chambres \u00e0 Grevenmacher | HORUS Immobilier"],"fave_property_size":["132"],"fave_property_size_prefix":["m\u00b2"],"fave_property_land":["0.53"],"fave_property_land_postfix":["ares"],"fave_property_bedrooms":["5"],"fave_property_bathrooms":["1"],"fave_property_id":["0321"],"fave_nb-d-c3a9tages":["4"],"fave_property_map_address":["Grevenmacher, Luxembourg"],"fave_agents":["26377"],"fave_energy_class":["C"],"fave_energy_global_index":["D"],"fave_renewable_energy_global_index":["E"],"fave_property_year":["1950"],"houzez_total_property_views":["2860"],"houzez_views_by_date":["a:61:{s:10:\"01-22-2026\";i:2;s:10:\"01-23-2026\";i:3;s:10:\"01-24-2026\";i:3;s:10:\"01-27-2026\";i:3;s:10:\"01-29-2026\";i:1;s:10:\"01-30-2026\";i:3;s:10:\"01-31-2026\";i:2;s:10:\"02-02-2026\";i:1;s:10:\"02-03-2026\";i:2;s:10:\"02-06-2026\";i:1;s:10:\"02-07-2026\";i:4;s:10:\"02-08-2026\";i:2;s:10:\"02-09-2026\";i:1;s:10:\"02-11-2026\";i:3;s:10:\"02-12-2026\";i:3;s:10:\"02-13-2026\";i:3;s:10:\"02-14-2026\";i:4;s:10:\"02-18-2026\";i:2;s:10:\"02-19-2026\";i:2;s:10:\"02-20-2026\";i:2;s:10:\"02-21-2026\";i:2;s:10:\"02-23-2026\";i:2;s:10:\"02-24-2026\";i:2;s:10:\"02-25-2026\";i:1;s:10:\"02-27-2026\";i:1;s:10:\"02-28-2026\";i:2;s:10:\"03-04-2026\";i:1;s:10:\"03-05-2026\";i:5;s:10:\"03-06-2026\";i:2;s:10:\"03-11-2026\";i:2;s:10:\"03-12-2026\";i:3;s:10:\"03-13-2026\";i:3;s:10:\"03-17-2026\";i:6;s:10:\"03-18-2026\";i:1;s:10:\"03-19-2026\";i:1;s:10:\"03-20-2026\";i:3;s:10:\"03-21-2026\";i:1;s:10:\"03-24-2026\";i:7;s:10:\"03-27-2026\";i:3;s:10:\"03-28-2026\";i:1;s:10:\"03-31-2026\";i:1;s:10:\"04-01-2026\";i:4;s:10:\"04-02-2026\";i:3;s:10:\"04-03-2026\";i:1;s:10:\"04-04-2026\";i:1;s:10:\"04-05-2026\";i:2;s:10:\"04-08-2026\";i:1;s:10:\"04-09-2026\";i:1;s:10:\"04-10-2026\";i:1;s:10:\"04-11-2026\";i:2;s:10:\"04-12-2026\";i:4;s:10:\"04-14-2026\";i:2;s:10:\"04-16-2026\";i:1;s:10:\"04-17-2026\";i:1;s:10:\"04-19-2026\";i:4;s:10:\"04-21-2026\";i:3;s:10:\"04-24-2026\";i:2;s:10:\"04-25-2026\";i:1;s:10:\"04-26-2026\";i:2;s:10:\"04-27-2026\";i:2;s:10:\"04-28-2026\";i:6;}"],"houzez_recently_viewed":["2026-04-29 01:07:23"],"_thumbnail_id":["31508"],"fave_disponibilitc3a9":["\u00c0 convenir"],"fave_property_images":["31508","27527","27528","27529","27530","27531","27532","27533","27534","27535","27536","27537","27538","27539","27540","27541","27542","27543","27544","27545","27546","27547","27548","27549","27550"],"_elementor_page_assets":["a:0:{}"]},"yoast_head":"<!-- This site is optimized with the Yoast SEO plugin v27.1.1 - https:\/\/yoast.com\/product\/yoast-seo-wordpress\/ -->\n<title>VENDU - Maison 5 chambres \u00e0 Grevenmacher | HORUS Immobilier<\/title>\n<meta name=\"description\" content=\"HORUS Immobilier vous propose \u00e0 la vente en exclusivit\u00e9 cette maison faisant +\/-165m\u00b2 de surface utile dont +\/-132m\u00b2 de surface habitable, situ\u00e9e \u00e0\" \/>\n<meta name=\"robots\" content=\"index, follow, max-snippet:-1, max-image-preview:large, max-video-preview:-1\" \/>\n<link rel=\"canonical\" href=\"https:\/\/horus.immo\/lu\/biens\/a-vendre-maison-5-chambres-a-grevenmacher-0321\/\" \/>\n<meta property=\"og:locale\" content=\"en_US\" \/>\n<meta property=\"og:type\" content=\"article\" \/>\n<meta property=\"og:title\" content=\"VENDU - Maison 5 chambres \u00e0 Grevenmacher | HORUS Immobilier\" \/>\n<meta property=\"og:description\" content=\"HORUS Immobilier vous propose \u00e0 la vente en exclusivit\u00e9 cette maison faisant +\/-165m\u00b2 de surface utile dont +\/-132m\u00b2 de surface habitable, situ\u00e9e \u00e0\" \/>\n<meta property=\"og:url\" content=\"https:\/\/horus.immo\/lu\/biens\/a-vendre-maison-5-chambres-a-grevenmacher-0321\/\" \/>\n<meta property=\"og:site_name\" content=\"HORUS Immobilier | L&#039;agence des vid\u00e9os de pr\u00e9sentation \ud83c\udfa5\ud83c\udfac\" \/>\n<meta property=\"article:publisher\" content=\"https:\/\/www.facebook.com\/immohorus\" \/>\n<meta property=\"article:modified_time\" content=\"2025-11-21T14:55:46+00:00\" \/>\n<meta property=\"og:image\" content=\"https:\/\/horus.immo\/wp-content\/uploads\/2025\/04\/0321-A-VENDRE-Maison-5-Chambres-Grevenmacher-1-VENDU.webp\" \/>\n\t<meta property=\"og:image:width\" content=\"1920\" \/>\n\t<meta property=\"og:image:height\" content=\"1280\" \/>\n\t<meta property=\"og:image:type\" content=\"image\/webp\" \/>\n<meta name=\"twitter:card\" content=\"summary_large_image\" \/>\n<meta name=\"twitter:site\" content=\"@HorusImmobilier\" \/>\n<meta name=\"twitter:label1\" content=\"Est. reading time\" \/>\n\t<meta name=\"twitter:data1\" content=\"2 minutes\" \/>\n<script type=\"application\/ld+json\" class=\"yoast-schema-graph\">{\"@context\":\"https:\/\/schema.org\",\"@graph\":[{\"@type\":\"WebPage\",\"@id\":\"https:\/\/horus.immo\/biens\/a-vendre-maison-5-chambres-a-grevenmacher-0321\/\",\"url\":\"https:\/\/horus.immo\/biens\/a-vendre-maison-5-chambres-a-grevenmacher-0321\/\",\"name\":\"VENDU - Maison 5 chambres \u00e0 Grevenmacher | HORUS Immobilier\",\"isPartOf\":{\"@id\":\"https:\/\/horus.immo\/#website\"},\"primaryImageOfPage\":{\"@id\":\"https:\/\/horus.immo\/biens\/a-vendre-maison-5-chambres-a-grevenmacher-0321\/#primaryimage\"},\"image\":{\"@id\":\"https:\/\/horus.immo\/biens\/a-vendre-maison-5-chambres-a-grevenmacher-0321\/#primaryimage\"},\"thumbnailUrl\":\"https:\/\/horus.immo\/wp-content\/uploads\/2025\/04\/0321-A-VENDRE-Maison-5-Chambres-Grevenmacher-1-VENDU.webp\",\"datePublished\":\"2025-04-13T00:35:53+00:00\",\"dateModified\":\"2025-11-21T14:55:46+00:00\",\"description\":\"HORUS Immobilier vous propose \u00e0 la vente en exclusivit\u00e9 cette maison faisant +\/-165m\u00b2 de surface utile dont +\/-132m\u00b2 de surface habitable, situ\u00e9e \u00e0\",\"breadcrumb\":{\"@id\":\"https:\/\/horus.immo\/biens\/a-vendre-maison-5-chambres-a-grevenmacher-0321\/#breadcrumb\"},\"inLanguage\":\"lu-LU\",\"potentialAction\":[{\"@type\":\"ReadAction\",\"target\":[\"https:\/\/horus.immo\/biens\/a-vendre-maison-5-chambres-a-grevenmacher-0321\/\"]}]},{\"@type\":\"ImageObject\",\"inLanguage\":\"lu-LU\",\"@id\":\"https:\/\/horus.immo\/biens\/a-vendre-maison-5-chambres-a-grevenmacher-0321\/#primaryimage\",\"url\":\"https:\/\/horus.immo\/wp-content\/uploads\/2025\/04\/0321-A-VENDRE-Maison-5-Chambres-Grevenmacher-1-VENDU.webp\",\"contentUrl\":\"https:\/\/horus.immo\/wp-content\/uploads\/2025\/04\/0321-A-VENDRE-Maison-5-Chambres-Grevenmacher-1-VENDU.webp\",\"width\":1920,\"height\":1280},{\"@type\":\"BreadcrumbList\",\"@id\":\"https:\/\/horus.immo\/biens\/a-vendre-maison-5-chambres-a-grevenmacher-0321\/#breadcrumb\",\"itemListElement\":[{\"@type\":\"ListItem\",\"position\":1,\"name\":\"Accueil\",\"item\":\"https:\/\/horus.immo\/\"},{\"@type\":\"ListItem\",\"position\":2,\"name\":\"Propri\u00e9t\u00e9s\",\"item\":\"https:\/\/horus.immo\/biens\/\"},{\"@type\":\"ListItem\",\"position\":3,\"name\":\"Maison 5 chambres \u00e0 Grevenmacher #0321\"}]},{\"@type\":\"WebSite\",\"@id\":\"https:\/\/horus.immo\/#website\",\"url\":\"https:\/\/horus.immo\/\",\"name\":\"HORUS Immobilier | L&#039;agence des vid\u00e9os de pr\u00e9sentation \ud83c\udfa5\ud83c\udfac\",\"description\":\"Sp\u00e9cialis\u00e9e dans la vente de maisons \ud83c\udfe0 et appartements \ud83c\udfe2\",\"publisher\":{\"@id\":\"https:\/\/horus.immo\/#organization\"},\"potentialAction\":[{\"@type\":\"SearchAction\",\"target\":{\"@type\":\"EntryPoint\",\"urlTemplate\":\"https:\/\/horus.immo\/?s={search_term_string}\"},\"query-input\":{\"@type\":\"PropertyValueSpecification\",\"valueRequired\":true,\"valueName\":\"search_term_string\"}}],\"inLanguage\":\"lu-LU\"},{\"@type\":\"Organization\",\"@id\":\"https:\/\/horus.immo\/#organization\",\"name\":\"HORUS Immobilier\",\"url\":\"https:\/\/horus.immo\/\",\"logo\":{\"@type\":\"ImageObject\",\"inLanguage\":\"lu-LU\",\"@id\":\"https:\/\/horus.immo\/#\/schema\/logo\/image\/\",\"url\":\"https:\/\/horus.immo\/wp-content\/uploads\/2022\/06\/HORUS-IMMOBILIERE-LOGO-200x200px.jpg\",\"contentUrl\":\"https:\/\/horus.immo\/wp-content\/uploads\/2022\/06\/HORUS-IMMOBILIERE-LOGO-200x200px.jpg\",\"width\":200,\"height\":200,\"caption\":\"HORUS Immobilier\"},\"image\":{\"@id\":\"https:\/\/horus.immo\/#\/schema\/logo\/image\/\"},\"sameAs\":[\"https:\/\/www.facebook.com\/immohorus\",\"https:\/\/x.com\/HorusImmobilier\",\"https:\/\/www.instagram.com\/horusimmobilier\/\",\"https:\/\/www.linkedin.com\/company\/horus-immobilier-luxembourg\/\",\"https:\/\/www.youtube.com\/channel\/UCj9DxyuvBSmyxBS8ISZ0mWQ\",\"https:\/\/www.tiktok.com\/@horus_immobilier\"]}]}<\/script>\n<!-- \/ Yoast SEO plugin. -->","yoast_head_json":{"title":"VENDU - Maison 5 chambres \u00e0 Grevenmacher | HORUS Immobilier","description":"HORUS Immobilier vous propose \u00e0 la vente en exclusivit\u00e9 cette maison faisant +\/-165m\u00b2 de surface utile dont +\/-132m\u00b2 de surface habitable, situ\u00e9e \u00e0","robots":{"index":"index","follow":"follow","max-snippet":"max-snippet:-1","max-image-preview":"max-image-preview:large","max-video-preview":"max-video-preview:-1"},"canonical":"https:\/\/horus.immo\/lu\/biens\/a-vendre-maison-5-chambres-a-grevenmacher-0321\/","og_locale":"en_US","og_type":"article","og_title":"VENDU - Maison 5 chambres \u00e0 Grevenmacher | HORUS Immobilier","og_description":"HORUS Immobilier vous propose \u00e0 la vente en exclusivit\u00e9 cette maison faisant +\/-165m\u00b2 de surface utile dont +\/-132m\u00b2 de surface habitable, situ\u00e9e \u00e0","og_url":"https:\/\/horus.immo\/lu\/biens\/a-vendre-maison-5-chambres-a-grevenmacher-0321\/","og_site_name":"HORUS Immobilier | L&#039;agence des vid\u00e9os de pr\u00e9sentation \ud83c\udfa5\ud83c\udfac","article_publisher":"https:\/\/www.facebook.com\/immohorus","article_modified_time":"2025-11-21T14:55:46+00:00","og_image":[{"width":1920,"height":1280,"url":"https:\/\/horus.immo\/wp-content\/uploads\/2025\/04\/0321-A-VENDRE-Maison-5-Chambres-Grevenmacher-1-VENDU.webp","type":"image\/webp"}],"twitter_card":"summary_large_image","twitter_site":"@HorusImmobilier","twitter_misc":{"Est. reading time":"2 minutes"},"schema":{"@context":"https:\/\/schema.org","@graph":[{"@type":"WebPage","@id":"https:\/\/horus.immo\/biens\/a-vendre-maison-5-chambres-a-grevenmacher-0321\/","url":"https:\/\/horus.immo\/biens\/a-vendre-maison-5-chambres-a-grevenmacher-0321\/","name":"VENDU - Maison 5 chambres \u00e0 Grevenmacher | HORUS Immobilier","isPartOf":{"@id":"https:\/\/horus.immo\/#website"},"primaryImageOfPage":{"@id":"https:\/\/horus.immo\/biens\/a-vendre-maison-5-chambres-a-grevenmacher-0321\/#primaryimage"},"image":{"@id":"https:\/\/horus.immo\/biens\/a-vendre-maison-5-chambres-a-grevenmacher-0321\/#primaryimage"},"thumbnailUrl":"https:\/\/horus.immo\/wp-content\/uploads\/2025\/04\/0321-A-VENDRE-Maison-5-Chambres-Grevenmacher-1-VENDU.webp","datePublished":"2025-04-13T00:35:53+00:00","dateModified":"2025-11-21T14:55:46+00:00","description":"HORUS Immobilier vous propose \u00e0 la vente en exclusivit\u00e9 cette maison faisant +\/-165m\u00b2 de surface utile dont +\/-132m\u00b2 de surface habitable, situ\u00e9e \u00e0","breadcrumb":{"@id":"https:\/\/horus.immo\/biens\/a-vendre-maison-5-chambres-a-grevenmacher-0321\/#breadcrumb"},"inLanguage":"lu-LU","potentialAction":[{"@type":"ReadAction","target":["https:\/\/horus.immo\/biens\/a-vendre-maison-5-chambres-a-grevenmacher-0321\/"]}]},{"@type":"ImageObject","inLanguage":"lu-LU","@id":"https:\/\/horus.immo\/biens\/a-vendre-maison-5-chambres-a-grevenmacher-0321\/#primaryimage","url":"https:\/\/horus.immo\/wp-content\/uploads\/2025\/04\/0321-A-VENDRE-Maison-5-Chambres-Grevenmacher-1-VENDU.webp","contentUrl":"https:\/\/horus.immo\/wp-content\/uploads\/2025\/04\/0321-A-VENDRE-Maison-5-Chambres-Grevenmacher-1-VENDU.webp","width":1920,"height":1280},{"@type":"BreadcrumbList","@id":"https:\/\/horus.immo\/biens\/a-vendre-maison-5-chambres-a-grevenmacher-0321\/#breadcrumb","itemListElement":[{"@type":"ListItem","position":1,"name":"Accueil","item":"https:\/\/horus.immo\/"},{"@type":"ListItem","position":2,"name":"Propri\u00e9t\u00e9s","item":"https:\/\/horus.immo\/biens\/"},{"@type":"ListItem","position":3,"name":"Maison 5 chambres \u00e0 Grevenmacher #0321"}]},{"@type":"WebSite","@id":"https:\/\/horus.immo\/#website","url":"https:\/\/horus.immo\/","name":"HORUS Immobilier | L&#039;agence des vid\u00e9os de pr\u00e9sentation \ud83c\udfa5\ud83c\udfac","description":"Sp\u00e9cialis\u00e9e dans la vente de maisons \ud83c\udfe0 et appartements \ud83c\udfe2","publisher":{"@id":"https:\/\/horus.immo\/#organization"},"potentialAction":[{"@type":"SearchAction","target":{"@type":"EntryPoint","urlTemplate":"https:\/\/horus.immo\/?s={search_term_string}"},"query-input":{"@type":"PropertyValueSpecification","valueRequired":true,"valueName":"search_term_string"}}],"inLanguage":"lu-LU"},{"@type":"Organization","@id":"https:\/\/horus.immo\/#organization","name":"HORUS Immobilier","url":"https:\/\/horus.immo\/","logo":{"@type":"ImageObject","inLanguage":"lu-LU","@id":"https:\/\/horus.immo\/#\/schema\/logo\/image\/","url":"https:\/\/horus.immo\/wp-content\/uploads\/2022\/06\/HORUS-IMMOBILIERE-LOGO-200x200px.jpg","contentUrl":"https:\/\/horus.immo\/wp-content\/uploads\/2022\/06\/HORUS-IMMOBILIERE-LOGO-200x200px.jpg","width":200,"height":200,"caption":"HORUS Immobilier"},"image":{"@id":"https:\/\/horus.immo\/#\/schema\/logo\/image\/"},"sameAs":["https:\/\/www.facebook.com\/immohorus","https:\/\/x.com\/HorusImmobilier","https:\/\/www.instagram.com\/horusimmobilier\/","https:\/\/www.linkedin.com\/company\/horus-immobilier-luxembourg\/","https:\/\/www.youtube.com\/channel\/UCj9DxyuvBSmyxBS8ISZ0mWQ","https:\/\/www.tiktok.com\/@horus_immobilier"]}]}},"_links":{"self":[{"href":"https:\/\/horus.immo\/lu\/wp-json\/wp\/v2\/properties\/27523","targetHints":{"allow":["GET"]}}],"collection":[{"href":"https:\/\/horus.immo\/lu\/wp-json\/wp\/v2\/properties"}],"about":[{"href":"https:\/\/horus.immo\/lu\/wp-json\/wp\/v2\/types\/property"}],"author":[{"embeddable":true,"href":"https:\/\/horus.immo\/lu\/wp-json\/wp\/v2\/users\/4"}],"version-history":[{"count":3,"href":"https:\/\/horus.immo\/lu\/wp-json\/wp\/v2\/properties\/27523\/revisions"}],"predecessor-version":[{"id":27552,"href":"https:\/\/horus.immo\/lu\/wp-json\/wp\/v2\/properties\/27523\/revisions\/27552"}],"wp:featuredmedia":[{"embeddable":true,"href":"https:\/\/horus.immo\/lu\/wp-json\/wp\/v2\/media\/31508"}],"wp:attachment":[{"href":"https:\/\/horus.immo\/lu\/wp-json\/wp\/v2\/media?parent=27523"}],"wp:term":[{"taxonomy":"property_type","embeddable":true,"href":"https:\/\/horus.immo\/lu\/wp-json\/wp\/v2\/property_type?post=27523"},{"taxonomy":"property_status","embeddable":true,"href":"https:\/\/horus.immo\/lu\/wp-json\/wp\/v2\/property_status?post=27523"},{"taxonomy":"property_feature","embeddable":true,"href":"https:\/\/horus.immo\/lu\/wp-json\/wp\/v2\/property_feature?post=27523"},{"taxonomy":"property_label","embeddable":true,"href":"https:\/\/horus.immo\/lu\/wp-json\/wp\/v2\/property_label?post=27523"},{"taxonomy":"property_country","embeddable":true,"href":"https:\/\/horus.immo\/lu\/wp-json\/wp\/v2\/property_country?post=27523"},{"taxonomy":"property_state","embeddable":true,"href":"https:\/\/horus.immo\/lu\/wp-json\/wp\/v2\/property_state?post=27523"},{"taxonomy":"property_city","embeddable":true,"href":"https:\/\/horus.immo\/lu\/wp-json\/wp\/v2\/property_city?post=27523"},{"taxonomy":"property_area","embeddable":true,"href":"https:\/\/horus.immo\/lu\/wp-json\/wp\/v2\/property_area?post=27523"}],"curies":[{"name":"wp","href":"https:\/\/api.w.org\/{rel}","templated":true}]}}