{"id":30431,"date":"2025-09-01T17:25:47","date_gmt":"2025-09-01T15:25:47","guid":{"rendered":"https:\/\/horus.immo\/?post_type=property&#038;p=30431"},"modified":"2025-12-18T01:51:35","modified_gmt":"2025-12-18T00:51:35","slug":"a-vendre-appartement-2-chambres-a-niederkorn-0286","status":"publish","type":"property","link":"https:\/\/horus.immo\/lu\/biens\/a-vendre-appartement-2-chambres-a-niederkorn-0286\/","title":{"rendered":"Appartement 2 chambres \u00e0 Niederkorn #0286"},"content":{"rendered":"<p>HORUS Immobilier, vous propose \u00e0 la vente en exclusivit\u00e9 cet appartement de 2 chambres, faisant +\/-84m\u00b2, situ\u00e9 au rez-de-chauss\u00e9e d&#8217;une r\u00e9sidence de 3 unit\u00e9s \u00e0 Niederkorn, commune de Differdange.<\/p>\n\n\n\n<p>L&#8217;appartement se compose comme suit :<br>\u2013 Eng Entr\u00e9e<br>&#8211; Un salon avec po\u00eale \u00e0 bois (+\/-17m\u00b2) <br>&#8211; Une cuisine \u00e9quip\u00e9e (+\/-17m\u00b2) ouverte sur le salon avec acc\u00e8s \u00e0 la terrasse<br>&#8211; Deux chambres \u00e0 coucher (+\/-15m\u00b2 et +\/-16m\u00b2)<br>&#8211; Une salle de bains avec baignoire et WC<br>&#8211; Un d\u00e9barras<\/p>\n\n\n\n<p>Komplett d\u00ebs Immobilie :<br>&#8211; Deux terrasses (+\/-70m\u00b2)<br>&#8211; Un espace barbecue et four \u00e0 bois<br>&#8211; Un atelier<br>&#8211; Une cave privative (+\/-9m\u00b2)<br>&#8211; Un emplacement dans la buanderie commune<\/p>\n\n\n\n<p>L&#8217;appartement a \u00e9t\u00e9 r\u00e9nov\u00e9 en 2015.<\/p>\n\n\n\n<p>Fir all weider Informatiounen, kontakt\u00e9iert w.e.g.:<br>M. <strong>Ricardo SANTOS<\/strong><br><img decoding=\"async\" height=\"16\" width=\"16\" src=\"https:\/\/static.xx.fbcdn.net\/images\/emoji.php\/v9\/tf6\/2\/16\/1f4f1.png\" alt=\"\ud83d\udcf1\">(+352) <strong>661 919 399<\/strong><br><img decoding=\"async\" height=\"16\" width=\"16\" src=\"https:\/\/static.xx.fbcdn.net\/images\/emoji.php\/v9\/t5d\/2\/16\/1f4e7.png\" alt=\"\ud83d\udce7\"> <strong>ricardo.santos@horus.immo<\/strong><\/p>","protected":false},"excerpt":{"rendered":"<p>HORUS Immobilier, vous propose \u00e0 la vente en exclusivit\u00e9 cet appartement de 2 chambres, faisant +\/-84m\u00b2, situ\u00e9 au rez-de-chauss\u00e9e d&#8217;une r\u00e9sidence de 3 unit\u00e9s \u00e0 Niederkorn, commune de Differdange. L&#8217;appartement se compose comme suit :&#8211; Un hall d&#8217;entr\u00e9e&#8211; Un salon avec po\u00eale \u00e0 bois (+\/-17m\u00b2) &#8211; Une cuisine \u00e9quip\u00e9e (+\/-17m\u00b2) ouverte sur le salon avec [&hellip;]<\/p>\n","protected":false},"author":4,"featured_media":31783,"parent":0,"menu_order":0,"template":"","property_type":[93],"property_status":[31],"property_feature":[160,177,111,112,144,99,174,135,169,98,159,116,107,162],"property_label":[131],"property_country":[82],"property_state":[],"property_city":[258],"property_area":[],"class_list":["post-30431","property","type-property","status-publish","has-post-thumbnail","hentry","property_type-appartement","property_status-a-vendre","property_feature-animaux-acceptes","property_feature-beton","property_feature-buanderie","property_feature-cave","property_feature-double-vitrage","property_feature-eau-chaude-collective","property_feature-fibre","property_feature-chauffage-gaz","property_feature-parlophone","property_feature-radiateurs","property_feature-renove","property_feature-sud","property_feature-terrasse","property_feature-volets-roulants","property_label-sous-compromis","property_country-luxembourg","property_city-niederkorn"],"property_meta":{"_edit_lock":["1766019550:4"],"_edit_last":["4"],"fave_show_price_placeholder":["0"],"fave_property_map":["1"],"fave_property_location":["49.5352468,5.8913124,15"],"houzez_geolocation_lat":["49.5352468"],"houzez_geolocation_long":["5.8913124"],"fave_property_map_street_view":["hide"],"fave_featured":["0"],"houzez_featured_listing_date":[""],"fave_loggedintoview":["0"],"fave_agent_display_option":["agent_info"],"fave_prop_homeslider":["no"],"fave_single_top_area":["global"],"fave_single_content_area":["global"],"houzez_manual_expire":["0"],"_houzez_expiration_date_status":["saved"],"_yoast_wpseo_primary_property_type":["93"],"_yoast_wpseo_primary_property_status":["31"],"_yoast_wpseo_primary_property_feature":["107"],"_yoast_wpseo_primary_property_label":["131"],"_yoast_wpseo_primary_property_country":["82"],"_yoast_wpseo_primary_property_state":[""],"_yoast_wpseo_primary_property_city":["258"],"_yoast_wpseo_primary_property_area":[""],"_yoast_wpseo_content_score":["90"],"_yoast_wpseo_estimated-reading-time-minutes":["2"],"_yoast_wpseo_title":["\u00c0 VENDRE - Appartement 2 chambres \u00e0 Niederkorn | HORUS Immobilier"],"fave_property_price":["530000"],"fave_property_size":["84"],"fave_property_size_prefix":["m\u00b2"],"fave_property_land":["10.08"],"fave_property_land_postfix":["ares"],"fave_property_bedrooms":["2"],"fave_property_bathrooms":["1"],"fave_property_year":["1930"],"fave_property_id":["0286"],"fave_property_map_address":["Niederkorn, Luxembourg"],"fave_agents":["25267"],"fave_energy_class":["F"],"fave_energy_global_index":["F"],"fave_renewable_energy_global_index":["F"],"fave_charges-mensuelles":["220 \u20ac"],"houzez_total_property_views":["1829"],"houzez_views_by_date":["a:61:{s:10:\"02-07-2026\";i:5;s:10:\"02-11-2026\";i:3;s:10:\"02-12-2026\";i:1;s:10:\"02-13-2026\";i:5;s:10:\"02-14-2026\";i:1;s:10:\"02-15-2026\";i:4;s:10:\"02-17-2026\";i:9;s:10:\"02-19-2026\";i:3;s:10:\"02-20-2026\";i:4;s:10:\"02-21-2026\";i:1;s:10:\"02-22-2026\";i:1;s:10:\"02-23-2026\";i:4;s:10:\"02-26-2026\";i:3;s:10:\"02-27-2026\";i:2;s:10:\"02-28-2026\";i:3;s:10:\"03-02-2026\";i:1;s:10:\"03-03-2026\";i:2;s:10:\"03-04-2026\";i:2;s:10:\"03-05-2026\";i:2;s:10:\"03-06-2026\";i:3;s:10:\"03-10-2026\";i:1;s:10:\"03-11-2026\";i:1;s:10:\"03-12-2026\";i:2;s:10:\"03-13-2026\";i:4;s:10:\"03-16-2026\";i:1;s:10:\"03-17-2026\";i:8;s:10:\"03-18-2026\";i:3;s:10:\"03-19-2026\";i:2;s:10:\"03-20-2026\";i:2;s:10:\"03-21-2026\";i:2;s:10:\"03-24-2026\";i:3;s:10:\"03-25-2026\";i:2;s:10:\"03-26-2026\";i:5;s:10:\"03-27-2026\";i:2;s:10:\"03-31-2026\";i:1;s:10:\"04-01-2026\";i:3;s:10:\"04-02-2026\";i:4;s:10:\"04-03-2026\";i:1;s:10:\"04-04-2026\";i:2;s:10:\"04-05-2026\";i:1;s:10:\"04-07-2026\";i:3;s:10:\"04-08-2026\";i:3;s:10:\"04-10-2026\";i:2;s:10:\"04-11-2026\";i:2;s:10:\"04-12-2026\";i:1;s:10:\"04-13-2026\";i:1;s:10:\"04-14-2026\";i:3;s:10:\"04-15-2026\";i:1;s:10:\"04-16-2026\";i:2;s:10:\"04-17-2026\";i:3;s:10:\"04-18-2026\";i:2;s:10:\"04-19-2026\";i:2;s:10:\"04-21-2026\";i:2;s:10:\"04-22-2026\";i:1;s:10:\"04-23-2026\";i:1;s:10:\"04-24-2026\";i:1;s:10:\"04-25-2026\";i:1;s:10:\"04-26-2026\";i:4;s:10:\"04-27-2026\";i:1;s:10:\"04-28-2026\";i:4;s:10:\"04-29-2026\";i:5;}"],"houzez_recently_viewed":["2026-04-29 07:52:08"],"fave_payment_status":["not_paid"],"_thumbnail_id":["31783"],"fave_nb-d-c3a9tages":["4"],"fave_disponibilitc3a9":["\u00c0 convenir"],"fave_property_images":["31783","30698","30699","30700","30701","30702","30703","30704","30705","30706","30707","30708","30709","30710","30711","30712","30713","30714","30715","30717","30716","30718","30720","30719","30697","30723"],"_elementor_page_assets":["a:0:{}"]},"yoast_head":"<!-- This site is optimized with the Yoast SEO plugin v27.1.1 - https:\/\/yoast.com\/product\/yoast-seo-wordpress\/ -->\n<title>\u00c0 VENDRE - Appartement 2 chambres \u00e0 Niederkorn | HORUS Immobilier<\/title>\n<meta name=\"description\" content=\"HORUS Immobilier, vous propose \u00e0 la vente en exclusivit\u00e9 cet appartement de 2 chambres, faisant +\/-84m\u00b2, situ\u00e9 au rez-de-chauss\u00e9e d&#039;une r\u00e9sidence de 3\" \/>\n<meta name=\"robots\" content=\"index, follow, max-snippet:-1, max-image-preview:large, max-video-preview:-1\" \/>\n<link rel=\"canonical\" href=\"https:\/\/horus.immo\/lu\/biens\/a-vendre-appartement-2-chambres-a-niederkorn-0286\/\" \/>\n<meta property=\"og:locale\" content=\"en_US\" \/>\n<meta property=\"og:type\" content=\"article\" \/>\n<meta property=\"og:title\" content=\"\u00c0 VENDRE - Appartement 2 chambres \u00e0 Niederkorn | HORUS Immobilier\" \/>\n<meta property=\"og:description\" content=\"HORUS Immobilier, vous propose \u00e0 la vente en exclusivit\u00e9 cet appartement de 2 chambres, faisant +\/-84m\u00b2, situ\u00e9 au rez-de-chauss\u00e9e d&#039;une r\u00e9sidence de 3\" \/>\n<meta property=\"og:url\" content=\"https:\/\/horus.immo\/lu\/biens\/a-vendre-appartement-2-chambres-a-niederkorn-0286\/\" \/>\n<meta property=\"og:site_name\" content=\"HORUS Immobilier | L&#039;agence des vid\u00e9os de pr\u00e9sentation \ud83c\udfa5\ud83c\udfac\" \/>\n<meta property=\"article:publisher\" content=\"https:\/\/www.facebook.com\/immohorus\" \/>\n<meta property=\"article:modified_time\" content=\"2025-12-18T00:51:35+00:00\" \/>\n<meta property=\"og:image\" content=\"https:\/\/horus.immo\/wp-content\/uploads\/2025\/09\/0286-A-VENDRE-Appartement-2-Chambres-Niederkorn-1-SOUS-COMPROMIS.webp\" \/>\n\t<meta property=\"og:image:width\" content=\"1920\" \/>\n\t<meta property=\"og:image:height\" content=\"1280\" \/>\n\t<meta property=\"og:image:type\" content=\"image\/webp\" \/>\n<meta name=\"twitter:card\" content=\"summary_large_image\" \/>\n<meta name=\"twitter:site\" content=\"@HorusImmobilier\" \/>\n<meta name=\"twitter:label1\" content=\"Est. reading time\" \/>\n\t<meta name=\"twitter:data1\" content=\"2 minutes\" \/>\n<script type=\"application\/ld+json\" class=\"yoast-schema-graph\">{\"@context\":\"https:\/\/schema.org\",\"@graph\":[{\"@type\":\"WebPage\",\"@id\":\"https:\/\/horus.immo\/biens\/a-vendre-appartement-2-chambres-a-niederkorn-0286\/\",\"url\":\"https:\/\/horus.immo\/biens\/a-vendre-appartement-2-chambres-a-niederkorn-0286\/\",\"name\":\"\u00c0 VENDRE - Appartement 2 chambres \u00e0 Niederkorn | HORUS Immobilier\",\"isPartOf\":{\"@id\":\"https:\/\/horus.immo\/#website\"},\"primaryImageOfPage\":{\"@id\":\"https:\/\/horus.immo\/biens\/a-vendre-appartement-2-chambres-a-niederkorn-0286\/#primaryimage\"},\"image\":{\"@id\":\"https:\/\/horus.immo\/biens\/a-vendre-appartement-2-chambres-a-niederkorn-0286\/#primaryimage\"},\"thumbnailUrl\":\"https:\/\/horus.immo\/wp-content\/uploads\/2025\/09\/0286-A-VENDRE-Appartement-2-Chambres-Niederkorn-1-SOUS-COMPROMIS.webp\",\"datePublished\":\"2025-09-01T15:25:47+00:00\",\"dateModified\":\"2025-12-18T00:51:35+00:00\",\"description\":\"HORUS Immobilier, vous propose \u00e0 la vente en exclusivit\u00e9 cet appartement de 2 chambres, faisant +\/-84m\u00b2, situ\u00e9 au rez-de-chauss\u00e9e d'une r\u00e9sidence de 3\",\"breadcrumb\":{\"@id\":\"https:\/\/horus.immo\/biens\/a-vendre-appartement-2-chambres-a-niederkorn-0286\/#breadcrumb\"},\"inLanguage\":\"lu-LU\",\"potentialAction\":[{\"@type\":\"ReadAction\",\"target\":[\"https:\/\/horus.immo\/biens\/a-vendre-appartement-2-chambres-a-niederkorn-0286\/\"]}]},{\"@type\":\"ImageObject\",\"inLanguage\":\"lu-LU\",\"@id\":\"https:\/\/horus.immo\/biens\/a-vendre-appartement-2-chambres-a-niederkorn-0286\/#primaryimage\",\"url\":\"https:\/\/horus.immo\/wp-content\/uploads\/2025\/09\/0286-A-VENDRE-Appartement-2-Chambres-Niederkorn-1-SOUS-COMPROMIS.webp\",\"contentUrl\":\"https:\/\/horus.immo\/wp-content\/uploads\/2025\/09\/0286-A-VENDRE-Appartement-2-Chambres-Niederkorn-1-SOUS-COMPROMIS.webp\",\"width\":1920,\"height\":1280},{\"@type\":\"BreadcrumbList\",\"@id\":\"https:\/\/horus.immo\/biens\/a-vendre-appartement-2-chambres-a-niederkorn-0286\/#breadcrumb\",\"itemListElement\":[{\"@type\":\"ListItem\",\"position\":1,\"name\":\"Accueil\",\"item\":\"https:\/\/horus.immo\/\"},{\"@type\":\"ListItem\",\"position\":2,\"name\":\"Propri\u00e9t\u00e9s\",\"item\":\"https:\/\/horus.immo\/biens\/\"},{\"@type\":\"ListItem\",\"position\":3,\"name\":\"Appartement 2 chambres \u00e0 Niederkorn #0286\"}]},{\"@type\":\"WebSite\",\"@id\":\"https:\/\/horus.immo\/#website\",\"url\":\"https:\/\/horus.immo\/\",\"name\":\"HORUS Immobilier | L&#039;agence des vid\u00e9os de pr\u00e9sentation \ud83c\udfa5\ud83c\udfac\",\"description\":\"Sp\u00e9cialis\u00e9e dans la vente de maisons \ud83c\udfe0 et appartements \ud83c\udfe2\",\"publisher\":{\"@id\":\"https:\/\/horus.immo\/#organization\"},\"potentialAction\":[{\"@type\":\"SearchAction\",\"target\":{\"@type\":\"EntryPoint\",\"urlTemplate\":\"https:\/\/horus.immo\/?s={search_term_string}\"},\"query-input\":{\"@type\":\"PropertyValueSpecification\",\"valueRequired\":true,\"valueName\":\"search_term_string\"}}],\"inLanguage\":\"lu-LU\"},{\"@type\":\"Organization\",\"@id\":\"https:\/\/horus.immo\/#organization\",\"name\":\"HORUS Immobilier\",\"url\":\"https:\/\/horus.immo\/\",\"logo\":{\"@type\":\"ImageObject\",\"inLanguage\":\"lu-LU\",\"@id\":\"https:\/\/horus.immo\/#\/schema\/logo\/image\/\",\"url\":\"https:\/\/horus.immo\/wp-content\/uploads\/2022\/06\/HORUS-IMMOBILIERE-LOGO-200x200px.jpg\",\"contentUrl\":\"https:\/\/horus.immo\/wp-content\/uploads\/2022\/06\/HORUS-IMMOBILIERE-LOGO-200x200px.jpg\",\"width\":200,\"height\":200,\"caption\":\"HORUS Immobilier\"},\"image\":{\"@id\":\"https:\/\/horus.immo\/#\/schema\/logo\/image\/\"},\"sameAs\":[\"https:\/\/www.facebook.com\/immohorus\",\"https:\/\/x.com\/HorusImmobilier\",\"https:\/\/www.instagram.com\/horusimmobilier\/\",\"https:\/\/www.linkedin.com\/company\/horus-immobilier-luxembourg\/\",\"https:\/\/www.youtube.com\/channel\/UCj9DxyuvBSmyxBS8ISZ0mWQ\",\"https:\/\/www.tiktok.com\/@horus_immobilier\"]}]}<\/script>\n<!-- \/ Yoast SEO plugin. -->","yoast_head_json":{"title":"\u00c0 VENDRE - Appartement 2 chambres \u00e0 Niederkorn | HORUS Immobilier","description":"HORUS Immobilier, vous propose \u00e0 la vente en exclusivit\u00e9 cet appartement de 2 chambres, faisant +\/-84m\u00b2, situ\u00e9 au rez-de-chauss\u00e9e d'une r\u00e9sidence de 3","robots":{"index":"index","follow":"follow","max-snippet":"max-snippet:-1","max-image-preview":"max-image-preview:large","max-video-preview":"max-video-preview:-1"},"canonical":"https:\/\/horus.immo\/lu\/biens\/a-vendre-appartement-2-chambres-a-niederkorn-0286\/","og_locale":"en_US","og_type":"article","og_title":"\u00c0 VENDRE - Appartement 2 chambres \u00e0 Niederkorn | HORUS Immobilier","og_description":"HORUS Immobilier, vous propose \u00e0 la vente en exclusivit\u00e9 cet appartement de 2 chambres, faisant +\/-84m\u00b2, situ\u00e9 au rez-de-chauss\u00e9e d'une r\u00e9sidence de 3","og_url":"https:\/\/horus.immo\/lu\/biens\/a-vendre-appartement-2-chambres-a-niederkorn-0286\/","og_site_name":"HORUS Immobilier | L&#039;agence des vid\u00e9os de pr\u00e9sentation \ud83c\udfa5\ud83c\udfac","article_publisher":"https:\/\/www.facebook.com\/immohorus","article_modified_time":"2025-12-18T00:51:35+00:00","og_image":[{"width":1920,"height":1280,"url":"https:\/\/horus.immo\/wp-content\/uploads\/2025\/09\/0286-A-VENDRE-Appartement-2-Chambres-Niederkorn-1-SOUS-COMPROMIS.webp","type":"image\/webp"}],"twitter_card":"summary_large_image","twitter_site":"@HorusImmobilier","twitter_misc":{"Est. reading time":"2 minutes"},"schema":{"@context":"https:\/\/schema.org","@graph":[{"@type":"WebPage","@id":"https:\/\/horus.immo\/biens\/a-vendre-appartement-2-chambres-a-niederkorn-0286\/","url":"https:\/\/horus.immo\/biens\/a-vendre-appartement-2-chambres-a-niederkorn-0286\/","name":"\u00c0 VENDRE - Appartement 2 chambres \u00e0 Niederkorn | HORUS Immobilier","isPartOf":{"@id":"https:\/\/horus.immo\/#website"},"primaryImageOfPage":{"@id":"https:\/\/horus.immo\/biens\/a-vendre-appartement-2-chambres-a-niederkorn-0286\/#primaryimage"},"image":{"@id":"https:\/\/horus.immo\/biens\/a-vendre-appartement-2-chambres-a-niederkorn-0286\/#primaryimage"},"thumbnailUrl":"https:\/\/horus.immo\/wp-content\/uploads\/2025\/09\/0286-A-VENDRE-Appartement-2-Chambres-Niederkorn-1-SOUS-COMPROMIS.webp","datePublished":"2025-09-01T15:25:47+00:00","dateModified":"2025-12-18T00:51:35+00:00","description":"HORUS Immobilier, vous propose \u00e0 la vente en exclusivit\u00e9 cet appartement de 2 chambres, faisant +\/-84m\u00b2, situ\u00e9 au rez-de-chauss\u00e9e d'une r\u00e9sidence de 3","breadcrumb":{"@id":"https:\/\/horus.immo\/biens\/a-vendre-appartement-2-chambres-a-niederkorn-0286\/#breadcrumb"},"inLanguage":"lu-LU","potentialAction":[{"@type":"ReadAction","target":["https:\/\/horus.immo\/biens\/a-vendre-appartement-2-chambres-a-niederkorn-0286\/"]}]},{"@type":"ImageObject","inLanguage":"lu-LU","@id":"https:\/\/horus.immo\/biens\/a-vendre-appartement-2-chambres-a-niederkorn-0286\/#primaryimage","url":"https:\/\/horus.immo\/wp-content\/uploads\/2025\/09\/0286-A-VENDRE-Appartement-2-Chambres-Niederkorn-1-SOUS-COMPROMIS.webp","contentUrl":"https:\/\/horus.immo\/wp-content\/uploads\/2025\/09\/0286-A-VENDRE-Appartement-2-Chambres-Niederkorn-1-SOUS-COMPROMIS.webp","width":1920,"height":1280},{"@type":"BreadcrumbList","@id":"https:\/\/horus.immo\/biens\/a-vendre-appartement-2-chambres-a-niederkorn-0286\/#breadcrumb","itemListElement":[{"@type":"ListItem","position":1,"name":"Accueil","item":"https:\/\/horus.immo\/"},{"@type":"ListItem","position":2,"name":"Propri\u00e9t\u00e9s","item":"https:\/\/horus.immo\/biens\/"},{"@type":"ListItem","position":3,"name":"Appartement 2 chambres \u00e0 Niederkorn #0286"}]},{"@type":"WebSite","@id":"https:\/\/horus.immo\/#website","url":"https:\/\/horus.immo\/","name":"HORUS Immobilier | L&#039;agence des vid\u00e9os de pr\u00e9sentation \ud83c\udfa5\ud83c\udfac","description":"Sp\u00e9cialis\u00e9e dans la vente de maisons \ud83c\udfe0 et appartements \ud83c\udfe2","publisher":{"@id":"https:\/\/horus.immo\/#organization"},"potentialAction":[{"@type":"SearchAction","target":{"@type":"EntryPoint","urlTemplate":"https:\/\/horus.immo\/?s={search_term_string}"},"query-input":{"@type":"PropertyValueSpecification","valueRequired":true,"valueName":"search_term_string"}}],"inLanguage":"lu-LU"},{"@type":"Organization","@id":"https:\/\/horus.immo\/#organization","name":"HORUS Immobilier","url":"https:\/\/horus.immo\/","logo":{"@type":"ImageObject","inLanguage":"lu-LU","@id":"https:\/\/horus.immo\/#\/schema\/logo\/image\/","url":"https:\/\/horus.immo\/wp-content\/uploads\/2022\/06\/HORUS-IMMOBILIERE-LOGO-200x200px.jpg","contentUrl":"https:\/\/horus.immo\/wp-content\/uploads\/2022\/06\/HORUS-IMMOBILIERE-LOGO-200x200px.jpg","width":200,"height":200,"caption":"HORUS Immobilier"},"image":{"@id":"https:\/\/horus.immo\/#\/schema\/logo\/image\/"},"sameAs":["https:\/\/www.facebook.com\/immohorus","https:\/\/x.com\/HorusImmobilier","https:\/\/www.instagram.com\/horusimmobilier\/","https:\/\/www.linkedin.com\/company\/horus-immobilier-luxembourg\/","https:\/\/www.youtube.com\/channel\/UCj9DxyuvBSmyxBS8ISZ0mWQ","https:\/\/www.tiktok.com\/@horus_immobilier"]}]}},"_links":{"self":[{"href":"https:\/\/horus.immo\/lu\/wp-json\/wp\/v2\/properties\/30431","targetHints":{"allow":["GET"]}}],"collection":[{"href":"https:\/\/horus.immo\/lu\/wp-json\/wp\/v2\/properties"}],"about":[{"href":"https:\/\/horus.immo\/lu\/wp-json\/wp\/v2\/types\/property"}],"author":[{"embeddable":true,"href":"https:\/\/horus.immo\/lu\/wp-json\/wp\/v2\/users\/4"}],"version-history":[{"count":2,"href":"https:\/\/horus.immo\/lu\/wp-json\/wp\/v2\/properties\/30431\/revisions"}],"predecessor-version":[{"id":30724,"href":"https:\/\/horus.immo\/lu\/wp-json\/wp\/v2\/properties\/30431\/revisions\/30724"}],"wp:featuredmedia":[{"embeddable":true,"href":"https:\/\/horus.immo\/lu\/wp-json\/wp\/v2\/media\/31783"}],"wp:attachment":[{"href":"https:\/\/horus.immo\/lu\/wp-json\/wp\/v2\/media?parent=30431"}],"wp:term":[{"taxonomy":"property_type","embeddable":true,"href":"https:\/\/horus.immo\/lu\/wp-json\/wp\/v2\/property_type?post=30431"},{"taxonomy":"property_status","embeddable":true,"href":"https:\/\/horus.immo\/lu\/wp-json\/wp\/v2\/property_status?post=30431"},{"taxonomy":"property_feature","embeddable":true,"href":"https:\/\/horus.immo\/lu\/wp-json\/wp\/v2\/property_feature?post=30431"},{"taxonomy":"property_label","embeddable":true,"href":"https:\/\/horus.immo\/lu\/wp-json\/wp\/v2\/property_label?post=30431"},{"taxonomy":"property_country","embeddable":true,"href":"https:\/\/horus.immo\/lu\/wp-json\/wp\/v2\/property_country?post=30431"},{"taxonomy":"property_state","embeddable":true,"href":"https:\/\/horus.immo\/lu\/wp-json\/wp\/v2\/property_state?post=30431"},{"taxonomy":"property_city","embeddable":true,"href":"https:\/\/horus.immo\/lu\/wp-json\/wp\/v2\/property_city?post=30431"},{"taxonomy":"property_area","embeddable":true,"href":"https:\/\/horus.immo\/lu\/wp-json\/wp\/v2\/property_area?post=30431"}],"curies":[{"name":"wp","href":"https:\/\/api.w.org\/{rel}","templated":true}]}}