{"id":31643,"date":"2025-12-01T17:23:28","date_gmt":"2025-12-01T16:23:28","guid":{"rendered":"https:\/\/horus.immo\/?post_type=property&#038;p=31643"},"modified":"2025-12-01T17:23:28","modified_gmt":"2025-12-01T16:23:28","slug":"a-vendre-local-commercial-bureaux-a-villerupt-france-0352","status":"publish","type":"property","link":"https:\/\/horus.immo\/lu\/biens\/a-vendre-local-commercial-bureaux-a-villerupt-france-0352\/","title":{"rendered":"Local Commercial \/ Bureaux \u00e0 Villerupt (F) #0352"},"content":{"rendered":"<p>*** Avis aux investisseurs ***<\/p>\n\n\n\n<p>HORUS Immobilier, en collaboration avec Sandrine Hostein de Safti, vous propose \u00e0 la vente en exclusivit\u00e9 ce local commercial faisant +\/-91m\u00b2, situ\u00e9 au rez-de-chauss\u00e9e d&#8217;une r\u00e9sidence de 1940 \u00e0 Villerupt (France).<\/p>\n\n\n\n<p>Le local commercial se compose comme suit :<br>&#8211; Une entr\u00e9e aux normes PMR<br>&#8211; Une salle d&#8217;attente<br>&#8211; Trois bureaux (id\u00e9al pour des bureaux d&#8217;entreprises, professions lib\u00e9rales ou param\u00e9dicales)<br>&#8211; Un espace cuisine<br>&#8211; Un WC s\u00e9par\u00e9 avec point d&#8217;eau<\/p>\n\n\n\n<p>Ce local commercial est situ\u00e9 au coeur de Villerupt (54190) avec des parkings \u00e0 proximit\u00e9.<\/p>\n\n\n\n<p>Pour toutes informations compl\u00e9mentaires et visites du local, veuillez contacter :<br>Mme <strong>Sabrina ESCURE<\/strong><br><img decoding=\"async\" height=\"16\" width=\"16\" src=\"https:\/\/static.xx.fbcdn.net\/images\/emoji.php\/v9\/tf6\/2\/16\/1f4f1.png\" alt=\"\ud83d\udcf1\">(+352) <strong>621 434 953<\/strong><br><img decoding=\"async\" height=\"16\" width=\"16\" src=\"https:\/\/static.xx.fbcdn.net\/images\/emoji.php\/v9\/t5d\/2\/16\/1f4e7.png\" alt=\"\ud83d\udce7\"> <strong>sabrina.escure@horus.immo<\/strong><\/p>","protected":false},"excerpt":{"rendered":"<p>*** Avis aux investisseurs *** HORUS Immobilier, en collaboration avec Sandrine Hostein de Safti, vous propose \u00e0 la vente en exclusivit\u00e9 ce local commercial faisant +\/-91m\u00b2, situ\u00e9 au rez-de-chauss\u00e9e d&#8217;une r\u00e9sidence de 1940 \u00e0 Villerupt (France). Le local commercial se compose comme suit :&#8211; Une entr\u00e9e aux normes PMR&#8211; Une salle d&#8217;attente&#8211; Trois bureaux (id\u00e9al [&hellip;]<\/p>\n","protected":false},"author":4,"featured_media":29103,"parent":0,"menu_order":0,"template":"","property_type":[184],"property_status":[31],"property_feature":[144,136,98],"property_label":[],"property_country":[241],"property_state":[],"property_city":[291],"property_area":[],"class_list":["post-31643","property","type-property","status-publish","has-post-thumbnail","hentry","property_type-local-commercial","property_status-a-vendre","property_feature-double-vitrage","property_feature-chauffage-electrique","property_feature-radiateurs","property_country-france","property_city-villerupt"],"property_meta":{"_edit_lock":["1764631404:4"],"_edit_last":["4"],"fave_show_price_placeholder":["0"],"fave_property_map":["1"],"fave_property_location":["49.470163,5.930146,15"],"houzez_geolocation_lat":["49.470163"],"houzez_geolocation_long":["5.930146"],"fave_property_map_street_view":["hide"],"fave_featured":["0"],"houzez_featured_listing_date":[""],"fave_loggedintoview":["0"],"fave_agent_display_option":["agent_info"],"fave_prop_homeslider":["no"],"fave_single_top_area":["global"],"fave_single_content_area":["global"],"houzez_manual_expire":["0"],"_houzez_expiration_date_status":["saved"],"_yoast_wpseo_primary_property_type":["184"],"_yoast_wpseo_primary_property_status":["31"],"_yoast_wpseo_primary_property_feature":["98"],"_yoast_wpseo_primary_property_label":[""],"_yoast_wpseo_primary_property_country":["241"],"_yoast_wpseo_primary_property_state":[""],"_yoast_wpseo_primary_property_city":["291"],"_yoast_wpseo_primary_property_area":[""],"_yoast_wpseo_content_score":["90"],"_yoast_wpseo_estimated-reading-time-minutes":["2"],"_yoast_wpseo_title":["\u00c0 VENDRE - Local Commercial \/ Bureaux \u00e0 Villerupt (France) | HORUS Immobilier"],"fave_property_price":["149000"],"fave_property_size":["91"],"fave_property_size_prefix":["m\u00b2"],"fave_property_rooms":["5"],"fave_property_id":["0352"],"fave_property_year":["1940"],"_thumbnail_id":["29103"],"fave_property_map_address":["Villerupt, France"],"fave_energy_class":["B"],"fave_renewable_energy_global_index":["A"],"fave_agents":["29741"],"houzez_total_property_views":["1615"],"houzez_views_by_date":["a:61:{s:10:\"02-08-2026\";i:1;s:10:\"02-09-2026\";i:3;s:10:\"02-10-2026\";i:3;s:10:\"02-11-2026\";i:6;s:10:\"02-12-2026\";i:9;s:10:\"02-13-2026\";i:5;s:10:\"02-14-2026\";i:1;s:10:\"02-15-2026\";i:1;s:10:\"02-17-2026\";i:1;s:10:\"02-18-2026\";i:1;s:10:\"02-19-2026\";i:2;s:10:\"02-21-2026\";i:1;s:10:\"02-22-2026\";i:4;s:10:\"02-23-2026\";i:2;s:10:\"02-24-2026\";i:1;s:10:\"02-26-2026\";i:1;s:10:\"02-28-2026\";i:1;s:10:\"03-01-2026\";i:1;s:10:\"03-02-2026\";i:3;s:10:\"03-05-2026\";i:4;s:10:\"03-06-2026\";i:3;s:10:\"03-11-2026\";i:4;s:10:\"03-12-2026\";i:3;s:10:\"03-13-2026\";i:10;s:10:\"03-16-2026\";i:2;s:10:\"03-17-2026\";i:6;s:10:\"03-18-2026\";i:1;s:10:\"03-19-2026\";i:4;s:10:\"03-20-2026\";i:2;s:10:\"03-21-2026\";i:2;s:10:\"03-24-2026\";i:4;s:10:\"03-25-2026\";i:1;s:10:\"03-26-2026\";i:6;s:10:\"03-27-2026\";i:2;s:10:\"03-28-2026\";i:1;s:10:\"03-29-2026\";i:9;s:10:\"03-31-2026\";i:1;s:10:\"04-01-2026\";i:4;s:10:\"04-02-2026\";i:4;s:10:\"04-03-2026\";i:2;s:10:\"04-05-2026\";i:2;s:10:\"04-07-2026\";i:2;s:10:\"04-08-2026\";i:4;s:10:\"04-09-2026\";i:2;s:10:\"04-10-2026\";i:1;s:10:\"04-11-2026\";i:3;s:10:\"04-13-2026\";i:1;s:10:\"04-14-2026\";i:4;s:10:\"04-15-2026\";i:2;s:10:\"04-16-2026\";i:4;s:10:\"04-17-2026\";i:1;s:10:\"04-19-2026\";i:5;s:10:\"04-20-2026\";i:1;s:10:\"04-21-2026\";i:3;s:10:\"04-22-2026\";i:4;s:10:\"04-23-2026\";i:1;s:10:\"04-25-2026\";i:5;s:10:\"04-26-2026\";i:2;s:10:\"04-27-2026\";i:2;s:10:\"04-28-2026\";i:7;s:10:\"04-29-2026\";i:2;}"],"houzez_recently_viewed":["2026-04-29 08:55:47"],"fave_payment_status":["not_paid"],"fave_disponibilitc3a9":["\u00c0 convenir"],"fave_property_images":["29103","29104","29105","29106","29107","29108","29109","29110","29111","29112","29113","29114","29115","29116","29117","29118","29119","29120","29121"],"_elementor_page_assets":["a:0:{}"]},"yoast_head":"<!-- This site is optimized with the Yoast SEO plugin v27.1.1 - https:\/\/yoast.com\/product\/yoast-seo-wordpress\/ -->\n<title>\u00c0 VENDRE - Local Commercial \/ Bureaux \u00e0 Villerupt (France) | HORUS Immobilier<\/title>\n<meta name=\"description\" content=\"*** Avis aux investisseurs *** HORUS Immobilier, en collaboration avec Sandrine Hostein de Safti, vous propose \u00e0 la vente en exclusivit\u00e9 ce local\" \/>\n<meta name=\"robots\" content=\"index, follow, max-snippet:-1, max-image-preview:large, max-video-preview:-1\" \/>\n<link rel=\"canonical\" href=\"https:\/\/horus.immo\/lu\/biens\/a-vendre-local-commercial-bureaux-a-villerupt-france-0352\/\" \/>\n<meta property=\"og:locale\" content=\"en_US\" \/>\n<meta property=\"og:type\" content=\"article\" \/>\n<meta property=\"og:title\" content=\"\u00c0 VENDRE - Local Commercial \/ Bureaux \u00e0 Villerupt (France) | HORUS Immobilier\" \/>\n<meta property=\"og:description\" content=\"*** Avis aux investisseurs *** HORUS Immobilier, en collaboration avec Sandrine Hostein de Safti, vous propose \u00e0 la vente en exclusivit\u00e9 ce local\" \/>\n<meta property=\"og:url\" content=\"https:\/\/horus.immo\/lu\/biens\/a-vendre-local-commercial-bureaux-a-villerupt-france-0352\/\" \/>\n<meta property=\"og:site_name\" content=\"HORUS Immobilier | L&#039;agence des vid\u00e9os de pr\u00e9sentation \ud83c\udfa5\ud83c\udfac\" \/>\n<meta property=\"article:publisher\" content=\"https:\/\/www.facebook.com\/immohorus\" \/>\n<meta property=\"og:image\" content=\"https:\/\/horus.immo\/wp-content\/uploads\/2025\/06\/0352-A-VENDRE-Local-Commercial-Villerupt-France-1.webp\" \/>\n\t<meta property=\"og:image:width\" content=\"1920\" \/>\n\t<meta property=\"og:image:height\" content=\"1280\" \/>\n\t<meta property=\"og:image:type\" content=\"image\/webp\" \/>\n<meta name=\"twitter:card\" content=\"summary_large_image\" \/>\n<meta name=\"twitter:site\" content=\"@HorusImmobilier\" \/>\n<meta name=\"twitter:label1\" content=\"Est. reading time\" \/>\n\t<meta name=\"twitter:data1\" content=\"2 minutes\" \/>\n<script type=\"application\/ld+json\" class=\"yoast-schema-graph\">{\"@context\":\"https:\/\/schema.org\",\"@graph\":[{\"@type\":\"WebPage\",\"@id\":\"https:\/\/horus.immo\/biens\/a-vendre-local-commercial-bureaux-a-villerupt-france-0352\/\",\"url\":\"https:\/\/horus.immo\/biens\/a-vendre-local-commercial-bureaux-a-villerupt-france-0352\/\",\"name\":\"\u00c0 VENDRE - Local Commercial \/ Bureaux \u00e0 Villerupt (France) | HORUS Immobilier\",\"isPartOf\":{\"@id\":\"https:\/\/horus.immo\/#website\"},\"primaryImageOfPage\":{\"@id\":\"https:\/\/horus.immo\/biens\/a-vendre-local-commercial-bureaux-a-villerupt-france-0352\/#primaryimage\"},\"image\":{\"@id\":\"https:\/\/horus.immo\/biens\/a-vendre-local-commercial-bureaux-a-villerupt-france-0352\/#primaryimage\"},\"thumbnailUrl\":\"https:\/\/horus.immo\/wp-content\/uploads\/2025\/06\/0352-A-VENDRE-Local-Commercial-Villerupt-France-1.webp\",\"datePublished\":\"2025-12-01T16:23:28+00:00\",\"description\":\"*** Avis aux investisseurs *** HORUS Immobilier, en collaboration avec Sandrine Hostein de Safti, vous propose \u00e0 la vente en exclusivit\u00e9 ce local\",\"breadcrumb\":{\"@id\":\"https:\/\/horus.immo\/biens\/a-vendre-local-commercial-bureaux-a-villerupt-france-0352\/#breadcrumb\"},\"inLanguage\":\"lu-LU\",\"potentialAction\":[{\"@type\":\"ReadAction\",\"target\":[\"https:\/\/horus.immo\/biens\/a-vendre-local-commercial-bureaux-a-villerupt-france-0352\/\"]}]},{\"@type\":\"ImageObject\",\"inLanguage\":\"lu-LU\",\"@id\":\"https:\/\/horus.immo\/biens\/a-vendre-local-commercial-bureaux-a-villerupt-france-0352\/#primaryimage\",\"url\":\"https:\/\/horus.immo\/wp-content\/uploads\/2025\/06\/0352-A-VENDRE-Local-Commercial-Villerupt-France-1.webp\",\"contentUrl\":\"https:\/\/horus.immo\/wp-content\/uploads\/2025\/06\/0352-A-VENDRE-Local-Commercial-Villerupt-France-1.webp\",\"width\":1920,\"height\":1280},{\"@type\":\"BreadcrumbList\",\"@id\":\"https:\/\/horus.immo\/biens\/a-vendre-local-commercial-bureaux-a-villerupt-france-0352\/#breadcrumb\",\"itemListElement\":[{\"@type\":\"ListItem\",\"position\":1,\"name\":\"Accueil\",\"item\":\"https:\/\/horus.immo\/\"},{\"@type\":\"ListItem\",\"position\":2,\"name\":\"Propri\u00e9t\u00e9s\",\"item\":\"https:\/\/horus.immo\/biens\/\"},{\"@type\":\"ListItem\",\"position\":3,\"name\":\"Local Commercial \/ Bureaux \u00e0 Villerupt (F) #0352\"}]},{\"@type\":\"WebSite\",\"@id\":\"https:\/\/horus.immo\/#website\",\"url\":\"https:\/\/horus.immo\/\",\"name\":\"HORUS Immobilier | L&#039;agence des vid\u00e9os de pr\u00e9sentation \ud83c\udfa5\ud83c\udfac\",\"description\":\"Sp\u00e9cialis\u00e9e dans la vente de maisons \ud83c\udfe0 et appartements \ud83c\udfe2\",\"publisher\":{\"@id\":\"https:\/\/horus.immo\/#organization\"},\"potentialAction\":[{\"@type\":\"SearchAction\",\"target\":{\"@type\":\"EntryPoint\",\"urlTemplate\":\"https:\/\/horus.immo\/?s={search_term_string}\"},\"query-input\":{\"@type\":\"PropertyValueSpecification\",\"valueRequired\":true,\"valueName\":\"search_term_string\"}}],\"inLanguage\":\"lu-LU\"},{\"@type\":\"Organization\",\"@id\":\"https:\/\/horus.immo\/#organization\",\"name\":\"HORUS Immobilier\",\"url\":\"https:\/\/horus.immo\/\",\"logo\":{\"@type\":\"ImageObject\",\"inLanguage\":\"lu-LU\",\"@id\":\"https:\/\/horus.immo\/#\/schema\/logo\/image\/\",\"url\":\"https:\/\/horus.immo\/wp-content\/uploads\/2022\/06\/HORUS-IMMOBILIERE-LOGO-200x200px.jpg\",\"contentUrl\":\"https:\/\/horus.immo\/wp-content\/uploads\/2022\/06\/HORUS-IMMOBILIERE-LOGO-200x200px.jpg\",\"width\":200,\"height\":200,\"caption\":\"HORUS Immobilier\"},\"image\":{\"@id\":\"https:\/\/horus.immo\/#\/schema\/logo\/image\/\"},\"sameAs\":[\"https:\/\/www.facebook.com\/immohorus\",\"https:\/\/x.com\/HorusImmobilier\",\"https:\/\/www.instagram.com\/horusimmobilier\/\",\"https:\/\/www.linkedin.com\/company\/horus-immobilier-luxembourg\/\",\"https:\/\/www.youtube.com\/channel\/UCj9DxyuvBSmyxBS8ISZ0mWQ\",\"https:\/\/www.tiktok.com\/@horus_immobilier\"]}]}<\/script>\n<!-- \/ Yoast SEO plugin. -->","yoast_head_json":{"title":"\u00c0 VENDRE - Local Commercial \/ Bureaux \u00e0 Villerupt (France) | HORUS Immobilier","description":"*** Avis aux investisseurs *** HORUS Immobilier, en collaboration avec Sandrine Hostein de Safti, vous propose \u00e0 la vente en exclusivit\u00e9 ce local","robots":{"index":"index","follow":"follow","max-snippet":"max-snippet:-1","max-image-preview":"max-image-preview:large","max-video-preview":"max-video-preview:-1"},"canonical":"https:\/\/horus.immo\/lu\/biens\/a-vendre-local-commercial-bureaux-a-villerupt-france-0352\/","og_locale":"en_US","og_type":"article","og_title":"\u00c0 VENDRE - Local Commercial \/ Bureaux \u00e0 Villerupt (France) | HORUS Immobilier","og_description":"*** Avis aux investisseurs *** HORUS Immobilier, en collaboration avec Sandrine Hostein de Safti, vous propose \u00e0 la vente en exclusivit\u00e9 ce local","og_url":"https:\/\/horus.immo\/lu\/biens\/a-vendre-local-commercial-bureaux-a-villerupt-france-0352\/","og_site_name":"HORUS Immobilier | L&#039;agence des vid\u00e9os de pr\u00e9sentation \ud83c\udfa5\ud83c\udfac","article_publisher":"https:\/\/www.facebook.com\/immohorus","og_image":[{"width":1920,"height":1280,"url":"https:\/\/horus.immo\/wp-content\/uploads\/2025\/06\/0352-A-VENDRE-Local-Commercial-Villerupt-France-1.webp","type":"image\/webp"}],"twitter_card":"summary_large_image","twitter_site":"@HorusImmobilier","twitter_misc":{"Est. reading time":"2 minutes"},"schema":{"@context":"https:\/\/schema.org","@graph":[{"@type":"WebPage","@id":"https:\/\/horus.immo\/biens\/a-vendre-local-commercial-bureaux-a-villerupt-france-0352\/","url":"https:\/\/horus.immo\/biens\/a-vendre-local-commercial-bureaux-a-villerupt-france-0352\/","name":"\u00c0 VENDRE - Local Commercial \/ Bureaux \u00e0 Villerupt (France) | HORUS Immobilier","isPartOf":{"@id":"https:\/\/horus.immo\/#website"},"primaryImageOfPage":{"@id":"https:\/\/horus.immo\/biens\/a-vendre-local-commercial-bureaux-a-villerupt-france-0352\/#primaryimage"},"image":{"@id":"https:\/\/horus.immo\/biens\/a-vendre-local-commercial-bureaux-a-villerupt-france-0352\/#primaryimage"},"thumbnailUrl":"https:\/\/horus.immo\/wp-content\/uploads\/2025\/06\/0352-A-VENDRE-Local-Commercial-Villerupt-France-1.webp","datePublished":"2025-12-01T16:23:28+00:00","description":"*** Avis aux investisseurs *** HORUS Immobilier, en collaboration avec Sandrine Hostein de Safti, vous propose \u00e0 la vente en exclusivit\u00e9 ce local","breadcrumb":{"@id":"https:\/\/horus.immo\/biens\/a-vendre-local-commercial-bureaux-a-villerupt-france-0352\/#breadcrumb"},"inLanguage":"lu-LU","potentialAction":[{"@type":"ReadAction","target":["https:\/\/horus.immo\/biens\/a-vendre-local-commercial-bureaux-a-villerupt-france-0352\/"]}]},{"@type":"ImageObject","inLanguage":"lu-LU","@id":"https:\/\/horus.immo\/biens\/a-vendre-local-commercial-bureaux-a-villerupt-france-0352\/#primaryimage","url":"https:\/\/horus.immo\/wp-content\/uploads\/2025\/06\/0352-A-VENDRE-Local-Commercial-Villerupt-France-1.webp","contentUrl":"https:\/\/horus.immo\/wp-content\/uploads\/2025\/06\/0352-A-VENDRE-Local-Commercial-Villerupt-France-1.webp","width":1920,"height":1280},{"@type":"BreadcrumbList","@id":"https:\/\/horus.immo\/biens\/a-vendre-local-commercial-bureaux-a-villerupt-france-0352\/#breadcrumb","itemListElement":[{"@type":"ListItem","position":1,"name":"Accueil","item":"https:\/\/horus.immo\/"},{"@type":"ListItem","position":2,"name":"Propri\u00e9t\u00e9s","item":"https:\/\/horus.immo\/biens\/"},{"@type":"ListItem","position":3,"name":"Local Commercial \/ Bureaux \u00e0 Villerupt (F) #0352"}]},{"@type":"WebSite","@id":"https:\/\/horus.immo\/#website","url":"https:\/\/horus.immo\/","name":"HORUS Immobilier | L&#039;agence des vid\u00e9os de pr\u00e9sentation \ud83c\udfa5\ud83c\udfac","description":"Sp\u00e9cialis\u00e9e dans la vente de maisons \ud83c\udfe0 et appartements \ud83c\udfe2","publisher":{"@id":"https:\/\/horus.immo\/#organization"},"potentialAction":[{"@type":"SearchAction","target":{"@type":"EntryPoint","urlTemplate":"https:\/\/horus.immo\/?s={search_term_string}"},"query-input":{"@type":"PropertyValueSpecification","valueRequired":true,"valueName":"search_term_string"}}],"inLanguage":"lu-LU"},{"@type":"Organization","@id":"https:\/\/horus.immo\/#organization","name":"HORUS Immobilier","url":"https:\/\/horus.immo\/","logo":{"@type":"ImageObject","inLanguage":"lu-LU","@id":"https:\/\/horus.immo\/#\/schema\/logo\/image\/","url":"https:\/\/horus.immo\/wp-content\/uploads\/2022\/06\/HORUS-IMMOBILIERE-LOGO-200x200px.jpg","contentUrl":"https:\/\/horus.immo\/wp-content\/uploads\/2022\/06\/HORUS-IMMOBILIERE-LOGO-200x200px.jpg","width":200,"height":200,"caption":"HORUS Immobilier"},"image":{"@id":"https:\/\/horus.immo\/#\/schema\/logo\/image\/"},"sameAs":["https:\/\/www.facebook.com\/immohorus","https:\/\/x.com\/HorusImmobilier","https:\/\/www.instagram.com\/horusimmobilier\/","https:\/\/www.linkedin.com\/company\/horus-immobilier-luxembourg\/","https:\/\/www.youtube.com\/channel\/UCj9DxyuvBSmyxBS8ISZ0mWQ","https:\/\/www.tiktok.com\/@horus_immobilier"]}]}},"_links":{"self":[{"href":"https:\/\/horus.immo\/lu\/wp-json\/wp\/v2\/properties\/31643","targetHints":{"allow":["GET"]}}],"collection":[{"href":"https:\/\/horus.immo\/lu\/wp-json\/wp\/v2\/properties"}],"about":[{"href":"https:\/\/horus.immo\/lu\/wp-json\/wp\/v2\/types\/property"}],"author":[{"embeddable":true,"href":"https:\/\/horus.immo\/lu\/wp-json\/wp\/v2\/users\/4"}],"version-history":[{"count":1,"href":"https:\/\/horus.immo\/lu\/wp-json\/wp\/v2\/properties\/31643\/revisions"}],"predecessor-version":[{"id":31644,"href":"https:\/\/horus.immo\/lu\/wp-json\/wp\/v2\/properties\/31643\/revisions\/31644"}],"wp:featuredmedia":[{"embeddable":true,"href":"https:\/\/horus.immo\/lu\/wp-json\/wp\/v2\/media\/29103"}],"wp:attachment":[{"href":"https:\/\/horus.immo\/lu\/wp-json\/wp\/v2\/media?parent=31643"}],"wp:term":[{"taxonomy":"property_type","embeddable":true,"href":"https:\/\/horus.immo\/lu\/wp-json\/wp\/v2\/property_type?post=31643"},{"taxonomy":"property_status","embeddable":true,"href":"https:\/\/horus.immo\/lu\/wp-json\/wp\/v2\/property_status?post=31643"},{"taxonomy":"property_feature","embeddable":true,"href":"https:\/\/horus.immo\/lu\/wp-json\/wp\/v2\/property_feature?post=31643"},{"taxonomy":"property_label","embeddable":true,"href":"https:\/\/horus.immo\/lu\/wp-json\/wp\/v2\/property_label?post=31643"},{"taxonomy":"property_country","embeddable":true,"href":"https:\/\/horus.immo\/lu\/wp-json\/wp\/v2\/property_country?post=31643"},{"taxonomy":"property_state","embeddable":true,"href":"https:\/\/horus.immo\/lu\/wp-json\/wp\/v2\/property_state?post=31643"},{"taxonomy":"property_city","embeddable":true,"href":"https:\/\/horus.immo\/lu\/wp-json\/wp\/v2\/property_city?post=31643"},{"taxonomy":"property_area","embeddable":true,"href":"https:\/\/horus.immo\/lu\/wp-json\/wp\/v2\/property_area?post=31643"}],"curies":[{"name":"wp","href":"https:\/\/api.w.org\/{rel}","templated":true}]}}