{"id":32020,"date":"2026-02-06T01:06:06","date_gmt":"2026-02-06T00:06:06","guid":{"rendered":"https:\/\/horus.immo\/?post_type=property&#038;p=32020"},"modified":"2026-03-12T16:02:29","modified_gmt":"2026-03-12T15:02:29","slug":"a-vendre-appartement-4-chambres-kehlen-0417","status":"publish","type":"property","link":"https:\/\/horus.immo\/pt\/biens\/a-vendre-appartement-4-chambres-kehlen-0417\/","title":{"rendered":"Appartement 4 chambres \u00e0 Kehlen #0417"},"content":{"rendered":"<p>HORUS Immobilier vous propose \u00e0 la vente en exclusivit\u00e9 cet appartement de 4 chambres faisant +\/-109m\u00b2, situ\u00e9 au rez-de-chauss\u00e9e dans une maison bi-familiale de 1995 \u00e0 Kehlen.<\/p>\n\n\n\n<p>L&#8217;appartement se compose comme suit :<br>&#8211; Un hall d&#8217;entr\u00e9e (+\/-14m\u00b2)<br>&#8211; Une cuisine \u00e9quip\u00e9e ouverte sur le salon \/ salle \u00e0 manger (+\/-30m\u00b2) avec acc\u00e8s \u00e0 la terrasse et au  jardin<br>&#8211; Quatre chambres \u00e0 coucher (+\/-11m\u00b2, +\/-11m\u00b2, +\/-14m\u00b2 et +\/-14m\u00b2)<br>&#8211; Une salle de bains avec baignoire, douche et WC<br>&#8211; Une salle de douche avec WC<\/p>\n\n\n\n<p>Completa esta propriedade :<br>&#8211; Un garage pour une voiture (+\/-23m\u00b2)<br>&#8211; Un emplacement de parking ext\u00e9rieur priv\u00e9<br>&#8211; Une terrasse (+\/-25m\u00b2)<br>&#8211; Une cave (+\/-11m\u00b2)<br>&#8211; Deux emplacements de parking ext\u00e9rieurs communs<br>&#8211; Un jardin commun (+\/-160m\u00b2)<br>&#8211; Une buanderie commune<br>&#8211; Un local technique commun<\/p>\n\n\n\n<p>Para qualquer informa\u00e7\u00e3o adicional, por favor contacte:<br>Mme <strong>Letitia DA COSTA<\/strong><br><img decoding=\"async\" height=\"16\" width=\"16\" src=\"https:\/\/static.xx.fbcdn.net\/images\/emoji.php\/v9\/tf6\/2\/16\/1f4f1.png\" alt=\"\ud83d\udcf1\">(+352) <strong>621 692 308<\/strong><br><img decoding=\"async\" height=\"16\" width=\"16\" src=\"https:\/\/static.xx.fbcdn.net\/images\/emoji.php\/v9\/t5d\/2\/16\/1f4e7.png\" alt=\"\ud83d\udce7\"> <strong>letitia.dacosta@horus.immo<\/strong><\/p>","protected":false},"excerpt":{"rendered":"<p>HORUS Immobilier vous propose \u00e0 la vente en exclusivit\u00e9 cet appartement de 4 chambres faisant +\/-109m\u00b2, situ\u00e9 au rez-de-chauss\u00e9e dans une maison bi-familiale de 1995 \u00e0 Kehlen. L&#8217;appartement se compose comme suit :&#8211; Un hall d&#8217;entr\u00e9e (+\/-14m\u00b2)&#8211; Une cuisine \u00e9quip\u00e9e ouverte sur le salon \/ salle \u00e0 manger (+\/-30m\u00b2) avec acc\u00e8s \u00e0 la terrasse et [&hellip;]<\/p>\n","protected":false},"author":4,"featured_media":32024,"parent":0,"menu_order":0,"template":"","property_type":[93],"property_status":[31],"property_feature":[175,160,177,111,112,144,124,174,129,135,109,119,98,107,102],"property_label":[],"property_country":[82],"property_state":[],"property_city":[293],"property_area":[],"class_list":["post-32020","property","type-property","status-publish","has-post-thumbnail","hentry","property_type-appartement","property_status-a-vendre","property_feature-adsl","property_feature-animaux-acceptes","property_feature-beton","property_feature-buanderie","property_feature-cave","property_feature-double-vitrage","property_feature-parking-exterieur","property_feature-fibre","property_feature-garage","property_feature-chauffage-gaz","property_feature-jardin","property_feature-nord-ouest","property_feature-radiateurs","property_feature-terrasse","property_feature-volets-electriques","property_country-luxembourg","property_city-kehlen"],"property_meta":{"_edit_lock":["1773329357:4"],"_edit_last":["4"],"fave_show_price_placeholder":["0"],"fave_property_map":["1"],"fave_property_location":["49.6704486,6.0354091,15"],"houzez_geolocation_lat":["49.6704486"],"houzez_geolocation_long":["6.0354091"],"fave_property_map_street_view":["hide"],"fave_featured":["0"],"houzez_featured_listing_date":[""],"fave_loggedintoview":["0"],"fave_agent_display_option":["agent_info"],"fave_prop_homeslider":["no"],"fave_single_top_area":["global"],"fave_single_content_area":["global"],"houzez_manual_expire":["0"],"_houzez_expiration_date_status":["saved"],"_yoast_wpseo_primary_property_type":["93"],"_yoast_wpseo_primary_property_status":["31"],"_yoast_wpseo_primary_property_feature":["109"],"_yoast_wpseo_primary_property_label":[""],"_yoast_wpseo_primary_property_country":["82"],"_yoast_wpseo_primary_property_state":[""],"_yoast_wpseo_primary_property_city":["293"],"_yoast_wpseo_primary_property_area":[""],"_yoast_wpseo_content_score":["90"],"_yoast_wpseo_estimated-reading-time-minutes":["2"],"_yoast_wpseo_title":["\u00c0 VENDRE - %%title%% %%sep%% %%sitename%%"],"fave_property_price":["898000"],"fave_property_size":["109"],"fave_property_size_prefix":["m\u00b2"],"fave_property_land":["5.42"],"fave_property_land_postfix":["ares"],"fave_property_bedrooms":["4"],"fave_property_bathrooms":["2"],"fave_property_garage":["2"],"fave_property_year":["1995"],"fave_property_id":["0417"],"fave_charges-mensuelles":["370 \u20ac"],"fave_surface-utile":["119 m\u00b2"],"fave_nb-d-c3a9tages":["2"],"fave_energy_class":["F"],"fave_energy_global_index":["F"],"fave_renewable_energy_global_index":["G"],"fave_agents":["26377"],"fave_property_map_address":["Kehlen, Luxembourg"],"_thumbnail_id":["32024"],"houzez_total_property_views":["3142"],"houzez_views_by_date":["a:61:{s:10:\"02-23-2026\";i:9;s:10:\"02-25-2026\";i:4;s:10:\"02-26-2026\";i:4;s:10:\"02-27-2026\";i:4;s:10:\"02-28-2026\";i:7;s:10:\"03-01-2026\";i:8;s:10:\"03-02-2026\";i:9;s:10:\"03-03-2026\";i:3;s:10:\"03-04-2026\";i:9;s:10:\"03-05-2026\";i:4;s:10:\"03-06-2026\";i:4;s:10:\"03-07-2026\";i:2;s:10:\"03-10-2026\";i:1;s:10:\"03-11-2026\";i:11;s:10:\"03-12-2026\";i:12;s:10:\"03-13-2026\";i:7;s:10:\"03-16-2026\";i:2;s:10:\"03-17-2026\";i:12;s:10:\"03-18-2026\";i:1;s:10:\"03-19-2026\";i:38;s:10:\"03-20-2026\";i:20;s:10:\"03-21-2026\";i:11;s:10:\"03-22-2026\";i:8;s:10:\"03-23-2026\";i:11;s:10:\"03-24-2026\";i:12;s:10:\"03-25-2026\";i:1;s:10:\"03-26-2026\";i:17;s:10:\"03-27-2026\";i:7;s:10:\"03-28-2026\";i:5;s:10:\"03-29-2026\";i:1;s:10:\"03-30-2026\";i:8;s:10:\"03-31-2026\";i:6;s:10:\"04-01-2026\";i:6;s:10:\"04-02-2026\";i:13;s:10:\"04-03-2026\";i:4;s:10:\"04-04-2026\";i:7;s:10:\"04-05-2026\";i:4;s:10:\"04-06-2026\";i:4;s:10:\"04-07-2026\";i:14;s:10:\"04-08-2026\";i:5;s:10:\"04-09-2026\";i:4;s:10:\"04-10-2026\";i:10;s:10:\"04-11-2026\";i:4;s:10:\"04-12-2026\";i:4;s:10:\"04-13-2026\";i:1;s:10:\"04-14-2026\";i:9;s:10:\"04-15-2026\";i:13;s:10:\"04-16-2026\";i:10;s:10:\"04-17-2026\";i:6;s:10:\"04-18-2026\";i:5;s:10:\"04-19-2026\";i:2;s:10:\"04-20-2026\";i:13;s:10:\"04-21-2026\";i:4;s:10:\"04-22-2026\";i:5;s:10:\"04-23-2026\";i:2;s:10:\"04-24-2026\";i:2;s:10:\"04-25-2026\";i:3;s:10:\"04-26-2026\";i:4;s:10:\"04-27-2026\";i:2;s:10:\"04-28-2026\";i:7;s:10:\"04-29-2026\";i:3;}"],"houzez_recently_viewed":["2026-04-29 09:03:37"],"fave_disponibilitc3a9":["Imm\u00e9diate"],"fave_property_images":["32024","32025","32026","32027","32028","32029","32030","32031","32032","32033","32034","32035","32036","32037","32038","32039","32040","32041","32042","32043","32044","32045","32046","32047","32048"],"_elementor_page_assets":["a:0:{}"]},"yoast_head":"<!-- This site is optimized with the Yoast SEO plugin v27.1.1 - https:\/\/yoast.com\/product\/yoast-seo-wordpress\/ -->\n<title>\u00c0 VENDRE - Appartement 4 chambres \u00e0 Kehlen #0417 | HORUS Immobilier | L&#039;agence des vid\u00e9os de pr\u00e9sentation \ud83c\udfa5\ud83c\udfac<\/title>\n<meta name=\"description\" content=\"HORUS Immobilier vous propose \u00e0 la vente en exclusivit\u00e9 cet appartement de 4 chambres faisant +\/-109m\u00b2, situ\u00e9 au rez-de-chauss\u00e9e dans une maison\" \/>\n<meta name=\"robots\" content=\"index, follow, max-snippet:-1, max-image-preview:large, max-video-preview:-1\" \/>\n<link rel=\"canonical\" href=\"https:\/\/horus.immo\/pt\/biens\/a-vendre-appartement-4-chambres-kehlen-0417\/\" \/>\n<meta property=\"og:locale\" content=\"pt_PT\" \/>\n<meta property=\"og:type\" content=\"article\" \/>\n<meta property=\"og:title\" content=\"\u00c0 VENDRE - Appartement 4 chambres \u00e0 Kehlen #0417 | HORUS Immobilier | L&#039;agence des vid\u00e9os de pr\u00e9sentation \ud83c\udfa5\ud83c\udfac\" \/>\n<meta property=\"og:description\" content=\"HORUS Immobilier vous propose \u00e0 la vente en exclusivit\u00e9 cet appartement de 4 chambres faisant +\/-109m\u00b2, situ\u00e9 au rez-de-chauss\u00e9e dans une maison\" \/>\n<meta property=\"og:url\" content=\"https:\/\/horus.immo\/pt\/biens\/a-vendre-appartement-4-chambres-kehlen-0417\/\" \/>\n<meta property=\"og:site_name\" content=\"HORUS Immobilier | L&#039;agence des vid\u00e9os de pr\u00e9sentation \ud83c\udfa5\ud83c\udfac\" \/>\n<meta property=\"article:publisher\" content=\"https:\/\/www.facebook.com\/immohorus\" \/>\n<meta property=\"article:modified_time\" content=\"2026-03-12T15:02:29+00:00\" \/>\n<meta property=\"og:image\" content=\"https:\/\/horus.immo\/wp-content\/uploads\/2026\/02\/0417-A-VENDRE-Appartement-4-Chambres-Kehlen-1.webp\" \/>\n\t<meta property=\"og:image:width\" content=\"1920\" \/>\n\t<meta property=\"og:image:height\" content=\"1280\" \/>\n\t<meta property=\"og:image:type\" content=\"image\/webp\" \/>\n<meta name=\"twitter:card\" content=\"summary_large_image\" \/>\n<meta name=\"twitter:site\" content=\"@HorusImmobilier\" \/>\n<meta name=\"twitter:label1\" content=\"Tempo estimado de leitura\" \/>\n\t<meta name=\"twitter:data1\" content=\"2 minutos\" \/>\n<script type=\"application\/ld+json\" class=\"yoast-schema-graph\">{\"@context\":\"https:\/\/schema.org\",\"@graph\":[{\"@type\":\"WebPage\",\"@id\":\"https:\/\/horus.immo\/biens\/a-vendre-appartement-4-chambres-kehlen-0417\/\",\"url\":\"https:\/\/horus.immo\/biens\/a-vendre-appartement-4-chambres-kehlen-0417\/\",\"name\":\"\u00c0 VENDRE - Appartement 4 chambres \u00e0 Kehlen #0417 | HORUS Immobilier | L&#039;agence des vid\u00e9os de pr\u00e9sentation \ud83c\udfa5\ud83c\udfac\",\"isPartOf\":{\"@id\":\"https:\/\/horus.immo\/#website\"},\"primaryImageOfPage\":{\"@id\":\"https:\/\/horus.immo\/biens\/a-vendre-appartement-4-chambres-kehlen-0417\/#primaryimage\"},\"image\":{\"@id\":\"https:\/\/horus.immo\/biens\/a-vendre-appartement-4-chambres-kehlen-0417\/#primaryimage\"},\"thumbnailUrl\":\"https:\/\/horus.immo\/wp-content\/uploads\/2026\/02\/0417-A-VENDRE-Appartement-4-Chambres-Kehlen-1.webp\",\"datePublished\":\"2026-02-06T00:06:06+00:00\",\"dateModified\":\"2026-03-12T15:02:29+00:00\",\"description\":\"HORUS Immobilier vous propose \u00e0 la vente en exclusivit\u00e9 cet appartement de 4 chambres faisant +\/-109m\u00b2, situ\u00e9 au rez-de-chauss\u00e9e dans une maison\",\"breadcrumb\":{\"@id\":\"https:\/\/horus.immo\/biens\/a-vendre-appartement-4-chambres-kehlen-0417\/#breadcrumb\"},\"inLanguage\":\"pt-PT\",\"potentialAction\":[{\"@type\":\"ReadAction\",\"target\":[\"https:\/\/horus.immo\/biens\/a-vendre-appartement-4-chambres-kehlen-0417\/\"]}]},{\"@type\":\"ImageObject\",\"inLanguage\":\"pt-PT\",\"@id\":\"https:\/\/horus.immo\/biens\/a-vendre-appartement-4-chambres-kehlen-0417\/#primaryimage\",\"url\":\"https:\/\/horus.immo\/wp-content\/uploads\/2026\/02\/0417-A-VENDRE-Appartement-4-Chambres-Kehlen-1.webp\",\"contentUrl\":\"https:\/\/horus.immo\/wp-content\/uploads\/2026\/02\/0417-A-VENDRE-Appartement-4-Chambres-Kehlen-1.webp\",\"width\":1920,\"height\":1280},{\"@type\":\"BreadcrumbList\",\"@id\":\"https:\/\/horus.immo\/biens\/a-vendre-appartement-4-chambres-kehlen-0417\/#breadcrumb\",\"itemListElement\":[{\"@type\":\"ListItem\",\"position\":1,\"name\":\"Accueil\",\"item\":\"https:\/\/horus.immo\/\"},{\"@type\":\"ListItem\",\"position\":2,\"name\":\"Propri\u00e9t\u00e9s\",\"item\":\"https:\/\/horus.immo\/biens\/\"},{\"@type\":\"ListItem\",\"position\":3,\"name\":\"Appartement 4 chambres \u00e0 Kehlen #0417\"}]},{\"@type\":\"WebSite\",\"@id\":\"https:\/\/horus.immo\/#website\",\"url\":\"https:\/\/horus.immo\/\",\"name\":\"HORUS Immobilier | L&#039;agence des vid\u00e9os de pr\u00e9sentation \ud83c\udfa5\ud83c\udfac\",\"description\":\"Sp\u00e9cialis\u00e9e dans la vente de maisons \ud83c\udfe0 et appartements \ud83c\udfe2\",\"publisher\":{\"@id\":\"https:\/\/horus.immo\/#organization\"},\"potentialAction\":[{\"@type\":\"SearchAction\",\"target\":{\"@type\":\"EntryPoint\",\"urlTemplate\":\"https:\/\/horus.immo\/?s={search_term_string}\"},\"query-input\":{\"@type\":\"PropertyValueSpecification\",\"valueRequired\":true,\"valueName\":\"search_term_string\"}}],\"inLanguage\":\"pt-PT\"},{\"@type\":\"Organization\",\"@id\":\"https:\/\/horus.immo\/#organization\",\"name\":\"HORUS Immobilier\",\"url\":\"https:\/\/horus.immo\/\",\"logo\":{\"@type\":\"ImageObject\",\"inLanguage\":\"pt-PT\",\"@id\":\"https:\/\/horus.immo\/#\/schema\/logo\/image\/\",\"url\":\"https:\/\/horus.immo\/wp-content\/uploads\/2022\/06\/HORUS-IMMOBILIERE-LOGO-200x200px.jpg\",\"contentUrl\":\"https:\/\/horus.immo\/wp-content\/uploads\/2022\/06\/HORUS-IMMOBILIERE-LOGO-200x200px.jpg\",\"width\":200,\"height\":200,\"caption\":\"HORUS Immobilier\"},\"image\":{\"@id\":\"https:\/\/horus.immo\/#\/schema\/logo\/image\/\"},\"sameAs\":[\"https:\/\/www.facebook.com\/immohorus\",\"https:\/\/x.com\/HorusImmobilier\",\"https:\/\/www.instagram.com\/horusimmobilier\/\",\"https:\/\/www.linkedin.com\/company\/horus-immobilier-luxembourg\/\",\"https:\/\/www.youtube.com\/channel\/UCj9DxyuvBSmyxBS8ISZ0mWQ\",\"https:\/\/www.tiktok.com\/@horus_immobilier\"]}]}<\/script>\n<!-- \/ Yoast SEO plugin. -->","yoast_head_json":{"title":"\u00c0 VENDRE - Appartement 4 chambres \u00e0 Kehlen #0417 | HORUS Immobilier | L&#039;agence des vid\u00e9os de pr\u00e9sentation \ud83c\udfa5\ud83c\udfac","description":"HORUS Immobilier vous propose \u00e0 la vente en exclusivit\u00e9 cet appartement de 4 chambres faisant +\/-109m\u00b2, situ\u00e9 au rez-de-chauss\u00e9e dans une maison","robots":{"index":"index","follow":"follow","max-snippet":"max-snippet:-1","max-image-preview":"max-image-preview:large","max-video-preview":"max-video-preview:-1"},"canonical":"https:\/\/horus.immo\/pt\/biens\/a-vendre-appartement-4-chambres-kehlen-0417\/","og_locale":"pt_PT","og_type":"article","og_title":"\u00c0 VENDRE - Appartement 4 chambres \u00e0 Kehlen #0417 | HORUS Immobilier | L&#039;agence des vid\u00e9os de pr\u00e9sentation \ud83c\udfa5\ud83c\udfac","og_description":"HORUS Immobilier vous propose \u00e0 la vente en exclusivit\u00e9 cet appartement de 4 chambres faisant +\/-109m\u00b2, situ\u00e9 au rez-de-chauss\u00e9e dans une maison","og_url":"https:\/\/horus.immo\/pt\/biens\/a-vendre-appartement-4-chambres-kehlen-0417\/","og_site_name":"HORUS Immobilier | L&#039;agence des vid\u00e9os de pr\u00e9sentation \ud83c\udfa5\ud83c\udfac","article_publisher":"https:\/\/www.facebook.com\/immohorus","article_modified_time":"2026-03-12T15:02:29+00:00","og_image":[{"width":1920,"height":1280,"url":"https:\/\/horus.immo\/wp-content\/uploads\/2026\/02\/0417-A-VENDRE-Appartement-4-Chambres-Kehlen-1.webp","type":"image\/webp"}],"twitter_card":"summary_large_image","twitter_site":"@HorusImmobilier","twitter_misc":{"Tempo estimado de leitura":"2 minutos"},"schema":{"@context":"https:\/\/schema.org","@graph":[{"@type":"WebPage","@id":"https:\/\/horus.immo\/biens\/a-vendre-appartement-4-chambres-kehlen-0417\/","url":"https:\/\/horus.immo\/biens\/a-vendre-appartement-4-chambres-kehlen-0417\/","name":"\u00c0 VENDRE - Appartement 4 chambres \u00e0 Kehlen #0417 | HORUS Immobilier | L&#039;agence des vid\u00e9os de pr\u00e9sentation \ud83c\udfa5\ud83c\udfac","isPartOf":{"@id":"https:\/\/horus.immo\/#website"},"primaryImageOfPage":{"@id":"https:\/\/horus.immo\/biens\/a-vendre-appartement-4-chambres-kehlen-0417\/#primaryimage"},"image":{"@id":"https:\/\/horus.immo\/biens\/a-vendre-appartement-4-chambres-kehlen-0417\/#primaryimage"},"thumbnailUrl":"https:\/\/horus.immo\/wp-content\/uploads\/2026\/02\/0417-A-VENDRE-Appartement-4-Chambres-Kehlen-1.webp","datePublished":"2026-02-06T00:06:06+00:00","dateModified":"2026-03-12T15:02:29+00:00","description":"HORUS Immobilier vous propose \u00e0 la vente en exclusivit\u00e9 cet appartement de 4 chambres faisant +\/-109m\u00b2, situ\u00e9 au rez-de-chauss\u00e9e dans une maison","breadcrumb":{"@id":"https:\/\/horus.immo\/biens\/a-vendre-appartement-4-chambres-kehlen-0417\/#breadcrumb"},"inLanguage":"pt-PT","potentialAction":[{"@type":"ReadAction","target":["https:\/\/horus.immo\/biens\/a-vendre-appartement-4-chambres-kehlen-0417\/"]}]},{"@type":"ImageObject","inLanguage":"pt-PT","@id":"https:\/\/horus.immo\/biens\/a-vendre-appartement-4-chambres-kehlen-0417\/#primaryimage","url":"https:\/\/horus.immo\/wp-content\/uploads\/2026\/02\/0417-A-VENDRE-Appartement-4-Chambres-Kehlen-1.webp","contentUrl":"https:\/\/horus.immo\/wp-content\/uploads\/2026\/02\/0417-A-VENDRE-Appartement-4-Chambres-Kehlen-1.webp","width":1920,"height":1280},{"@type":"BreadcrumbList","@id":"https:\/\/horus.immo\/biens\/a-vendre-appartement-4-chambres-kehlen-0417\/#breadcrumb","itemListElement":[{"@type":"ListItem","position":1,"name":"Accueil","item":"https:\/\/horus.immo\/"},{"@type":"ListItem","position":2,"name":"Propri\u00e9t\u00e9s","item":"https:\/\/horus.immo\/biens\/"},{"@type":"ListItem","position":3,"name":"Appartement 4 chambres \u00e0 Kehlen #0417"}]},{"@type":"WebSite","@id":"https:\/\/horus.immo\/#website","url":"https:\/\/horus.immo\/","name":"HORUS Immobilier | L&#039;agence des vid\u00e9os de pr\u00e9sentation \ud83c\udfa5\ud83c\udfac","description":"Sp\u00e9cialis\u00e9e dans la vente de maisons \ud83c\udfe0 et appartements \ud83c\udfe2","publisher":{"@id":"https:\/\/horus.immo\/#organization"},"potentialAction":[{"@type":"SearchAction","target":{"@type":"EntryPoint","urlTemplate":"https:\/\/horus.immo\/?s={search_term_string}"},"query-input":{"@type":"PropertyValueSpecification","valueRequired":true,"valueName":"search_term_string"}}],"inLanguage":"pt-PT"},{"@type":"Organization","@id":"https:\/\/horus.immo\/#organization","name":"HORUS Immobilier","url":"https:\/\/horus.immo\/","logo":{"@type":"ImageObject","inLanguage":"pt-PT","@id":"https:\/\/horus.immo\/#\/schema\/logo\/image\/","url":"https:\/\/horus.immo\/wp-content\/uploads\/2022\/06\/HORUS-IMMOBILIERE-LOGO-200x200px.jpg","contentUrl":"https:\/\/horus.immo\/wp-content\/uploads\/2022\/06\/HORUS-IMMOBILIERE-LOGO-200x200px.jpg","width":200,"height":200,"caption":"HORUS Immobilier"},"image":{"@id":"https:\/\/horus.immo\/#\/schema\/logo\/image\/"},"sameAs":["https:\/\/www.facebook.com\/immohorus","https:\/\/x.com\/HorusImmobilier","https:\/\/www.instagram.com\/horusimmobilier\/","https:\/\/www.linkedin.com\/company\/horus-immobilier-luxembourg\/","https:\/\/www.youtube.com\/channel\/UCj9DxyuvBSmyxBS8ISZ0mWQ","https:\/\/www.tiktok.com\/@horus_immobilier"]}]}},"_links":{"self":[{"href":"https:\/\/horus.immo\/pt\/wp-json\/wp\/v2\/properties\/32020","targetHints":{"allow":["GET"]}}],"collection":[{"href":"https:\/\/horus.immo\/pt\/wp-json\/wp\/v2\/properties"}],"about":[{"href":"https:\/\/horus.immo\/pt\/wp-json\/wp\/v2\/types\/property"}],"author":[{"embeddable":true,"href":"https:\/\/horus.immo\/pt\/wp-json\/wp\/v2\/users\/4"}],"version-history":[{"count":6,"href":"https:\/\/horus.immo\/pt\/wp-json\/wp\/v2\/properties\/32020\/revisions"}],"predecessor-version":[{"id":32257,"href":"https:\/\/horus.immo\/pt\/wp-json\/wp\/v2\/properties\/32020\/revisions\/32257"}],"wp:featuredmedia":[{"embeddable":true,"href":"https:\/\/horus.immo\/pt\/wp-json\/wp\/v2\/media\/32024"}],"wp:attachment":[{"href":"https:\/\/horus.immo\/pt\/wp-json\/wp\/v2\/media?parent=32020"}],"wp:term":[{"taxonomy":"property_type","embeddable":true,"href":"https:\/\/horus.immo\/pt\/wp-json\/wp\/v2\/property_type?post=32020"},{"taxonomy":"property_status","embeddable":true,"href":"https:\/\/horus.immo\/pt\/wp-json\/wp\/v2\/property_status?post=32020"},{"taxonomy":"property_feature","embeddable":true,"href":"https:\/\/horus.immo\/pt\/wp-json\/wp\/v2\/property_feature?post=32020"},{"taxonomy":"property_label","embeddable":true,"href":"https:\/\/horus.immo\/pt\/wp-json\/wp\/v2\/property_label?post=32020"},{"taxonomy":"property_country","embeddable":true,"href":"https:\/\/horus.immo\/pt\/wp-json\/wp\/v2\/property_country?post=32020"},{"taxonomy":"property_state","embeddable":true,"href":"https:\/\/horus.immo\/pt\/wp-json\/wp\/v2\/property_state?post=32020"},{"taxonomy":"property_city","embeddable":true,"href":"https:\/\/horus.immo\/pt\/wp-json\/wp\/v2\/property_city?post=32020"},{"taxonomy":"property_area","embeddable":true,"href":"https:\/\/horus.immo\/pt\/wp-json\/wp\/v2\/property_area?post=32020"}],"curies":[{"name":"wp","href":"https:\/\/api.w.org\/{rel}","templated":true}]}}