{"id":32449,"date":"2026-03-31T17:47:55","date_gmt":"2026-03-31T15:47:55","guid":{"rendered":"https:\/\/horus.immo\/?post_type=property&#038;p=32449"},"modified":"2026-04-03T11:34:12","modified_gmt":"2026-04-03T09:34:12","slug":"a-vendre-appartement-1-chambre-winseler-wiltz-0440","status":"publish","type":"property","link":"https:\/\/horus.immo\/pt\/biens\/a-vendre-appartement-1-chambre-winseler-wiltz-0440\/","title":{"rendered":"Appartement 1 chambre \u00e0 Winseler #0440"},"content":{"rendered":"<p>HORUS Immobilier, vous propose \u00e0 la vente en exclusivit\u00e9 cet appartement de 1 chambre faisant +\/-65m\u00b2, situ\u00e9 au 2e \u00e9tage d&#8217;une r\u00e9sidence de 11 unit\u00e9s de 2005 \u00e0 Winseler, canton de Wiltz.<\/p>\n\n\n\n<p>L&#8217;appartement se compose comme suit :<br>&#8211; Un hall d\u2019entr\u00e9e (+\/-4m\u00b2)<br>&#8211; Une cuisine \u00e9quip\u00e9e ouverte sur le salon et la salle \u00e0 manger (+\/-33m\u00b2)<br>&#8211; Une chambre \u00e0 coucher (+\/-14m\u00b2)<br>&#8211; Une salle de douche avec WC<br>\u2013 Um WC de servi\u00e7o<br>&#8211; Un d\u00e9barras avec coin buanderie (+\/-6m\u00b2)<\/p>\n\n\n\n<p>Completa esta propriedade :<br>\u2013 Um lugar de estacionamento exterior<br>&#8211; Une cave privative (+\/-3m\u00b2)<br>&#8211; Un grenier non am\u00e9nag\u00e9 avec coin de rangement (+\/-42m\u00b2)<\/p>\n\n\n\n<p>Para qualquer informa\u00e7\u00e3o adicional, por favor contacte:<br>M. <strong>Marco MORAIS<\/strong><br><img decoding=\"async\" height=\"16\" width=\"16\" src=\"https:\/\/static.xx.fbcdn.net\/images\/emoji.php\/v9\/tf6\/2\/16\/1f4f1.png\" alt=\"\ud83d\udcf1\">(+352) <strong>691 848 555<\/strong><br><img decoding=\"async\" height=\"16\" width=\"16\" src=\"https:\/\/static.xx.fbcdn.net\/images\/emoji.php\/v9\/t5d\/2\/16\/1f4e7.png\" alt=\"\ud83d\udce7\"> <strong>marco.morais@horus.immo<\/strong><\/p>","protected":false},"excerpt":{"rendered":"<p>HORUS Immobilier, vous propose \u00e0 la vente en exclusivit\u00e9 cet appartement de 1 chambre faisant +\/-65m\u00b2, situ\u00e9 au 2e \u00e9tage d&#8217;une r\u00e9sidence de 11 unit\u00e9s de 2005 \u00e0 Winseler, canton de Wiltz. L&#8217;appartement se compose comme suit :&#8211; Un hall d\u2019entr\u00e9e (+\/-4m\u00b2)&#8211; Une cuisine \u00e9quip\u00e9e ouverte sur le salon et la salle \u00e0 manger (+\/-33m\u00b2)&#8211; [&hellip;]<\/p>\n","protected":false},"author":4,"featured_media":32452,"parent":0,"menu_order":0,"template":"","property_type":[93],"property_status":[31],"property_feature":[160,163,177,111,112,144,124,174,135,157,119,169,98,162],"property_label":[],"property_country":[82],"property_state":[],"property_city":[308],"property_area":[],"class_list":["post-32449","property","type-property","status-publish","has-post-thumbnail","hentry","property_type-appartement","property_status-a-vendre","property_feature-animaux-acceptes","property_feature-ascenseur","property_feature-beton","property_feature-buanderie","property_feature-cave","property_feature-double-vitrage","property_feature-parking-exterieur","property_feature-fibre","property_feature-chauffage-gaz","property_feature-grenier","property_feature-nord-ouest","property_feature-parlophone","property_feature-radiateurs","property_feature-volets-roulants","property_country-luxembourg","property_city-winseler"],"property_meta":{"_edit_lock":["1775920940:4"],"_edit_last":["4"],"fave_show_price_placeholder":["0"],"fave_property_map":["1"],"fave_property_location":["49.9670089,5.891099,15"],"houzez_geolocation_lat":["49.9670089"],"houzez_geolocation_long":["5.891099"],"fave_property_map_street_view":["hide"],"fave_featured":["0"],"houzez_featured_listing_date":[""],"fave_loggedintoview":["0"],"fave_agent_display_option":["agent_info"],"fave_prop_homeslider":["no"],"fave_single_top_area":["global"],"fave_single_content_area":["global"],"houzez_manual_expire":["0"],"_houzez_expiration_date_status":["saved"],"_yoast_wpseo_primary_property_type":["93"],"_yoast_wpseo_primary_property_status":["31"],"_yoast_wpseo_primary_property_feature":["135"],"_yoast_wpseo_primary_property_label":[""],"_yoast_wpseo_primary_property_country":["82"],"_yoast_wpseo_primary_property_state":[""],"_yoast_wpseo_primary_property_city":["308"],"_yoast_wpseo_primary_property_area":[""],"_yoast_wpseo_content_score":["90"],"_yoast_wpseo_estimated-reading-time-minutes":["2"],"fave_property_price":["395000"],"fave_property_size":["65"],"fave_property_size_prefix":["m\u00b2"],"fave_property_land":["20.80"],"fave_property_land_postfix":["ares"],"fave_property_bedrooms":["1"],"fave_property_bathrooms":["1"],"fave_property_garage":["1"],"fave_property_year":["2005"],"fave_property_id":["0440"],"fave_charges-mensuelles":["350 \u20ac"],"fave_c3a9tage":["2"],"fave_nb-d-c3a9tages":["4"],"_yoast_wpseo_title":["\u00c0 VENDRE - %%title%% %%sep%% %%sitename%%"],"fave_property_map_address":["Winseler, Luxembourg"],"fave_agents":["18303"],"fave_energy_class":["E"],"fave_energy_global_index":["E"],"fave_renewable_energy_global_index":["E"],"_thumbnail_id":["32452"],"houzez_total_property_views":["2699"],"houzez_views_by_date":["a:28:{s:10:\"03-31-2026\";i:9;s:10:\"04-01-2026\";i:3;s:10:\"04-02-2026\";i:3;s:10:\"04-03-2026\";i:14;s:10:\"04-04-2026\";i:1;s:10:\"04-06-2026\";i:1;s:10:\"04-07-2026\";i:7;s:10:\"04-08-2026\";i:21;s:10:\"04-09-2026\";i:5;s:10:\"04-10-2026\";i:4;s:10:\"04-11-2026\";i:623;s:10:\"04-12-2026\";i:505;s:10:\"04-13-2026\";i:343;s:10:\"04-14-2026\";i:286;s:10:\"04-15-2026\";i:206;s:10:\"04-16-2026\";i:144;s:10:\"04-17-2026\";i:127;s:10:\"04-18-2026\";i:149;s:10:\"04-19-2026\";i:106;s:10:\"04-20-2026\";i:143;s:10:\"04-21-2026\";i:35;s:10:\"04-22-2026\";i:17;s:10:\"04-23-2026\";i:7;s:10:\"04-24-2026\";i:5;s:10:\"04-25-2026\";i:2;s:10:\"04-27-2026\";i:5;s:10:\"04-28-2026\";i:1;s:10:\"04-29-2026\";i:3;}"],"houzez_recently_viewed":["2026-04-29 08:49:27"],"fave_disponibilitc3a9":["Imm\u00e9diate"],"fave_property_images":["32452","32453","32454","32455","32456","32457","32458","32459","32460","32461","32462","32463","32464","32465","32466","32467","32468","32469","32470","32471","32472","32473","32474","32475","32476","32477","32478","32479"],"fave_video_url":["https:\/\/www.youtube.com\/watch?v=yDQ-OQMCVeg"],"_elementor_page_assets":["a:0:{}"]},"yoast_head":"<!-- This site is optimized with the Yoast SEO plugin v27.1.1 - https:\/\/yoast.com\/product\/yoast-seo-wordpress\/ -->\n<title>\u00c0 VENDRE - Appartement 1 chambre \u00e0 Winseler #0440 | HORUS Immobilier | L&#039;agence des vid\u00e9os de pr\u00e9sentation \ud83c\udfa5\ud83c\udfac<\/title>\n<meta name=\"description\" content=\"HORUS Immobilier, vous propose \u00e0 la vente en exclusivit\u00e9 cet appartement de 1 chambre faisant +\/-65m\u00b2, situ\u00e9 au 2e \u00e9tage d&#039;une r\u00e9sidence de 11 unit\u00e9s de\" \/>\n<meta name=\"robots\" content=\"index, follow, max-snippet:-1, max-image-preview:large, max-video-preview:-1\" \/>\n<link rel=\"canonical\" href=\"https:\/\/horus.immo\/pt\/biens\/a-vendre-appartement-1-chambre-winseler-wiltz-0440\/\" \/>\n<meta property=\"og:locale\" content=\"pt_PT\" \/>\n<meta property=\"og:type\" content=\"article\" \/>\n<meta property=\"og:title\" content=\"\u00c0 VENDRE - Appartement 1 chambre \u00e0 Winseler #0440 | HORUS Immobilier | L&#039;agence des vid\u00e9os de pr\u00e9sentation \ud83c\udfa5\ud83c\udfac\" \/>\n<meta property=\"og:description\" content=\"HORUS Immobilier, vous propose \u00e0 la vente en exclusivit\u00e9 cet appartement de 1 chambre faisant +\/-65m\u00b2, situ\u00e9 au 2e \u00e9tage d&#039;une r\u00e9sidence de 11 unit\u00e9s de\" \/>\n<meta property=\"og:url\" content=\"https:\/\/horus.immo\/pt\/biens\/a-vendre-appartement-1-chambre-winseler-wiltz-0440\/\" \/>\n<meta property=\"og:site_name\" content=\"HORUS Immobilier | L&#039;agence des vid\u00e9os de pr\u00e9sentation \ud83c\udfa5\ud83c\udfac\" \/>\n<meta property=\"article:publisher\" content=\"https:\/\/www.facebook.com\/immohorus\" \/>\n<meta property=\"article:modified_time\" content=\"2026-04-03T09:34:12+00:00\" \/>\n<meta property=\"og:image\" content=\"https:\/\/horus.immo\/wp-content\/uploads\/2026\/03\/0440-A-VENDRE-Appartement-1-Chambre-Winseler-Wiltz-1.webp\" \/>\n\t<meta property=\"og:image:width\" content=\"1920\" \/>\n\t<meta property=\"og:image:height\" content=\"1280\" \/>\n\t<meta property=\"og:image:type\" content=\"image\/webp\" \/>\n<meta name=\"twitter:card\" content=\"summary_large_image\" \/>\n<meta name=\"twitter:site\" content=\"@HorusImmobilier\" \/>\n<meta name=\"twitter:label1\" content=\"Tempo estimado de leitura\" \/>\n\t<meta name=\"twitter:data1\" content=\"2 minutos\" \/>\n<script type=\"application\/ld+json\" class=\"yoast-schema-graph\">{\"@context\":\"https:\/\/schema.org\",\"@graph\":[{\"@type\":\"WebPage\",\"@id\":\"https:\/\/horus.immo\/biens\/a-vendre-appartement-1-chambre-winseler-wiltz-0440\/\",\"url\":\"https:\/\/horus.immo\/biens\/a-vendre-appartement-1-chambre-winseler-wiltz-0440\/\",\"name\":\"\u00c0 VENDRE - Appartement 1 chambre \u00e0 Winseler #0440 | HORUS Immobilier | L&#039;agence des vid\u00e9os de pr\u00e9sentation \ud83c\udfa5\ud83c\udfac\",\"isPartOf\":{\"@id\":\"https:\/\/horus.immo\/#website\"},\"primaryImageOfPage\":{\"@id\":\"https:\/\/horus.immo\/biens\/a-vendre-appartement-1-chambre-winseler-wiltz-0440\/#primaryimage\"},\"image\":{\"@id\":\"https:\/\/horus.immo\/biens\/a-vendre-appartement-1-chambre-winseler-wiltz-0440\/#primaryimage\"},\"thumbnailUrl\":\"https:\/\/horus.immo\/wp-content\/uploads\/2026\/03\/0440-A-VENDRE-Appartement-1-Chambre-Winseler-Wiltz-1.webp\",\"datePublished\":\"2026-03-31T15:47:55+00:00\",\"dateModified\":\"2026-04-03T09:34:12+00:00\",\"description\":\"HORUS Immobilier, vous propose \u00e0 la vente en exclusivit\u00e9 cet appartement de 1 chambre faisant +\/-65m\u00b2, situ\u00e9 au 2e \u00e9tage d'une r\u00e9sidence de 11 unit\u00e9s de\",\"breadcrumb\":{\"@id\":\"https:\/\/horus.immo\/biens\/a-vendre-appartement-1-chambre-winseler-wiltz-0440\/#breadcrumb\"},\"inLanguage\":\"pt-PT\",\"potentialAction\":[{\"@type\":\"ReadAction\",\"target\":[\"https:\/\/horus.immo\/biens\/a-vendre-appartement-1-chambre-winseler-wiltz-0440\/\"]}]},{\"@type\":\"ImageObject\",\"inLanguage\":\"pt-PT\",\"@id\":\"https:\/\/horus.immo\/biens\/a-vendre-appartement-1-chambre-winseler-wiltz-0440\/#primaryimage\",\"url\":\"https:\/\/horus.immo\/wp-content\/uploads\/2026\/03\/0440-A-VENDRE-Appartement-1-Chambre-Winseler-Wiltz-1.webp\",\"contentUrl\":\"https:\/\/horus.immo\/wp-content\/uploads\/2026\/03\/0440-A-VENDRE-Appartement-1-Chambre-Winseler-Wiltz-1.webp\",\"width\":1920,\"height\":1280},{\"@type\":\"BreadcrumbList\",\"@id\":\"https:\/\/horus.immo\/biens\/a-vendre-appartement-1-chambre-winseler-wiltz-0440\/#breadcrumb\",\"itemListElement\":[{\"@type\":\"ListItem\",\"position\":1,\"name\":\"Accueil\",\"item\":\"https:\/\/horus.immo\/\"},{\"@type\":\"ListItem\",\"position\":2,\"name\":\"Propri\u00e9t\u00e9s\",\"item\":\"https:\/\/horus.immo\/biens\/\"},{\"@type\":\"ListItem\",\"position\":3,\"name\":\"Appartement 1 chambre \u00e0 Winseler #0440\"}]},{\"@type\":\"WebSite\",\"@id\":\"https:\/\/horus.immo\/#website\",\"url\":\"https:\/\/horus.immo\/\",\"name\":\"HORUS Immobilier | L&#039;agence des vid\u00e9os de pr\u00e9sentation \ud83c\udfa5\ud83c\udfac\",\"description\":\"Sp\u00e9cialis\u00e9e dans la vente de maisons \ud83c\udfe0 et appartements \ud83c\udfe2\",\"publisher\":{\"@id\":\"https:\/\/horus.immo\/#organization\"},\"potentialAction\":[{\"@type\":\"SearchAction\",\"target\":{\"@type\":\"EntryPoint\",\"urlTemplate\":\"https:\/\/horus.immo\/?s={search_term_string}\"},\"query-input\":{\"@type\":\"PropertyValueSpecification\",\"valueRequired\":true,\"valueName\":\"search_term_string\"}}],\"inLanguage\":\"pt-PT\"},{\"@type\":\"Organization\",\"@id\":\"https:\/\/horus.immo\/#organization\",\"name\":\"HORUS Immobilier\",\"url\":\"https:\/\/horus.immo\/\",\"logo\":{\"@type\":\"ImageObject\",\"inLanguage\":\"pt-PT\",\"@id\":\"https:\/\/horus.immo\/#\/schema\/logo\/image\/\",\"url\":\"https:\/\/horus.immo\/wp-content\/uploads\/2022\/06\/HORUS-IMMOBILIERE-LOGO-200x200px.jpg\",\"contentUrl\":\"https:\/\/horus.immo\/wp-content\/uploads\/2022\/06\/HORUS-IMMOBILIERE-LOGO-200x200px.jpg\",\"width\":200,\"height\":200,\"caption\":\"HORUS Immobilier\"},\"image\":{\"@id\":\"https:\/\/horus.immo\/#\/schema\/logo\/image\/\"},\"sameAs\":[\"https:\/\/www.facebook.com\/immohorus\",\"https:\/\/x.com\/HorusImmobilier\",\"https:\/\/www.instagram.com\/horusimmobilier\/\",\"https:\/\/www.linkedin.com\/company\/horus-immobilier-luxembourg\/\",\"https:\/\/www.youtube.com\/channel\/UCj9DxyuvBSmyxBS8ISZ0mWQ\",\"https:\/\/www.tiktok.com\/@horus_immobilier\"]}]}<\/script>\n<!-- \/ Yoast SEO plugin. -->","yoast_head_json":{"title":"\u00c0 VENDRE - Appartement 1 chambre \u00e0 Winseler #0440 | HORUS Immobilier | L&#039;agence des vid\u00e9os de pr\u00e9sentation \ud83c\udfa5\ud83c\udfac","description":"HORUS Immobilier, vous propose \u00e0 la vente en exclusivit\u00e9 cet appartement de 1 chambre faisant +\/-65m\u00b2, situ\u00e9 au 2e \u00e9tage d'une r\u00e9sidence de 11 unit\u00e9s de","robots":{"index":"index","follow":"follow","max-snippet":"max-snippet:-1","max-image-preview":"max-image-preview:large","max-video-preview":"max-video-preview:-1"},"canonical":"https:\/\/horus.immo\/pt\/biens\/a-vendre-appartement-1-chambre-winseler-wiltz-0440\/","og_locale":"pt_PT","og_type":"article","og_title":"\u00c0 VENDRE - Appartement 1 chambre \u00e0 Winseler #0440 | HORUS Immobilier | L&#039;agence des vid\u00e9os de pr\u00e9sentation \ud83c\udfa5\ud83c\udfac","og_description":"HORUS Immobilier, vous propose \u00e0 la vente en exclusivit\u00e9 cet appartement de 1 chambre faisant +\/-65m\u00b2, situ\u00e9 au 2e \u00e9tage d'une r\u00e9sidence de 11 unit\u00e9s de","og_url":"https:\/\/horus.immo\/pt\/biens\/a-vendre-appartement-1-chambre-winseler-wiltz-0440\/","og_site_name":"HORUS Immobilier | L&#039;agence des vid\u00e9os de pr\u00e9sentation \ud83c\udfa5\ud83c\udfac","article_publisher":"https:\/\/www.facebook.com\/immohorus","article_modified_time":"2026-04-03T09:34:12+00:00","og_image":[{"width":1920,"height":1280,"url":"https:\/\/horus.immo\/wp-content\/uploads\/2026\/03\/0440-A-VENDRE-Appartement-1-Chambre-Winseler-Wiltz-1.webp","type":"image\/webp"}],"twitter_card":"summary_large_image","twitter_site":"@HorusImmobilier","twitter_misc":{"Tempo estimado de leitura":"2 minutos"},"schema":{"@context":"https:\/\/schema.org","@graph":[{"@type":"WebPage","@id":"https:\/\/horus.immo\/biens\/a-vendre-appartement-1-chambre-winseler-wiltz-0440\/","url":"https:\/\/horus.immo\/biens\/a-vendre-appartement-1-chambre-winseler-wiltz-0440\/","name":"\u00c0 VENDRE - Appartement 1 chambre \u00e0 Winseler #0440 | HORUS Immobilier | L&#039;agence des vid\u00e9os de pr\u00e9sentation \ud83c\udfa5\ud83c\udfac","isPartOf":{"@id":"https:\/\/horus.immo\/#website"},"primaryImageOfPage":{"@id":"https:\/\/horus.immo\/biens\/a-vendre-appartement-1-chambre-winseler-wiltz-0440\/#primaryimage"},"image":{"@id":"https:\/\/horus.immo\/biens\/a-vendre-appartement-1-chambre-winseler-wiltz-0440\/#primaryimage"},"thumbnailUrl":"https:\/\/horus.immo\/wp-content\/uploads\/2026\/03\/0440-A-VENDRE-Appartement-1-Chambre-Winseler-Wiltz-1.webp","datePublished":"2026-03-31T15:47:55+00:00","dateModified":"2026-04-03T09:34:12+00:00","description":"HORUS Immobilier, vous propose \u00e0 la vente en exclusivit\u00e9 cet appartement de 1 chambre faisant +\/-65m\u00b2, situ\u00e9 au 2e \u00e9tage d'une r\u00e9sidence de 11 unit\u00e9s de","breadcrumb":{"@id":"https:\/\/horus.immo\/biens\/a-vendre-appartement-1-chambre-winseler-wiltz-0440\/#breadcrumb"},"inLanguage":"pt-PT","potentialAction":[{"@type":"ReadAction","target":["https:\/\/horus.immo\/biens\/a-vendre-appartement-1-chambre-winseler-wiltz-0440\/"]}]},{"@type":"ImageObject","inLanguage":"pt-PT","@id":"https:\/\/horus.immo\/biens\/a-vendre-appartement-1-chambre-winseler-wiltz-0440\/#primaryimage","url":"https:\/\/horus.immo\/wp-content\/uploads\/2026\/03\/0440-A-VENDRE-Appartement-1-Chambre-Winseler-Wiltz-1.webp","contentUrl":"https:\/\/horus.immo\/wp-content\/uploads\/2026\/03\/0440-A-VENDRE-Appartement-1-Chambre-Winseler-Wiltz-1.webp","width":1920,"height":1280},{"@type":"BreadcrumbList","@id":"https:\/\/horus.immo\/biens\/a-vendre-appartement-1-chambre-winseler-wiltz-0440\/#breadcrumb","itemListElement":[{"@type":"ListItem","position":1,"name":"Accueil","item":"https:\/\/horus.immo\/"},{"@type":"ListItem","position":2,"name":"Propri\u00e9t\u00e9s","item":"https:\/\/horus.immo\/biens\/"},{"@type":"ListItem","position":3,"name":"Appartement 1 chambre \u00e0 Winseler #0440"}]},{"@type":"WebSite","@id":"https:\/\/horus.immo\/#website","url":"https:\/\/horus.immo\/","name":"HORUS Immobilier | L&#039;agence des vid\u00e9os de pr\u00e9sentation \ud83c\udfa5\ud83c\udfac","description":"Sp\u00e9cialis\u00e9e dans la vente de maisons \ud83c\udfe0 et appartements \ud83c\udfe2","publisher":{"@id":"https:\/\/horus.immo\/#organization"},"potentialAction":[{"@type":"SearchAction","target":{"@type":"EntryPoint","urlTemplate":"https:\/\/horus.immo\/?s={search_term_string}"},"query-input":{"@type":"PropertyValueSpecification","valueRequired":true,"valueName":"search_term_string"}}],"inLanguage":"pt-PT"},{"@type":"Organization","@id":"https:\/\/horus.immo\/#organization","name":"HORUS Immobilier","url":"https:\/\/horus.immo\/","logo":{"@type":"ImageObject","inLanguage":"pt-PT","@id":"https:\/\/horus.immo\/#\/schema\/logo\/image\/","url":"https:\/\/horus.immo\/wp-content\/uploads\/2022\/06\/HORUS-IMMOBILIERE-LOGO-200x200px.jpg","contentUrl":"https:\/\/horus.immo\/wp-content\/uploads\/2022\/06\/HORUS-IMMOBILIERE-LOGO-200x200px.jpg","width":200,"height":200,"caption":"HORUS Immobilier"},"image":{"@id":"https:\/\/horus.immo\/#\/schema\/logo\/image\/"},"sameAs":["https:\/\/www.facebook.com\/immohorus","https:\/\/x.com\/HorusImmobilier","https:\/\/www.instagram.com\/horusimmobilier\/","https:\/\/www.linkedin.com\/company\/horus-immobilier-luxembourg\/","https:\/\/www.youtube.com\/channel\/UCj9DxyuvBSmyxBS8ISZ0mWQ","https:\/\/www.tiktok.com\/@horus_immobilier"]}]}},"_links":{"self":[{"href":"https:\/\/horus.immo\/pt\/wp-json\/wp\/v2\/properties\/32449","targetHints":{"allow":["GET"]}}],"collection":[{"href":"https:\/\/horus.immo\/pt\/wp-json\/wp\/v2\/properties"}],"about":[{"href":"https:\/\/horus.immo\/pt\/wp-json\/wp\/v2\/types\/property"}],"author":[{"embeddable":true,"href":"https:\/\/horus.immo\/pt\/wp-json\/wp\/v2\/users\/4"}],"version-history":[{"count":2,"href":"https:\/\/horus.immo\/pt\/wp-json\/wp\/v2\/properties\/32449\/revisions"}],"predecessor-version":[{"id":32451,"href":"https:\/\/horus.immo\/pt\/wp-json\/wp\/v2\/properties\/32449\/revisions\/32451"}],"wp:featuredmedia":[{"embeddable":true,"href":"https:\/\/horus.immo\/pt\/wp-json\/wp\/v2\/media\/32452"}],"wp:attachment":[{"href":"https:\/\/horus.immo\/pt\/wp-json\/wp\/v2\/media?parent=32449"}],"wp:term":[{"taxonomy":"property_type","embeddable":true,"href":"https:\/\/horus.immo\/pt\/wp-json\/wp\/v2\/property_type?post=32449"},{"taxonomy":"property_status","embeddable":true,"href":"https:\/\/horus.immo\/pt\/wp-json\/wp\/v2\/property_status?post=32449"},{"taxonomy":"property_feature","embeddable":true,"href":"https:\/\/horus.immo\/pt\/wp-json\/wp\/v2\/property_feature?post=32449"},{"taxonomy":"property_label","embeddable":true,"href":"https:\/\/horus.immo\/pt\/wp-json\/wp\/v2\/property_label?post=32449"},{"taxonomy":"property_country","embeddable":true,"href":"https:\/\/horus.immo\/pt\/wp-json\/wp\/v2\/property_country?post=32449"},{"taxonomy":"property_state","embeddable":true,"href":"https:\/\/horus.immo\/pt\/wp-json\/wp\/v2\/property_state?post=32449"},{"taxonomy":"property_city","embeddable":true,"href":"https:\/\/horus.immo\/pt\/wp-json\/wp\/v2\/property_city?post=32449"},{"taxonomy":"property_area","embeddable":true,"href":"https:\/\/horus.immo\/pt\/wp-json\/wp\/v2\/property_area?post=32449"}],"curies":[{"name":"wp","href":"https:\/\/api.w.org\/{rel}","templated":true}]}}